{"id":1029,"date":"2022-10-04T15:27:12","date_gmt":"2022-10-04T13:27:12","guid":{"rendered":"https:\/\/uhfp.centre-inffo.fr\/2023\/?page_id=1029"},"modified":"2022-11-22T09:36:57","modified_gmt":"2022-11-22T08:36:57","slug":"inscription","status":"publish","type":"page","link":"https:\/\/uhfp.centre-inffo.fr\/2023\/inscription\/","title":{"rendered":"Inscription"},"content":{"rendered":"\n<hr class=\"wp-block-separator has-alpha-channel-opacity\"\/>\n\n\n\n<h3 class=\"in-page-title wp-block-heading\">Un tarif unique<\/h3>\n\n\n\n<ul>\n<li>Montant HT : <strong>1 560 \u20ac<\/strong><\/li>\n\n\n\n<li>Montant TTC : <strong>1 872 \u20ac<\/strong><br>R\u00e9partition des frais :\n<ul>\n<li><em>Frais p\u00e9dagogiques : 960 \u20ac<\/em><\/li>\n\n\n\n<li><em>Co\u00fbts annexes :&nbsp; 600 \u20ac<\/em><\/li>\n<\/ul>\n<\/li>\n<\/ul>\n\n\n\n<p>Le tarif ci-dessus <strong>ne comprend pas l\u2019h\u00e9bergement<\/strong>. Une fois votre inscription \u00e0 l\u2019UHFP finalis\u00e9e, vous pouvez r\u00e9server votre logement \u00e0 tarif pr\u00e9f\u00e9rentiel sur la plateforme d\u2019h\u00e9bergement, parmi une s\u00e9lection d\u2019h\u00f4tels proches du Palais des Festivals et des Congr\u00e8s.<\/p>\n\n\n\n<h3 class=\"in-page-title wp-block-heading\">Tarif UHFP + RFCO (Rencontres Formation-Comp\u00e9tences des Outremers)<\/h3>\n\n\n\n<p>Rendez-vous sur la plateforme d\u2019inscription, entrez le code \u00ab\u00a0RFCOUHFP\u00a0\u00bb.<\/p>\n\n\n\n<ul>\n<li>Montant HT&nbsp;: <strong>1990 \u20ac<\/strong><\/li>\n\n\n\n<li>Montant TTC&nbsp;: <strong>2388 \u20ac<\/strong><br>R\u00e9partition des frais&nbsp;:\n<ul>\n<li><em>Frais p\u00e9dagogiques&nbsp;: 1220 \u20ac<\/em><\/li>\n\n\n\n<li><em>Frais annexes&nbsp;: 770 \u20ac<\/em><\/li>\n<\/ul>\n<\/li>\n<\/ul>\n\n\n\n<p>Le tarif ci-dessus <strong>ne comprend pas l\u2019h\u00e9bergement<\/strong>. Une fois votre inscription \u00e0 l\u2019UHFP + RFCO finalis\u00e9e, vous pouvez r\u00e9server votre logement \u00e0 tarif pr\u00e9f\u00e9rentiel sur la plateforme d\u2019h\u00e9bergement, parmi une s\u00e9lection d\u2019h\u00f4tels proches du Palais des Festivals et des Congr\u00e8s.<\/p>\n\n\n\n<p><a href=\"https:\/\/uhfp.centre-inffo.fr\/2023\/wp-content\/uploads\/2022\/10\/hotels-cannes-uhfp2023.pdf\">T\u00e9l\u00e9charger la liste des h\u00f4tels \u00e0 Cannes (.pdf)<\/a><\/p>\n\n\n\n<p>Pour toute demande particuli\u00e8re, veuillez contacter&nbsp;:&nbsp;<a href=\"mailto:uhfp@centre-inffo.fr\">uhfp@centre-inffo.fr<\/a><\/p>\n\n\n\n<div class=\"wp-block-columns is-layout-flex wp-container-5\">\n<div class=\"wp-block-column is-layout-flow\">\n<div class=\"wp-block-buttons is-content-justification-right is-layout-flex wp-container-1\">\n<div class=\"wp-block-button\"><a class=\"wp-block-button__link wp-element-button\" href=\"https:\/\/secure.key4events.com\/key4register\/content.aspx?e=1531&amp;c=15665\" target=\"_blank\" rel=\"noreferrer noopener\">Je m&rsquo;inscris !<\/a><\/div>\n<\/div>\n<\/div>\n\n\n\n<div class=\"wp-block-column is-layout-flow\">\n<div class=\"wp-block-buttons is-layout-flex\">\n<div class=\"wp-block-button\"><a class=\"wp-block-button__link wp-element-button\" href=\"https:\/\/uhfp.bnetwork.com\/\" target=\"_blank\" rel=\"noreferrer noopener\">Je r\u00e9serve mon h\u00e9bergement !<\/a><\/div>\n<\/div>\n<\/div>\n<\/div>\n\n\n\n<div class=\"wp-block-buttons is-content-justification-center is-layout-flex wp-container-6\"><\/div>\n\n\n\n<h3 class=\"in-page-title wp-block-heading\">Consultez <\/h3>\n\n\n\n<ul>\n<li><a href=\"https:\/\/uhfp.centre-inffo.fr\/2023\/wp-content\/uploads\/2022\/11\/uhfp223-conditions-participation.pdf\">Les conditions g\u00e9n\u00e9rales de participation de l\u2019UHFP 2023<\/a> &#8211; Fichier .pdf<\/li>\n\n\n\n<li><a href=\"https:\/\/uhfp.centre-inffo.fr\/2023\/wp-content\/uploads\/2022\/10\/reg-interieur-stagiaires-uhfp23.pdf\">Le r\u00e8glement int\u00e9rieur (stagiaires)<\/a> &#8211; Fichier .pdf<\/li>\n\n\n\n<li><a href=\"https:\/\/uhfp.centre-inffo.fr\/2023\/wp-content\/uploads\/2022\/11\/uhfp2023-RGPD.pdf\">Le r\u00e8glement g\u00e9n\u00e9ral de gestion des donn\u00e9es de l\u2019UHFP 2023<\/a> &#8211; Fichier .pdf<\/li>\n<\/ul>\n\n\n\n<div class=\"wp-block-buttons is-content-justification-center is-layout-flex wp-container-7\"><\/div>\n\n\n\n<hr class=\"wp-block-separator has-alpha-channel-opacity\"\/>\n\n\n<div class=\"wp-block-image\">\n<figure class=\"aligncenter size-large\"><img decoding=\"async\" loading=\"lazy\" width=\"1024\" height=\"613\" src=\"https:\/\/uhfp.centre-inffo.fr\/2023\/wp-content\/uploads\/2022\/10\/infographie-tarifs-uhfp23-1024x613.jpg\" alt=\"\" class=\"wp-image-1046\" srcset=\"https:\/\/uhfp.centre-inffo.fr\/2023\/wp-content\/uploads\/2022\/10\/infographie-tarifs-uhfp23-1024x613.jpg 1024w, https:\/\/uhfp.centre-inffo.fr\/2023\/wp-content\/uploads\/2022\/10\/infographie-tarifs-uhfp23-300x180.jpg 300w, https:\/\/uhfp.centre-inffo.fr\/2023\/wp-content\/uploads\/2022\/10\/infographie-tarifs-uhfp23-768x460.jpg 768w, https:\/\/uhfp.centre-inffo.fr\/2023\/wp-content\/uploads\/2022\/10\/infographie-tarifs-uhfp23-1536x920.jpg 1536w, https:\/\/uhfp.centre-inffo.fr\/2023\/wp-content\/uploads\/2022\/10\/infographie-tarifs-uhfp23.jpg 1972w\" sizes=\"(max-width: 1024px) 100vw, 1024px\" \/><\/figure><\/div>\n\n\n<div class=\"wp-block-columns is-layout-flex wp-container-9\">\n<div class=\"wp-block-column is-layout-flow\"><\/div>\n<\/div>\n","protected":false},"excerpt":{"rendered":"<p>Un tarif unique Le tarif ci-dessus ne comprend pas l\u2019h\u00e9bergement. Une fois votre inscription \u00e0 l\u2019UHFP finalis\u00e9e, vous pouvez r\u00e9server votre logement \u00e0 tarif pr\u00e9f\u00e9rentiel sur la plateforme d\u2019h\u00e9bergement, parmi &hellip; <\/p>\n","protected":false},"author":1,"featured_media":0,"parent":0,"menu_order":0,"comment_status":"closed","ping_status":"closed","template":"","meta":[],"categories":[],"tags":[],"wf_page_folders":[84],"acf":[],"yoast_head":"<!-- This site is optimized with the Yoast SEO plugin v20.3 - https:\/\/yoast.com\/wordpress\/plugins\/seo\/ -->\n<title>Inscription - 18e Universit\u00e9 d&#039;Hiver de la Formation Professionnelle<\/title>\n<meta name=\"robots\" content=\"index, follow, max-snippet:-1, max-image-preview:large, max-video-preview:-1\" \/>\n<link rel=\"canonical\" href=\"https:\/\/uhfp.centre-inffo.fr\/2023\/inscription\/\" \/>\n<meta property=\"og:locale\" content=\"fr_FR\" \/>\n<meta property=\"og:type\" content=\"article\" \/>\n<meta property=\"og:title\" content=\"Inscription - 18e Universit\u00e9 d&#039;Hiver de la Formation Professionnelle\" \/>\n<meta property=\"og:description\" content=\"Un tarif unique Le tarif ci-dessus ne comprend pas l\u2019h\u00e9bergement. Une fois votre inscription \u00e0 l\u2019UHFP finalis\u00e9e, vous pouvez r\u00e9server votre logement \u00e0 tarif pr\u00e9f\u00e9rentiel sur la plateforme d\u2019h\u00e9bergement, parmi &hellip;\" \/>\n<meta property=\"og:url\" content=\"https:\/\/uhfp.centre-inffo.fr\/2023\/inscription\/\" \/>\n<meta property=\"og:site_name\" content=\"18e Universit\u00e9 d&#039;Hiver de la Formation Professionnelle\" \/>\n<meta property=\"article:publisher\" content=\"https:\/\/www.facebook.com\/centreinffo\" \/>\n<meta property=\"article:modified_time\" content=\"2022-11-22T08:36:57+00:00\" \/>\n<meta property=\"og:image\" content=\"https:\/\/uhfp.centre-inffo.fr\/2023\/wp-content\/uploads\/2022\/10\/infographie-tarifs-uhfp23-1024x613.jpg\" \/>\n<meta name=\"twitter:card\" content=\"summary_large_image\" \/>\n<meta name=\"twitter:site\" content=\"@centreinffo\" \/>\n<meta name=\"twitter:label1\" content=\"Dur\u00e9e de lecture estim\u00e9e\" \/>\n\t<meta name=\"twitter:data1\" content=\"2 minutes\" \/>\n<script type=\"application\/ld+json\" class=\"yoast-schema-graph\">{\"@context\":\"https:\/\/schema.org\",\"@graph\":[{\"@type\":\"WebPage\",\"@id\":\"https:\/\/uhfp.centre-inffo.fr\/2023\/inscription\/\",\"url\":\"https:\/\/uhfp.centre-inffo.fr\/2023\/inscription\/\",\"name\":\"Inscription - 18e Universit\u00e9 d&#039;Hiver de la Formation Professionnelle\",\"isPartOf\":{\"@id\":\"https:\/\/uhfp.centre-inffo.fr\/2023\/#website\"},\"datePublished\":\"2022-10-04T13:27:12+00:00\",\"dateModified\":\"2022-11-22T08:36:57+00:00\",\"breadcrumb\":{\"@id\":\"https:\/\/uhfp.centre-inffo.fr\/2023\/inscription\/#breadcrumb\"},\"inLanguage\":\"fr-FR\",\"potentialAction\":[{\"@type\":\"ReadAction\",\"target\":[\"https:\/\/uhfp.centre-inffo.fr\/2023\/inscription\/\"]}]},{\"@type\":\"BreadcrumbList\",\"@id\":\"https:\/\/uhfp.centre-inffo.fr\/2023\/inscription\/#breadcrumb\",\"itemListElement\":[{\"@type\":\"ListItem\",\"position\":1,\"name\":\"Accueil\",\"item\":\"https:\/\/uhfp.centre-inffo.fr\/2023\/\"},{\"@type\":\"ListItem\",\"position\":2,\"name\":\"Inscription\"}]},{\"@type\":\"WebSite\",\"@id\":\"https:\/\/uhfp.centre-inffo.fr\/2023\/#website\",\"url\":\"https:\/\/uhfp.centre-inffo.fr\/2023\/\",\"name\":\"18e Universit\u00e9 d&#039;Hiver de la Formation Professionnelle\",\"description\":\"Comp\u00e9tences 2030 : r\u00e9ussir ensemble les transitions ! - Du 25 au 27 janvier 2023, \u00e0 Cannes\",\"publisher\":{\"@id\":\"https:\/\/uhfp.centre-inffo.fr\/2023\/#organization\"},\"potentialAction\":[{\"@type\":\"SearchAction\",\"target\":{\"@type\":\"EntryPoint\",\"urlTemplate\":\"https:\/\/uhfp.centre-inffo.fr\/2023\/?s={search_term_string}\"},\"query-input\":\"required name=search_term_string\"}],\"inLanguage\":\"fr-FR\"},{\"@type\":\"Organization\",\"@id\":\"https:\/\/uhfp.centre-inffo.fr\/2023\/#organization\",\"name\":\"Centre Inffo\",\"url\":\"https:\/\/uhfp.centre-inffo.fr\/2023\/\",\"logo\":{\"@type\":\"ImageObject\",\"inLanguage\":\"fr-FR\",\"@id\":\"https:\/\/uhfp.centre-inffo.fr\/2023\/#\/schema\/logo\/image\/\",\"url\":\"\",\"contentUrl\":\"\",\"caption\":\"Centre Inffo\"},\"image\":{\"@id\":\"https:\/\/uhfp.centre-inffo.fr\/2023\/#\/schema\/logo\/image\/\"},\"sameAs\":[\"https:\/\/www.facebook.com\/centreinffo\",\"https:\/\/twitter.com\/centreinffo\",\"https:\/\/www.linkedin.com\/company\/centre-inffo\/\",\"https:\/\/www.youtube.com\/user\/centreinffo\"]}]}<\/script>\n<!-- \/ Yoast SEO plugin. -->","yoast_head_json":{"title":"Inscription - 18e Universit\u00e9 d&#039;Hiver de la Formation Professionnelle","robots":{"index":"index","follow":"follow","max-snippet":"max-snippet:-1","max-image-preview":"max-image-preview:large","max-video-preview":"max-video-preview:-1"},"canonical":"https:\/\/uhfp.centre-inffo.fr\/2023\/inscription\/","og_locale":"fr_FR","og_type":"article","og_title":"Inscription - 18e Universit\u00e9 d&#039;Hiver de la Formation Professionnelle","og_description":"Un tarif unique Le tarif ci-dessus ne comprend pas l\u2019h\u00e9bergement. Une fois votre inscription \u00e0 l\u2019UHFP finalis\u00e9e, vous pouvez r\u00e9server votre logement \u00e0 tarif pr\u00e9f\u00e9rentiel sur la plateforme d\u2019h\u00e9bergement, parmi &hellip;","og_url":"https:\/\/uhfp.centre-inffo.fr\/2023\/inscription\/","og_site_name":"18e Universit\u00e9 d&#039;Hiver de la Formation Professionnelle","article_publisher":"https:\/\/www.facebook.com\/centreinffo","article_modified_time":"2022-11-22T08:36:57+00:00","og_image":[{"url":"https:\/\/uhfp.centre-inffo.fr\/2023\/wp-content\/uploads\/2022\/10\/infographie-tarifs-uhfp23-1024x613.jpg"}],"twitter_card":"summary_large_image","twitter_site":"@centreinffo","twitter_misc":{"Dur\u00e9e de lecture estim\u00e9e":"2 minutes"},"schema":{"@context":"https:\/\/schema.org","@graph":[{"@type":"WebPage","@id":"https:\/\/uhfp.centre-inffo.fr\/2023\/inscription\/","url":"https:\/\/uhfp.centre-inffo.fr\/2023\/inscription\/","name":"Inscription - 18e Universit\u00e9 d&#039;Hiver de la Formation Professionnelle","isPartOf":{"@id":"https:\/\/uhfp.centre-inffo.fr\/2023\/#website"},"datePublished":"2022-10-04T13:27:12+00:00","dateModified":"2022-11-22T08:36:57+00:00","breadcrumb":{"@id":"https:\/\/uhfp.centre-inffo.fr\/2023\/inscription\/#breadcrumb"},"inLanguage":"fr-FR","potentialAction":[{"@type":"ReadAction","target":["https:\/\/uhfp.centre-inffo.fr\/2023\/inscription\/"]}]},{"@type":"BreadcrumbList","@id":"https:\/\/uhfp.centre-inffo.fr\/2023\/inscription\/#breadcrumb","itemListElement":[{"@type":"ListItem","position":1,"name":"Accueil","item":"https:\/\/uhfp.centre-inffo.fr\/2023\/"},{"@type":"ListItem","position":2,"name":"Inscription"}]},{"@type":"WebSite","@id":"https:\/\/uhfp.centre-inffo.fr\/2023\/#website","url":"https:\/\/uhfp.centre-inffo.fr\/2023\/","name":"18e Universit\u00e9 d&#039;Hiver de la Formation Professionnelle","description":"Comp\u00e9tences 2030 : r\u00e9ussir ensemble les transitions ! - Du 25 au 27 janvier 2023, \u00e0 Cannes","publisher":{"@id":"https:\/\/uhfp.centre-inffo.fr\/2023\/#organization"},"potentialAction":[{"@type":"SearchAction","target":{"@type":"EntryPoint","urlTemplate":"https:\/\/uhfp.centre-inffo.fr\/2023\/?s={search_term_string}"},"query-input":"required name=search_term_string"}],"inLanguage":"fr-FR"},{"@type":"Organization","@id":"https:\/\/uhfp.centre-inffo.fr\/2023\/#organization","name":"Centre Inffo","url":"https:\/\/uhfp.centre-inffo.fr\/2023\/","logo":{"@type":"ImageObject","inLanguage":"fr-FR","@id":"https:\/\/uhfp.centre-inffo.fr\/2023\/#\/schema\/logo\/image\/","url":"","contentUrl":"","caption":"Centre Inffo"},"image":{"@id":"https:\/\/uhfp.centre-inffo.fr\/2023\/#\/schema\/logo\/image\/"},"sameAs":["https:\/\/www.facebook.com\/centreinffo","https:\/\/twitter.com\/centreinffo","https:\/\/www.linkedin.com\/company\/centre-inffo\/","https:\/\/www.youtube.com\/user\/centreinffo"]}]}},"_links":{"self":[{"href":"https:\/\/uhfp.centre-inffo.fr\/2023\/wp-json\/wp\/v2\/pages\/1029"}],"collection":[{"href":"https:\/\/uhfp.centre-inffo.fr\/2023\/wp-json\/wp\/v2\/pages"}],"about":[{"href":"https:\/\/uhfp.centre-inffo.fr\/2023\/wp-json\/wp\/v2\/types\/page"}],"author":[{"embeddable":true,"href":"https:\/\/uhfp.centre-inffo.fr\/2023\/wp-json\/wp\/v2\/users\/1"}],"replies":[{"embeddable":true,"href":"https:\/\/uhfp.centre-inffo.fr\/2023\/wp-json\/wp\/v2\/comments?post=1029"}],"version-history":[{"count":32,"href":"https:\/\/uhfp.centre-inffo.fr\/2023\/wp-json\/wp\/v2\/pages\/1029\/revisions"}],"predecessor-version":[{"id":1868,"href":"https:\/\/uhfp.centre-inffo.fr\/2023\/wp-json\/wp\/v2\/pages\/1029\/revisions\/1868"}],"wp:attachment":[{"href":"https:\/\/uhfp.centre-inffo.fr\/2023\/wp-json\/wp\/v2\/media?parent=1029"}],"wp:term":[{"taxonomy":"category","embeddable":true,"href":"https:\/\/uhfp.centre-inffo.fr\/2023\/wp-json\/wp\/v2\/categories?post=1029"},{"taxonomy":"post_tag","embeddable":true,"href":"https:\/\/uhfp.centre-inffo.fr\/2023\/wp-json\/wp\/v2\/tags?post=1029"},{"taxonomy":"wf_page_folders","embeddable":true,"href":"https:\/\/uhfp.centre-inffo.fr\/2023\/wp-json\/wp\/v2\/wf_page_folders?post=1029"}],"curies":[{"name":"wp","href":"https:\/\/api.w.org\/{rel}","templated":true}]}}