{"id":1661,"date":"1999-11-17T11:28:00","date_gmt":"1999-11-17T10:28:00","guid":{"rendered":"https:\/\/uhfp.centre-inffo.fr\/2023\/?page_id=1661"},"modified":"2023-01-24T10:11:32","modified_gmt":"2023-01-24T09:11:32","slug":"jeudi-26-janvier","status":"publish","type":"page","link":"https:\/\/uhfp.centre-inffo.fr\/2023\/jeudi-26-janvier\/","title":{"rendered":"Jeudi 26 janvier"},"content":{"rendered":"<hr class=\"wp-block-separator has-alpha-channel-opacity\" \/>\r\n\r\n\r\n<h3 class=\"in-page-title wp-block-heading\">Composez votre parcours de professionnalisation<\/h3>\r\n\r\n\r\n\r\n<div class=\"wp-block-columns is-layout-flex wp-container-5\">\r\n<div class=\"wp-block-column is-layout-flow\" style=\"flex-basis: 100%;\">\n<div class=\"wp-block-columns is-layout-flex wp-container-3\">\n<div class=\"wp-block-column is-layout-flow\">\n<p>Choisissez vos s\u00e9quences en fonction des 4 axes majeurs de l\u2019UHFP.<br>D\u00e9couvrez les enjeux et strat\u00e9gies dans les 18 tables rondes, approfondissez une exp\u00e9rience ou un sujet dans les 46 ateliers, dont 24 sont pilot\u00e9s par les partenaires soutiens de la 18e UHFP.<\/p>\n\n\n<div class=\"wp-block-image\">\n<figure class=\"aligncenter size-full is-resized\"><img decoding=\"async\" loading=\"lazy\" src=\"https:\/\/uhfp.centre-inffo.fr\/2023\/wp-content\/uploads\/2022\/09\/partenaires.png\" alt=\"\" class=\"wp-image-901\" width=\"150\" height=\"150\" srcset=\"https:\/\/uhfp.centre-inffo.fr\/2023\/wp-content\/uploads\/2022\/09\/partenaires.png 600w, https:\/\/uhfp.centre-inffo.fr\/2023\/wp-content\/uploads\/2022\/09\/partenaires-300x300.png 300w, https:\/\/uhfp.centre-inffo.fr\/2023\/wp-content\/uploads\/2022\/09\/partenaires-150x150.png 150w\" sizes=\"(max-width: 150px) 100vw, 150px\" \/><\/figure><\/div><\/div>\n\n\n\n<div class=\"wp-block-column is-layout-flow\">\n<p class=\"has-black-color has-text-color\"><strong>TR<\/strong> &#8211; Table ronde<\/p>\n\n\n\n<p class=\"has-black-color has-text-color\"><strong>AT <\/strong>&#8211; Atelier<\/p>\n\n\n\n<p class=\"has-text-color\" style=\"color:#008166\"><strong>AXE 1<\/strong> &#8211; S\u2019approprier les transitions<\/p>\n\n\n\n<p class=\"has-text-color\" style=\"color:#ffd73b\"><strong>AXE 2<\/strong> &#8211; D\u00e9clencher et soutenir l\u2019innovation<\/p>\n\n\n\n<p class=\"has-text-color\" style=\"color:#253a8f\"><strong>AXE 3<\/strong> &#8211; Investir les m\u00e9tiers et les comp\u00e9tences<\/p>\n\n\n\n<p class=\"has-text-color\" style=\"color:#ea560d\"><strong>AXE 4<\/strong> &#8211; Encourager la professionnalisation des acteurs de l\u2019\u00e9cosyst\u00e8me<\/p>\n<\/div>\n<\/div>\n\n\n\n<hr class=\"wp-block-separator has-alpha-channel-opacity\"\/>\n<\/div>\r\n<\/div>\r\n\r\n\r\n\r\n<h3 class=\"in-page-title-programme wp-block-heading\">9h &#8211; 10h30<\/h3>\r\n\r\n\r\n<hr class=\"wp-block-separator has-alpha-channel-opacity\" \/>\r\n\r\n\r\n<div class=\"wp-block-columns is-layout-flex wp-container-8\">\r\n<div class=\"wp-block-column is-layout-flow\">\r\n<p><strong style=\"color: #008166;\">A1.1 TR<\/strong><br \/>R\u00e9pondre aux transitions industrielles<br \/><strong><a href=\"\/2023\/a1-1-repondre-aux-transitions-industrielles\/\">+ Voir le d\u00e9tail<\/a><\/strong><\/p>\r\n\r\n\r\n<hr class=\"wp-block-separator has-alpha-channel-opacity\" \/>\r\n\r\n\r\n<p><strong style=\"color: #253a8f;\">A3.2 TR<\/strong><br \/>AFEST et VAE : enjeux pour l\u2019entreprise<br \/><strong><a href=\"\/2023\/a3-2-tr-afest-et-vae-enjeux-pour-lentreprise\/\">+ Voir le d\u00e9tail<\/a><\/strong><\/p>\r\n\r\n\r\n<hr class=\"wp-block-separator has-alpha-channel-opacity\" \/>\r\n\r\n\r\n<p><strong style=\"color: #ea560d;\">A2.3 TR<\/strong><br \/>Formations immersives et m\u00e9tavers : enjeux et pratiques <br \/><strong><a href=\"\/2023\/a2-3-tr-formations-immersives-et-metavers-enjeux-et-pratiques\/\">+ Voir le d\u00e9tail<\/a><\/strong><\/p>\r\n\r\n\r\n<hr class=\"wp-block-separator has-alpha-channel-opacity\" \/>\r\n\r\n\r\n<p><strong style=\"color: #253a8f;\">A3.4 AT<\/strong><br \/>Le Learning Lab INRAE formation-Nantes Universit\u00e9, facilitateur des transitions <br \/><strong><a href=\"\/2023\/a3-4-at-le-learning-lab-inrae-formation-nantes-universite-facilitateur-des-transitions\/\">+ Voir le d\u00e9tail<\/a><\/strong><\/p>\r\n\r\n\r\n<hr class=\"wp-block-separator has-alpha-channel-opacity\" \/>\r\n\r\n\r\n<p><strong style=\"color: #253a8f;\">A3.5 AT<\/strong><br \/>Comment la Banque des Territoires investit dans la formation professionnelle \u00e0 impact<br \/><strong><a href=\"\/2023\/a3-5-at-comment-la-banque-des-territoires-investit-dans-la-formation-professionnelle-a-impact\/\">+ Voir le d\u00e9tail<\/a><\/strong><\/p>\r\n\r\n\r\n<hr class=\"wp-block-separator has-alpha-channel-opacity\" \/>\r\n\r\n\r\n<p><strong style=\"color: #ffd73b;\">A2.6 AT<\/strong><br \/>Quelle R&amp;D de la formation professionnelle ? <br \/><strong><a href=\"\/2023\/a2-6-at-quelle-rd-de-la-formation-professionnelle\/\">+ Voir le d\u00e9tail<\/a><\/strong><\/p>\r\n\r\n\r\n<hr class=\"wp-block-separator has-alpha-channel-opacity\" \/>\r\n\r\n\r\n<p><strong style=\"color: #253a8f;\">A4.7 AT<\/strong><br \/>Favoriser les apprentissages de demain par une organisation apprenante<br \/><strong><a href=\"\/2023\/a4-7-at-favoriser-les-apprentissages-de-demain-par-une-organisation-apprenante\/\">+ Voir le d\u00e9tail<\/a><\/strong><\/p>\r\n<\/div>\r\n\r\n\r\n\r\n<div class=\"wp-block-column is-layout-flow\">\r\n<p><strong style=\"color: #ffd73b;\">A2.8 AT<\/strong><br \/>L\u2019innovation p\u00e9dagogique et num\u00e9rique au service de l\u2019inclusion<br \/><strong><a href=\"\/2023\/a2-8-at-linnovation-pedagogique-et-numerique-au-service-de-linclusion\/\">+ Voir le d\u00e9tail<\/a><\/strong><\/p>\r\n\r\n\r\n<hr class=\"wp-block-separator has-alpha-channel-opacity\" \/>\r\n\r\n\r\n<p><strong style=\"color: #ea560d;\">A4.9 AT<\/strong><br \/>Cr\u00e9er son offre de d\u00e9veloppement et de transformation des comp\u00e9tences<br \/><strong><a href=\"\/2023\/a4-9-at-creer-son-offre-de-developpement-et-de-transformation-des-competences\/\">+ Voir le d\u00e9tail<\/a><\/strong><\/p>\r\n\r\n\r\n<hr class=\"wp-block-separator has-alpha-channel-opacity\" \/>\r\n\r\n\r\n<p><strong style=\"color: #253a8f;\">A3.10 AT<\/strong><br \/>Upskilling et Reskilling : l\u2019employabilit\u00e9 \u00e0 vie<br \/><a href=\"\/2023\/upskilling-et-reskilling-lemployabilite-a-vie\/\"><strong>+ Voir le d\u00e9tail<\/strong><\/a><\/p>\r\n\r\n\r\n<hr class=\"wp-block-separator has-alpha-channel-opacity\" \/>\r\n\r\n\r\n<p><strong style=\"color: #ffd73b;\">A2.11 AT<\/strong><br \/>La prospective des m\u00e9tiers et des comp\u00e9tences\u00a0: une approche innovante pour anticiper les besoins de demain<br \/><strong><a href=\"\/2023\/a2-11-at-sappuyer-sur-la-methodologie-prospective-competences\/\">+ Voir le d\u00e9tail<\/a><\/strong><\/p>\r\n\r\n\r\n<hr class=\"wp-block-separator has-alpha-channel-opacity\" \/>\r\n\r\n\r\n<p><strong style=\"color: #ffd73b;\">A2.12 AT<\/strong><br \/>L\u2019Europe de la formation au c\u0153ur des transitions<br \/><a href=\"https:\/\/uhfp.centre-inffo.fr\/2023\/europe-formation-transitions\/\"><strong>+ Voir le d\u00e9tail<\/strong><\/a><\/p>\r\n\r\n\r\n<hr class=\"wp-block-separator has-alpha-channel-opacity\" \/>\r\n\r\n\r\n<p><strong style=\"color: #253a8f;\">A3.13 AT<\/strong><br \/>Faciliter l\u2019acc\u00e8s aux m\u00e9tiers en tension<br \/><a href=\"\/2023\/a3-13-at-faciliter-lacces-aux-metiers-en-tension\/\"><strong>+ Voir le d\u00e9tail<\/strong><\/a><\/p>\r\n\r\n\r\n<hr class=\"wp-block-separator has-alpha-channel-opacity\" \/><\/div>\r\n<\/div>\r\n\r\n\r\n<hr class=\"wp-block-separator has-alpha-channel-opacity\" \/>\r\n\r\n\r\n<h3 class=\"in-page-title-programme wp-block-heading\">11h &#8211; 12h30<\/h3>\r\n\r\n\r\n<hr class=\"wp-block-separator has-alpha-channel-opacity\" \/>\r\n\r\n\r\n<div class=\"wp-block-columns is-layout-flex wp-container-11\">\r\n<div class=\"wp-block-column is-layout-flow\">\r\n<p><strong style=\"color: #008166;\">B1.14 TR<\/strong><br \/>La formation professionnelle en 2023 : enjeux et perspective <br \/><strong><a href=\"\/2023\/b1-14-tr-la-formation-professionnelle-en-2023-enjeux-et-perspective\/\">+ Voir le d\u00e9tail<\/a><\/strong><\/p>\r\n\r\n\r\n<hr class=\"wp-block-separator has-alpha-channel-opacity\" \/>\r\n\r\n\r\n<p><strong style=\"color: #008166;\">B1.15 TR<\/strong><br \/>Les leviers pour accompagner les transitions : RSE, apprenance&#8230;<br \/><strong><a href=\"\/2023\/b1-15-tr-les-leviers-pour-accompagner-les-transitions-rse-apprenance\/\">+ Voir le d\u00e9tail<\/a><\/strong><\/p>\r\n\r\n\r\n<hr class=\"wp-block-separator has-alpha-channel-opacity\" \/>\r\n\r\n\r\n<p><strong style=\"color: #008166;\">B1.16 TR<\/strong><br \/>Transition d\u00e9mographique : quels d\u00e9fis pour nos soci\u00e9t\u00e9s et nos emplois ?<br \/><strong><a href=\"\/2023\/b1-16-tr-transition-demographique-quels-defis-pour-nos-societes-et-nos-emplois\/\">+ Voir le d\u00e9tail<\/a><\/strong><\/p>\r\n\r\n\r\n<hr class=\"wp-block-separator has-alpha-channel-opacity\" \/>\r\n\r\n\r\n<p><strong style=\"color: #008166;\">B1.17 TR<\/strong><br \/>Construire des transitions \u00e9nerg\u00e9tiques et environnementales avec tous les acteurs<br \/><strong><a href=\"\/2023\/b1-17-tr-construire-des-transitions-energetiques-et-environnementales-avec-tous-les-acteurs\/\">+ Voir le d\u00e9tail<\/a><\/strong><\/p>\r\n\r\n\r\n<hr class=\"wp-block-separator has-alpha-channel-opacity\" \/>\r\n\r\n\r\n<p><strong style=\"color: #008166;\">B1.18 TR<\/strong><br \/>Les transitions culturelles \u00e0 l\u2019intersection des transformations<br \/><strong><a href=\"\/2023\/b1-18-tr-les-transitions-culturelles-a-lintersection-des-transformations\/\">+ Voir le d\u00e9tail<\/a><\/strong><\/p>\r\n\r\n\r\n<hr class=\"wp-block-separator has-alpha-channel-opacity\" \/>\r\n\r\n\r\n<p><strong style=\"color: #ffd73b;\">B2.19 AT<\/strong><br \/>Transitions : le r\u00f4le de la formation professionnelle dans la r\u00e9industrialisation des territoires<br \/><a href=\"\/2023\/b2-19-transitions-le-role-de-la-formation-professionnelle-dans-la-reindustralisation-des-territoires\/\"><strong>+ Voir le d\u00e9tail<\/strong><\/a><\/p>\r\n\r\n\r\n<hr class=\"wp-block-separator has-alpha-channel-opacity\" \/>\r\n\r\n\r\n<p><strong style=\"color: #253a8f;\">B3.20 AT<\/strong><br \/>La reconversion professionnelle au service de la GTEC<br \/><strong><a href=\"\/2023\/b3-20-at-la-reconversion-professionnelle-au-service-de-la-gtec\/\">+ Voir le d\u00e9tail<\/a><\/strong><\/p>\r\n<\/div>\r\n\r\n\r\n\r\n<div class=\"wp-block-column is-layout-flow\">\r\n<p><strong style=\"color: #253a8f;\">B3.21 AT<\/strong><br \/>Les certifications au service des transitions professionnelles<br \/><strong><a href=\"\/2023\/b3-21-at-les-certifications-un-moyen-au-service-des-transitions-professionnelles\/\">+ Voir le d\u00e9tail<\/a><\/strong><\/p>\r\n\r\n\r\n<hr class=\"wp-block-separator has-alpha-channel-opacity\" \/>\r\n\r\n\r\n<p><strong style=\"color: #253a8f;\">B3.22 AT<\/strong><br \/>La place des transitions professionnelles dans le d\u00e9veloppement \u00e9conomique des territoires<br \/><a href=\"\/2023\/b3-22-place-transitions-pro-dev-eco-territoires\/\"><strong>+ Voir le d\u00e9tail<\/strong><\/a><\/p>\r\n\r\n\r\n<hr class=\"wp-block-separator has-alpha-channel-opacity\" \/>\r\n\r\n\r\n<p><strong style=\"color: #253a8f;\">B3.23 AT<\/strong><br \/>Les certifications RNCP pour les parcours en entreprise : int\u00e9r\u00eat ou superflu ?<br \/><a href=\"\/2023\/b3-23-at-les-certifications-rncp-pour-les-parcours-en-entreprise-interet-ou-superflu\/\"><strong>+ Voir le d\u00e9tail<\/strong><\/a><\/p>\r\n\r\n\r\n<hr class=\"wp-block-separator has-alpha-channel-opacity\" \/>\r\n\r\n\r\n<p><strong style=\"color: #253a8f;\">B3.24 AT<\/strong><br \/>Le CEP, levier d\u2019un parcours sans couture de l\u2019Afest \u00e0 la VAE <br \/><strong><a href=\"\/2023\/b3-24-at-le-cep-levier-dun-parcours-sans-couture-de-lafest-a-la-vae\/\">+ Voir le d\u00e9tail<\/a><\/strong><\/p>\r\n\r\n\r\n<hr class=\"wp-block-separator has-alpha-channel-opacity\" \/>\r\n\r\n\r\n<p><strong style=\"color: #ea560d;\">B4.25 AT<\/strong><br \/>Immergez-vous dans les comp\u00e9tences 2030 gr\u00e2ce au Design Fiction <br \/><strong><a href=\"\/2023\/b4-25-at-sapproprier-les-transitions-et-les-competences-de-demain-par-le-design-fiction\/\">+ Voir le d\u00e9tail<\/a><\/strong><\/p>\r\n\r\n\r\n<hr class=\"wp-block-separator has-alpha-channel-opacity\" \/>\r\n\r\n\r\n<p><strong style=\"color: #ffd73b;\">B2.26 AT<\/strong><br \/>Optimiser ses demandes de financements publics pour des projets innovants <br \/><strong><a href=\"\/2023\/b2-26-at-optimiser-ses-demandes-de-financements-publics-pour-des-projets-innovants\/\">+ Voir le d\u00e9tail<\/a><\/strong><\/p>\r\n\r\n\r\n<hr class=\"wp-block-separator has-alpha-channel-opacity\" \/><\/div>\r\n<\/div>\r\n\r\n\r\n<hr class=\"wp-block-separator has-alpha-channel-opacity\" \/>\r\n\r\n\r\n<h3 class=\"in-page-title-programme wp-block-heading\">14h15 &#8211; 15h45<\/h3>\r\n\r\n\r\n<hr class=\"wp-block-separator has-alpha-channel-opacity\" \/>\r\n\r\n\r\n<div class=\"wp-block-columns is-layout-flex wp-container-14\">\r\n<div class=\"wp-block-column is-layout-flow\">\r\n<p><strong style=\"color: #008166;\">C1.27 TR<\/strong><br \/>Orientation et entr\u00e9e en formation professionnelle<br \/><a href=\"\/2023\/c1-27-tr-orientation-et-entree-en-formation-professionnelle\/\"><strong>+ Voir le d\u00e9tail<\/strong><\/a><\/p>\r\n\r\n\r\n<hr class=\"wp-block-separator has-alpha-channel-opacity\" \/>\r\n\r\n\r\n<p><strong style=\"color: #008166;\">C1.28 TR<\/strong><br \/>Le travail : pierre angulaire des transitions ?<br \/><a href=\"\/2023\/c1-28-tr-le-travail-pierre-angulaire-des-transitions\/\"><strong>+ Voir le d\u00e9tail<\/strong><\/a><\/p>\r\n\r\n\r\n<hr class=\"wp-block-separator has-alpha-channel-opacity\" \/>\r\n\r\n\r\n<p><strong style=\"color: #ea560d;\">C4.29 AT<\/strong><br \/>Hybrid\u2019Action : un cadre national pour soutenir et accompagner l\u2019hybridation de la formation<br \/><a href=\"\/2023\/c4-29-at-hybridaction-un-cadre-national-pour-soutenir-et-accompagner-lhybridation-de-la-formation\/\"><strong>+ Voir le d\u00e9tail<\/strong><\/a><\/p>\r\n\r\n\r\n<!--<p><strong style=\"color: #ffd73b;\">C2.30 AT<\/strong><br>L\u2019impulsion des partenaires sociaux pour \u00e9laborer une transition \u00e9cologique responsable<\/p>-->\r\n\r\n<hr class=\"wp-block-separator has-alpha-channel-opacity\" \/>\r\n\r\n\r\n<p><strong style=\"color: #ea560d;\">C4.31 AT<\/strong><br \/>D\u00e9ployer pour tous une \u00e9ducation au d\u00e9veloppement durable<br \/><strong><a href=\"\/2023\/c4-31-at-deployer-pour-tous-une-education-au-developpement-durable\/\">+ Voir le d\u00e9tail<\/a><\/strong><\/p>\r\n\r\n\r\n<hr class=\"wp-block-separator has-alpha-channel-opacity\" \/>\r\n\r\n\r\n<p><strong style=\"color: #ea560d;\">C4.32 AT<\/strong><br \/>SOLT\u00e9A, le nouveau portail du solde de la taxe d\u2019apprentissage<br \/><a href=\"\/2023\/c4-32-at-soltea-le-nouveau-portail-du-solde-de-la-taxe-dapprentissage\/\"><strong>+ Voir le d\u00e9tail<\/strong><\/a><\/p>\r\n\r\n\r\n<hr class=\"wp-block-separator has-alpha-channel-opacity\" \/>\r\n\r\n\r\n<p><strong style=\"color: #ea560d;\">C4.33 AT<\/strong><br \/>Transition num\u00e9rique : combattre l\u2019illectronisme<br \/><strong><a href=\"\/2023\/c4-33-at-transition-numerique-combattre-lillectronisme\/\">+ Voir le d\u00e9tail<\/a><\/strong><\/p>\r\n<\/div>\r\n\r\n\r\n\r\n<div class=\"wp-block-column is-layout-flow\">\r\n<p><strong style=\"color: #ffd73b;\">C2.30 AT<\/strong><br \/>Recruter autrement : sourcing sur mesure pour les entreprises de la r\u00e9gion Sud<br \/><a href=\"\/2023\/c2-30-tr-recruter-autrement-sourcing-sur-mesure-pour-les-entreprises-de-la-region-sud\/\"><strong>+ Voir le d\u00e9tail<\/strong><\/a><\/p>\r\n\r\n\r\n<hr class=\"wp-block-separator has-alpha-channel-opacity\" \/>\r\n\r\n\r\n<p><strong style=\"color: #ffd73b;\">C2.34 AT<\/strong><br \/>D\u00e9mocratiser l&rsquo;innovation par les outils no-code, mythe ou r\u00e9alit\u00e9 ?<br \/><strong><a href=\"\/2023\/c2-34-at-democratiser-linnovation-par-le-no-code-mythe-ou-realite\/\">+ Voir le d\u00e9tail<\/a><\/strong><\/p>\r\n\r\n\r\n<hr class=\"wp-block-separator has-alpha-channel-opacity\" \/>\r\n\r\n\r\n<p><strong style=\"color: #253a8f;\">C3.35 AT<\/strong><br \/>Soft skills, accompagnement et coaching : d\u2019autres leviers pour d\u00e9velopper les comp\u00e9tences<br \/><a href=\"https:\/\/uhfp.centre-inffo.fr\/2023\/c3-35-at-soft-skills-accompagnement-et-coaching-dautres-leviers-pour-developper-les-competences\/\"><strong>+ Voir le d\u00e9tail<\/strong><\/a><\/p>\r\n\r\n\r\n<hr class=\"wp-block-separator has-alpha-channel-opacity\" \/>\r\n\r\n\r\n<p><strong style=\"color: #253a8f;\">C3.36 AT<\/strong><br \/>Repenser les transitions professionnelles pour r\u00e9pondre aux enjeux individuels et collectifs <br \/><strong><a href=\"\/2023\/c3-36-at-repenser-les-transitions-professionnelles-pour-repondre-aux-enjeux-individuels-et-collectifs\/\">+ Voir le d\u00e9tail<\/a><\/strong><\/p>\r\n\r\n\r\n<hr class=\"wp-block-separator has-alpha-channel-opacity\" \/>\r\n\r\n\r\n<p><strong style=\"color: #253a8f;\">C3.37 AT<\/strong><br \/>Utiliser l\u2019intelligence num\u00e9rique pour travailler les mobilit\u00e9s professionnelles<br \/><a href=\"https:\/\/uhfp.centre-inffo.fr\/2023\/c3-37-at-quand-lia-trace-le-chemin-de-lorientation\/\"><strong>+ Voir le d\u00e9tail<\/strong><\/a><\/p>\r\n\r\n\r\n<hr class=\"wp-block-separator has-alpha-channel-opacity\" \/>\r\n\r\n\r\n<p><strong style=\"color: #253a8f;\">C3.38 AT<\/strong><br \/>Panorama de l\u2019actualit\u00e9 juridique : apprentissage, CPF, VAE&#8230;<br \/><a href=\"\/2023\/c3-38-at-panorama-de-lactualite-juridique-apprentissage-cpf-vae\/\"><strong>+ Voir le d\u00e9tail<\/strong><\/a><\/p>\r\n\r\n\r\n<hr class=\"wp-block-separator has-alpha-channel-opacity\" \/>\r\n\r\n\r\n<p><strong style=\"color: #ea560d;\">C4.39 AT<\/strong><br \/>Quels outils juridiques en soutien de la reconversion professionnelle ?<br \/><strong><a href=\"\/2023\/c4-39-quels-outils-juridiques-en-soutien-de-la-conversion-professionnelle\/\">+ Voir le d\u00e9tail<\/a><\/strong><\/p>\r\n<\/div>\r\n<\/div>\r\n\r\n\r\n<hr class=\"wp-block-separator has-alpha-channel-opacity\" \/>\r\n\r\n\r\n<h3 class=\"in-page-title-programme wp-block-heading\">16h30 &#8211; 18h<\/h3>\r\n\r\n\r\n<hr class=\"wp-block-separator has-alpha-channel-opacity\" \/>\r\n\r\n\r\n<div class=\"wp-block-columns is-layout-flex wp-container-17\">\r\n<div class=\"wp-block-column is-layout-flow\">\r\n<p><strong style=\"color: #008166;\">D1.40 TR<\/strong><br \/>Quels impacts pr\u00e9visibles de la transition \u00e9cologique sur l\u2019emploi ?<br \/><strong><a href=\"\/2023\/d1-40-tr-quels-impacts-previsibles-de-la-transition-ecologique-sur-lemploi\/\">+ Voir le d\u00e9tail<\/a><\/strong><\/p>\r\n\r\n\r\n<hr class=\"wp-block-separator has-alpha-channel-opacity\" \/>\r\n\r\n\r\n<p><strong style=\"color: #253a8f;\">D3.41 TR<\/strong><br \/>L\u2019appui des Opco aux entreprises dans l\u2019approche des transitions<br \/><strong><a href=\"\/2023\/d3-41-tr-lappui-des-opco-aux-entreprises-dans-lapproche-des-transitions\/\">+ Voir le d\u00e9tail<\/a><\/strong><\/p>\r\n\r\n\r\n<hr class=\"wp-block-separator has-alpha-channel-opacity\" \/>\r\n\r\n\r\n<p><strong style=\"color: #253a8f;\">D3.42 TR<\/strong><br \/>Rendre visibles ses comp\u00e9tences par des outils num\u00e9riques (passeports, plateformes&#8230;)<br \/><a href=\"\/2023\/d3-42-tr-rendre-visibles-ses-competences-par-des-outils-numeriques-passeports-plateformes\/\"><strong>+ Voir le d\u00e9tail<\/strong><\/a><\/p>\r\n\r\n\r\n<hr class=\"wp-block-separator has-alpha-channel-opacity\" \/>\r\n\r\n\r\n<p><strong style=\"color: #253a8f;\">D3.43 TR<\/strong><br \/>Faire vivre sa certification Qualiopi<br \/><a href=\"\/2023\/d3-43-tr-faire-vivre-sa-certification-qualiopi\/\"><strong>+ Voir le d\u00e9tail<\/strong><\/a><\/p>\r\n\r\n\r\n<hr class=\"wp-block-separator has-alpha-channel-opacity\" \/>\r\n\r\n\r\n<p><strong style=\"color: #253a8f;\">D3.44 TR<\/strong><br \/>Apprentissage, alternance : quelle r\u00e9gulation, pour quelle ambition ?<br \/><strong><a href=\"\/2023\/d3-44-tr-apprentissage-alternance-quelle-regulation-pour-quelle-ambition\/\">+ Voir le d\u00e9tail<\/a><\/strong><\/p>\r\n\r\n\r\n<hr class=\"wp-block-separator has-alpha-channel-opacity\" \/>\r\n\r\n\r\n<p><strong style=\"color: #008166;\">D1.45 AT<\/strong><br \/>Transition alimentaire : quel positionnement de l\u2019Europe et de la France ? <br \/><strong><a href=\"\/2023\/d1-45-at-transition-alimentaire-quel-positionnement-de-leurope-et-de-la-france\/\">+ Voir le d\u00e9tail<\/a><\/strong><\/p>\r\n\r\n\r\n<hr class=\"wp-block-separator has-alpha-channel-opacity\" \/>\r\n\r\n\r\n<p><strong style=\"color: #ea560d;\">D2.46 AT<\/strong><br \/>L\u2019innovation au service de la qualit\u00e9 des CFA<br \/><strong><a href=\"\/2023\/d2-46-at-linnovation-au-service-de-la-qualite-des-cfa\/\">+ Voir le d\u00e9tail<\/a><\/strong><\/p>\r\n<\/div>\r\n\r\n\r\n\r\n<div class=\"wp-block-column is-layout-flow\">\r\n<p><strong style=\"color: #ffd73b;\">D2.47 AT<\/strong><br \/>Soutenir et d\u00e9ployer l\u2019innovation en formation : investissement public et initiatives priv\u00e9es<br \/><a href=\"\/2023\/d2-47-at-soutenir-et-deployer-linnovation-en-formation-investissement-public-et-initiatives-privees\/\"><strong>+ Voir le d\u00e9tail<\/strong><\/a><\/p>\r\n\r\n\r\n<hr class=\"wp-block-separator has-alpha-channel-opacity\" \/>\r\n\r\n\r\n<p><strong style=\"color: #253a8f;\">D3.48 AT<\/strong><br \/>Les cl\u00e9s de r\u00e9ussite d\u2019une d\u00e9marche RSE<br \/><strong><a href=\"\/2023\/d3-48-at-les-cles-de-reussite-dune-demarche-rse\/\">+ Voir le d\u00e9tail<\/a><\/strong><\/p>\r\n\r\n\r\n<hr class=\"wp-block-separator has-alpha-channel-opacity\" \/>\r\n\r\n\r\n<p><strong style=\"color: #253a8f;\">D3.49 AT<\/strong><br \/>Accompagner les transitions professionnelles : conditions de r\u00e9ussite et innovations<br \/><strong><a href=\"\/2023\/d3-49-at-accompagner-les-transitions-professionnelles-conditions-de-reussite-et-innovations\/\">+ Voir le d\u00e9tail<\/a><\/strong><\/p>\r\n\r\n\r\n<hr class=\"wp-block-separator has-alpha-channel-opacity\" \/>\r\n\r\n\r\n<p><strong style=\"color: #ea560d;\">D4.50 AT<\/strong><br \/>D\u00e9finir les comp\u00e9tences indispensables pour les transitions<br \/><a href=\"\/2023\/d4-50-definir-les-competences-indispensables-pour-les-transitions\/\"><strong>+ Voir le d\u00e9tail<\/strong><\/a><\/p>\r\n\r\n\r\n<hr class=\"wp-block-separator has-alpha-channel-opacity\" \/>\r\n\r\n\r\n<p><strong style=\"color: #253a8f;\">D3.51 AT<\/strong><br \/>Le plan de d\u00e9veloppement des comp\u00e9tences, au service de la croissance de l\u2019entreprise<br \/><a href=\"\/2023\/d3-51-at-le-plan-de-developpement-des-competences-au-service-de-la-croissance-de-lentreprise\/\"><strong>+ Voir le d\u00e9tail<\/strong><\/a><\/p>\r\n\r\n\r\n<hr class=\"wp-block-separator has-alpha-channel-opacity\" \/>\r\n\r\n\r\n<p><strong style=\"color: #ea560d;\">D4.52 AT<\/strong><br \/>La culture, une obligation d\u2019inclusion<br \/><strong><a href=\"\/2023\/d4-52-at-la-culture-une-obligation-dinclusion\/\">+ Voir le d\u00e9tail<\/a><\/strong><\/p>\r\n<\/div>\r\n<\/div>\r\n\r\n\r\n<hr class=\"wp-block-separator has-alpha-channel-opacity\" \/>\r\n\r\n\r\n<h3 class=\"in-page-title-programme wp-block-heading\">20h &#8211; 22h<\/h3>\r\n\r\n\r\n<hr class=\"wp-block-separator has-alpha-channel-opacity\" \/>\r\n\r\n\r\n<p><strong>Soir\u00e9e festive<\/strong><br \/>Salon des ambassadeurs du Palais des festivals<\/p>\r\n","protected":false},"excerpt":{"rendered":"<p>Composez votre parcours de professionnalisation 9h &#8211; 10h30 A1.1 TRR\u00e9pondre aux transitions industrielles+ Voir le d\u00e9tail A3.2 TRAFEST et VAE : enjeux pour l\u2019entreprise+ Voir le d\u00e9tail A2.3 TRFormations immersives &hellip; <\/p>\n","protected":false},"author":1,"featured_media":0,"parent":0,"menu_order":0,"comment_status":"closed","ping_status":"closed","template":"","meta":[],"categories":[],"tags":[],"wf_page_folders":[80],"acf":[],"yoast_head":"<!-- This site is optimized with the Yoast SEO plugin v20.3 - https:\/\/yoast.com\/wordpress\/plugins\/seo\/ -->\n<title>Jeudi 26 janvier - 18e Universit\u00e9 d&#039;Hiver de la Formation Professionnelle<\/title>\n<meta name=\"robots\" content=\"index, follow, max-snippet:-1, max-image-preview:large, max-video-preview:-1\" \/>\n<link rel=\"canonical\" href=\"https:\/\/uhfp.centre-inffo.fr\/2023\/jeudi-26-janvier\/\" \/>\n<meta property=\"og:locale\" content=\"fr_FR\" \/>\n<meta property=\"og:type\" content=\"article\" \/>\n<meta property=\"og:title\" content=\"Jeudi 26 janvier - 18e Universit\u00e9 d&#039;Hiver de la Formation Professionnelle\" \/>\n<meta property=\"og:description\" content=\"Composez votre parcours de professionnalisation 9h &#8211; 10h30 A1.1 TRR\u00e9pondre aux transitions industrielles+ Voir le d\u00e9tail A3.2 TRAFEST et VAE : enjeux pour l\u2019entreprise+ Voir le d\u00e9tail A2.3 TRFormations immersives &hellip;\" \/>\n<meta property=\"og:url\" content=\"https:\/\/uhfp.centre-inffo.fr\/2023\/jeudi-26-janvier\/\" \/>\n<meta property=\"og:site_name\" content=\"18e Universit\u00e9 d&#039;Hiver de la Formation Professionnelle\" \/>\n<meta property=\"article:publisher\" content=\"https:\/\/www.facebook.com\/centreinffo\" \/>\n<meta property=\"article:modified_time\" content=\"2023-01-24T09:11:32+00:00\" \/>\n<meta name=\"twitter:card\" content=\"summary_large_image\" \/>\n<meta name=\"twitter:site\" content=\"@centreinffo\" \/>\n<meta name=\"twitter:label1\" content=\"Dur\u00e9e de lecture estim\u00e9e\" \/>\n\t<meta name=\"twitter:data1\" content=\"4 minutes\" \/>\n<script type=\"application\/ld+json\" class=\"yoast-schema-graph\">{\"@context\":\"https:\/\/schema.org\",\"@graph\":[{\"@type\":\"WebPage\",\"@id\":\"https:\/\/uhfp.centre-inffo.fr\/2023\/jeudi-26-janvier\/\",\"url\":\"https:\/\/uhfp.centre-inffo.fr\/2023\/jeudi-26-janvier\/\",\"name\":\"Jeudi 26 janvier - 18e Universit\u00e9 d&#039;Hiver de la Formation Professionnelle\",\"isPartOf\":{\"@id\":\"https:\/\/uhfp.centre-inffo.fr\/2023\/#website\"},\"datePublished\":\"1999-11-17T10:28:00+00:00\",\"dateModified\":\"2023-01-24T09:11:32+00:00\",\"breadcrumb\":{\"@id\":\"https:\/\/uhfp.centre-inffo.fr\/2023\/jeudi-26-janvier\/#breadcrumb\"},\"inLanguage\":\"fr-FR\",\"potentialAction\":[{\"@type\":\"ReadAction\",\"target\":[\"https:\/\/uhfp.centre-inffo.fr\/2023\/jeudi-26-janvier\/\"]}]},{\"@type\":\"BreadcrumbList\",\"@id\":\"https:\/\/uhfp.centre-inffo.fr\/2023\/jeudi-26-janvier\/#breadcrumb\",\"itemListElement\":[{\"@type\":\"ListItem\",\"position\":1,\"name\":\"Accueil\",\"item\":\"https:\/\/uhfp.centre-inffo.fr\/2023\/\"},{\"@type\":\"ListItem\",\"position\":2,\"name\":\"Programme\",\"item\":\"https:\/\/uhfp.centre-inffo.fr\/2023\/rubrique\/programme\/\"},{\"@type\":\"ListItem\",\"position\":3,\"name\":\"Jeudi 26 janvier\"}]},{\"@type\":\"WebSite\",\"@id\":\"https:\/\/uhfp.centre-inffo.fr\/2023\/#website\",\"url\":\"https:\/\/uhfp.centre-inffo.fr\/2023\/\",\"name\":\"18e Universit\u00e9 d&#039;Hiver de la Formation Professionnelle\",\"description\":\"Comp\u00e9tences 2030 : r\u00e9ussir ensemble les transitions ! - Du 25 au 27 janvier 2023, \u00e0 Cannes\",\"publisher\":{\"@id\":\"https:\/\/uhfp.centre-inffo.fr\/2023\/#organization\"},\"potentialAction\":[{\"@type\":\"SearchAction\",\"target\":{\"@type\":\"EntryPoint\",\"urlTemplate\":\"https:\/\/uhfp.centre-inffo.fr\/2023\/?s={search_term_string}\"},\"query-input\":\"required name=search_term_string\"}],\"inLanguage\":\"fr-FR\"},{\"@type\":\"Organization\",\"@id\":\"https:\/\/uhfp.centre-inffo.fr\/2023\/#organization\",\"name\":\"Centre Inffo\",\"url\":\"https:\/\/uhfp.centre-inffo.fr\/2023\/\",\"logo\":{\"@type\":\"ImageObject\",\"inLanguage\":\"fr-FR\",\"@id\":\"https:\/\/uhfp.centre-inffo.fr\/2023\/#\/schema\/logo\/image\/\",\"url\":\"\",\"contentUrl\":\"\",\"caption\":\"Centre Inffo\"},\"image\":{\"@id\":\"https:\/\/uhfp.centre-inffo.fr\/2023\/#\/schema\/logo\/image\/\"},\"sameAs\":[\"https:\/\/www.facebook.com\/centreinffo\",\"https:\/\/twitter.com\/centreinffo\",\"https:\/\/www.linkedin.com\/company\/centre-inffo\/\",\"https:\/\/www.youtube.com\/user\/centreinffo\"]}]}<\/script>\n<!-- \/ Yoast SEO plugin. -->","yoast_head_json":{"title":"Jeudi 26 janvier - 18e Universit\u00e9 d&#039;Hiver de la Formation Professionnelle","robots":{"index":"index","follow":"follow","max-snippet":"max-snippet:-1","max-image-preview":"max-image-preview:large","max-video-preview":"max-video-preview:-1"},"canonical":"https:\/\/uhfp.centre-inffo.fr\/2023\/jeudi-26-janvier\/","og_locale":"fr_FR","og_type":"article","og_title":"Jeudi 26 janvier - 18e Universit\u00e9 d&#039;Hiver de la Formation Professionnelle","og_description":"Composez votre parcours de professionnalisation 9h &#8211; 10h30 A1.1 TRR\u00e9pondre aux transitions industrielles+ Voir le d\u00e9tail A3.2 TRAFEST et VAE : enjeux pour l\u2019entreprise+ Voir le d\u00e9tail A2.3 TRFormations immersives &hellip;","og_url":"https:\/\/uhfp.centre-inffo.fr\/2023\/jeudi-26-janvier\/","og_site_name":"18e Universit\u00e9 d&#039;Hiver de la Formation Professionnelle","article_publisher":"https:\/\/www.facebook.com\/centreinffo","article_modified_time":"2023-01-24T09:11:32+00:00","twitter_card":"summary_large_image","twitter_site":"@centreinffo","twitter_misc":{"Dur\u00e9e de lecture estim\u00e9e":"4 minutes"},"schema":{"@context":"https:\/\/schema.org","@graph":[{"@type":"WebPage","@id":"https:\/\/uhfp.centre-inffo.fr\/2023\/jeudi-26-janvier\/","url":"https:\/\/uhfp.centre-inffo.fr\/2023\/jeudi-26-janvier\/","name":"Jeudi 26 janvier - 18e Universit\u00e9 d&#039;Hiver de la Formation Professionnelle","isPartOf":{"@id":"https:\/\/uhfp.centre-inffo.fr\/2023\/#website"},"datePublished":"1999-11-17T10:28:00+00:00","dateModified":"2023-01-24T09:11:32+00:00","breadcrumb":{"@id":"https:\/\/uhfp.centre-inffo.fr\/2023\/jeudi-26-janvier\/#breadcrumb"},"inLanguage":"fr-FR","potentialAction":[{"@type":"ReadAction","target":["https:\/\/uhfp.centre-inffo.fr\/2023\/jeudi-26-janvier\/"]}]},{"@type":"BreadcrumbList","@id":"https:\/\/uhfp.centre-inffo.fr\/2023\/jeudi-26-janvier\/#breadcrumb","itemListElement":[{"@type":"ListItem","position":1,"name":"Accueil","item":"https:\/\/uhfp.centre-inffo.fr\/2023\/"},{"@type":"ListItem","position":2,"name":"Programme","item":"https:\/\/uhfp.centre-inffo.fr\/2023\/rubrique\/programme\/"},{"@type":"ListItem","position":3,"name":"Jeudi 26 janvier"}]},{"@type":"WebSite","@id":"https:\/\/uhfp.centre-inffo.fr\/2023\/#website","url":"https:\/\/uhfp.centre-inffo.fr\/2023\/","name":"18e Universit\u00e9 d&#039;Hiver de la Formation Professionnelle","description":"Comp\u00e9tences 2030 : r\u00e9ussir ensemble les transitions ! - Du 25 au 27 janvier 2023, \u00e0 Cannes","publisher":{"@id":"https:\/\/uhfp.centre-inffo.fr\/2023\/#organization"},"potentialAction":[{"@type":"SearchAction","target":{"@type":"EntryPoint","urlTemplate":"https:\/\/uhfp.centre-inffo.fr\/2023\/?s={search_term_string}"},"query-input":"required name=search_term_string"}],"inLanguage":"fr-FR"},{"@type":"Organization","@id":"https:\/\/uhfp.centre-inffo.fr\/2023\/#organization","name":"Centre Inffo","url":"https:\/\/uhfp.centre-inffo.fr\/2023\/","logo":{"@type":"ImageObject","inLanguage":"fr-FR","@id":"https:\/\/uhfp.centre-inffo.fr\/2023\/#\/schema\/logo\/image\/","url":"","contentUrl":"","caption":"Centre Inffo"},"image":{"@id":"https:\/\/uhfp.centre-inffo.fr\/2023\/#\/schema\/logo\/image\/"},"sameAs":["https:\/\/www.facebook.com\/centreinffo","https:\/\/twitter.com\/centreinffo","https:\/\/www.linkedin.com\/company\/centre-inffo\/","https:\/\/www.youtube.com\/user\/centreinffo"]}]}},"_links":{"self":[{"href":"https:\/\/uhfp.centre-inffo.fr\/2023\/wp-json\/wp\/v2\/pages\/1661"}],"collection":[{"href":"https:\/\/uhfp.centre-inffo.fr\/2023\/wp-json\/wp\/v2\/pages"}],"about":[{"href":"https:\/\/uhfp.centre-inffo.fr\/2023\/wp-json\/wp\/v2\/types\/page"}],"author":[{"embeddable":true,"href":"https:\/\/uhfp.centre-inffo.fr\/2023\/wp-json\/wp\/v2\/users\/1"}],"replies":[{"embeddable":true,"href":"https:\/\/uhfp.centre-inffo.fr\/2023\/wp-json\/wp\/v2\/comments?post=1661"}],"version-history":[{"count":263,"href":"https:\/\/uhfp.centre-inffo.fr\/2023\/wp-json\/wp\/v2\/pages\/1661\/revisions"}],"predecessor-version":[{"id":6333,"href":"https:\/\/uhfp.centre-inffo.fr\/2023\/wp-json\/wp\/v2\/pages\/1661\/revisions\/6333"}],"wp:attachment":[{"href":"https:\/\/uhfp.centre-inffo.fr\/2023\/wp-json\/wp\/v2\/media?parent=1661"}],"wp:term":[{"taxonomy":"category","embeddable":true,"href":"https:\/\/uhfp.centre-inffo.fr\/2023\/wp-json\/wp\/v2\/categories?post=1661"},{"taxonomy":"post_tag","embeddable":true,"href":"https:\/\/uhfp.centre-inffo.fr\/2023\/wp-json\/wp\/v2\/tags?post=1661"},{"taxonomy":"wf_page_folders","embeddable":true,"href":"https:\/\/uhfp.centre-inffo.fr\/2023\/wp-json\/wp\/v2\/wf_page_folders?post=1661"}],"curies":[{"name":"wp","href":"https:\/\/api.w.org\/{rel}","templated":true}]}}