{"id":2909,"date":"2022-12-13T17:19:13","date_gmt":"2022-12-13T16:19:13","guid":{"rendered":"https:\/\/uhfp.centre-inffo.fr\/2023\/?page_id=2909"},"modified":"2023-02-06T15:45:46","modified_gmt":"2023-02-06T14:45:46","slug":"a4-9-at-creer-son-offre-de-developpement-et-de-transformation-des-competences","status":"publish","type":"page","link":"https:\/\/uhfp.centre-inffo.fr\/2023\/a4-9-at-creer-son-offre-de-developpement-et-de-transformation-des-competences\/","title":{"rendered":"A4.9 AT : Cr\u00e9er son offre de d\u00e9veloppement et de transformation des comp\u00e9tences"},"content":{"rendered":"\n<div class=\"wp-block-buttons is-content-justification-center is-layout-flex wp-container-1\">\n<div class=\"wp-block-button\"><a class=\"wp-block-button__link wp-element-button\" href=\"\/2023\/wp-content\/uploads\/2023\/02\/A4.9-AT.pdf\">T\u00e9l\u00e9charger la pr\u00e9sentation (.pdf)<\/a><\/div>\n<\/div>\n\n\n\n<hr class=\"wp-block-separator has-alpha-channel-opacity\"\/>\n\n\n<p><span data-contrast=\"none\">Le d\u00e9veloppement des comp\u00e9tences au travers de la formation professionnelle repr\u00e9sente la cl\u00e9 de vo\u00fbte de la transformation des organisations et par cons\u00e9quent de tous les acteurs de cet \u00e9cosyst\u00e8me ! La diversit\u00e9 des dispositifs p\u00e9dagogiques et de financement, tout cela rythm\u00e9 au gr\u00e9 des r\u00e9formes, rendent quelque peu complexe son \u00e9valuation, sa valorisation et son adaptation aux besoins de plus en plus pressants des entreprises. Celles-ci n&rsquo;h\u00e9sitant pas \u00e0 cr\u00e9er leur propre entit\u00e9 (cf. CFA, \u00e9coles d&rsquo;entreprise).<\/span><\/p>\n<p><span data-contrast=\"none\">A partir de l\u00e0, dans quelle mesure \u00e9laborer un mod\u00e8le collaboratif, agile et p\u00e9renne ? L\u2019objectif de cet atelier est de partager les retours d\u2019exp\u00e9rience d\u2019acteurs directement impliqu\u00e9s dans ces probl\u00e9matiques, et de dessiner des perspectives et id\u00e9es pratiques pour faciliter cette communication entre ces \u00ab\u00a0diff\u00e9rents mondes\u00a0\u00bb.\u00a0<\/span><span data-ccp-props=\"{}\">\u00a0<\/span><\/p>\n<h3>Objectifs p\u00e9dagogiques<\/h3>\n<ul>\n<li>Identifier les \u00e9l\u00e9ments qui permettent d&rsquo; analyser et \u00e9valuer la performance de son dispositif de formation<\/li>\n<li>Choisir son ou ses partenaires<\/li>\n<li>Elaborer un dispositif de formation agile ou inclusif<\/li>\n<li>P\u00e9renniser et dupliquer son mod\u00e8le<\/li>\n<\/ul>\n<h3>Pilotes<\/h3>\n<ul>\n<li><a href=\"\/2023\/chamayou\/\">Jean-Christophe Chamayou<\/a> &#8211; Pr\u00e9sident, Lafayette Associ\u00e9s<\/li>\n<li><a href=\"\/2023\/cooper\/\">Chlo\u00e9 Cooper<\/a> &#8211; Responsable de la pratique Conseil strat\u00e9gique, Lafayette Associ\u00e9s<\/li>\n<\/ul>\n<h3>Intervention<\/h3>\n<ul>\n<li><a href=\"\/2023\/challe\/\">R\u00e9my Challe<\/a> &#8211; Directeur g\u00e9n\u00e9ral d\u00e9l\u00e9gu\u00e9 &#8211; Talis<\/li>\n<\/ul>","protected":false},"excerpt":{"rendered":"<p>Le d\u00e9veloppement des comp\u00e9tences au travers de la formation professionnelle repr\u00e9sente la cl\u00e9 de vo\u00fbte de la transformation des organisations et par cons\u00e9quent de tous les acteurs de cet \u00e9cosyst\u00e8me &hellip; <\/p>\n","protected":false},"author":1,"featured_media":0,"parent":0,"menu_order":0,"comment_status":"closed","ping_status":"closed","template":"","meta":[],"categories":[40,38],"tags":[],"wf_page_folders":[87],"acf":[],"yoast_head":"<!-- This site is optimized with the Yoast SEO plugin v20.3 - https:\/\/yoast.com\/wordpress\/plugins\/seo\/ -->\n<title>A4.9 AT : Cr\u00e9er son offre de d\u00e9veloppement et de transformation des comp\u00e9tences - 18e Universit\u00e9 d&#039;Hiver de la Formation Professionnelle<\/title>\n<meta name=\"robots\" content=\"index, follow, max-snippet:-1, max-image-preview:large, max-video-preview:-1\" \/>\n<link rel=\"canonical\" href=\"https:\/\/uhfp.centre-inffo.fr\/2023\/a4-9-at-creer-son-offre-de-developpement-et-de-transformation-des-competences\/\" \/>\n<meta property=\"og:locale\" content=\"fr_FR\" \/>\n<meta property=\"og:type\" content=\"article\" \/>\n<meta property=\"og:title\" content=\"A4.9 AT : Cr\u00e9er son offre de d\u00e9veloppement et de transformation des comp\u00e9tences - 18e Universit\u00e9 d&#039;Hiver de la Formation Professionnelle\" \/>\n<meta property=\"og:description\" content=\"Le d\u00e9veloppement des comp\u00e9tences au travers de la formation professionnelle repr\u00e9sente la cl\u00e9 de vo\u00fbte de la transformation des organisations et par cons\u00e9quent de tous les acteurs de cet \u00e9cosyst\u00e8me &hellip;\" \/>\n<meta property=\"og:url\" content=\"https:\/\/uhfp.centre-inffo.fr\/2023\/a4-9-at-creer-son-offre-de-developpement-et-de-transformation-des-competences\/\" \/>\n<meta property=\"og:site_name\" content=\"18e Universit\u00e9 d&#039;Hiver de la Formation Professionnelle\" \/>\n<meta property=\"article:publisher\" content=\"https:\/\/www.facebook.com\/centreinffo\" \/>\n<meta property=\"article:modified_time\" content=\"2023-02-06T14:45:46+00:00\" \/>\n<meta name=\"twitter:card\" content=\"summary_large_image\" \/>\n<meta name=\"twitter:site\" content=\"@centreinffo\" \/>\n<meta name=\"twitter:label1\" content=\"Dur\u00e9e de lecture estim\u00e9e\" \/>\n\t<meta name=\"twitter:data1\" content=\"1 minute\" \/>\n<script type=\"application\/ld+json\" class=\"yoast-schema-graph\">{\"@context\":\"https:\/\/schema.org\",\"@graph\":[{\"@type\":\"WebPage\",\"@id\":\"https:\/\/uhfp.centre-inffo.fr\/2023\/a4-9-at-creer-son-offre-de-developpement-et-de-transformation-des-competences\/\",\"url\":\"https:\/\/uhfp.centre-inffo.fr\/2023\/a4-9-at-creer-son-offre-de-developpement-et-de-transformation-des-competences\/\",\"name\":\"A4.9 AT : Cr\u00e9er son offre de d\u00e9veloppement et de transformation des comp\u00e9tences - 18e Universit\u00e9 d&#039;Hiver de la Formation Professionnelle\",\"isPartOf\":{\"@id\":\"https:\/\/uhfp.centre-inffo.fr\/2023\/#website\"},\"datePublished\":\"2022-12-13T16:19:13+00:00\",\"dateModified\":\"2023-02-06T14:45:46+00:00\",\"breadcrumb\":{\"@id\":\"https:\/\/uhfp.centre-inffo.fr\/2023\/a4-9-at-creer-son-offre-de-developpement-et-de-transformation-des-competences\/#breadcrumb\"},\"inLanguage\":\"fr-FR\",\"potentialAction\":[{\"@type\":\"ReadAction\",\"target\":[\"https:\/\/uhfp.centre-inffo.fr\/2023\/a4-9-at-creer-son-offre-de-developpement-et-de-transformation-des-competences\/\"]}]},{\"@type\":\"BreadcrumbList\",\"@id\":\"https:\/\/uhfp.centre-inffo.fr\/2023\/a4-9-at-creer-son-offre-de-developpement-et-de-transformation-des-competences\/#breadcrumb\",\"itemListElement\":[{\"@type\":\"ListItem\",\"position\":1,\"name\":\"Accueil\",\"item\":\"https:\/\/uhfp.centre-inffo.fr\/2023\/\"},{\"@type\":\"ListItem\",\"position\":2,\"name\":\"Programme\",\"item\":\"https:\/\/uhfp.centre-inffo.fr\/2023\/rubrique\/programme\/\"},{\"@type\":\"ListItem\",\"position\":3,\"name\":\"Jeudi 26 janvier\",\"item\":\"https:\/\/uhfp.centre-inffo.fr\/2023\/rubrique\/programme\/jeudi-26-janvier\/\"},{\"@type\":\"ListItem\",\"position\":4,\"name\":\"A4.9 AT : Cr\u00e9er son offre de d\u00e9veloppement et de transformation des comp\u00e9tences\"}]},{\"@type\":\"WebSite\",\"@id\":\"https:\/\/uhfp.centre-inffo.fr\/2023\/#website\",\"url\":\"https:\/\/uhfp.centre-inffo.fr\/2023\/\",\"name\":\"18e Universit\u00e9 d&#039;Hiver de la Formation Professionnelle\",\"description\":\"Comp\u00e9tences 2030 : r\u00e9ussir ensemble les transitions ! - Du 25 au 27 janvier 2023, \u00e0 Cannes\",\"publisher\":{\"@id\":\"https:\/\/uhfp.centre-inffo.fr\/2023\/#organization\"},\"potentialAction\":[{\"@type\":\"SearchAction\",\"target\":{\"@type\":\"EntryPoint\",\"urlTemplate\":\"https:\/\/uhfp.centre-inffo.fr\/2023\/?s={search_term_string}\"},\"query-input\":\"required name=search_term_string\"}],\"inLanguage\":\"fr-FR\"},{\"@type\":\"Organization\",\"@id\":\"https:\/\/uhfp.centre-inffo.fr\/2023\/#organization\",\"name\":\"Centre Inffo\",\"url\":\"https:\/\/uhfp.centre-inffo.fr\/2023\/\",\"logo\":{\"@type\":\"ImageObject\",\"inLanguage\":\"fr-FR\",\"@id\":\"https:\/\/uhfp.centre-inffo.fr\/2023\/#\/schema\/logo\/image\/\",\"url\":\"\",\"contentUrl\":\"\",\"caption\":\"Centre Inffo\"},\"image\":{\"@id\":\"https:\/\/uhfp.centre-inffo.fr\/2023\/#\/schema\/logo\/image\/\"},\"sameAs\":[\"https:\/\/www.facebook.com\/centreinffo\",\"https:\/\/twitter.com\/centreinffo\",\"https:\/\/www.linkedin.com\/company\/centre-inffo\/\",\"https:\/\/www.youtube.com\/user\/centreinffo\"]}]}<\/script>\n<!-- \/ Yoast SEO plugin. -->","yoast_head_json":{"title":"A4.9 AT : Cr\u00e9er son offre de d\u00e9veloppement et de transformation des comp\u00e9tences - 18e Universit\u00e9 d&#039;Hiver de la Formation Professionnelle","robots":{"index":"index","follow":"follow","max-snippet":"max-snippet:-1","max-image-preview":"max-image-preview:large","max-video-preview":"max-video-preview:-1"},"canonical":"https:\/\/uhfp.centre-inffo.fr\/2023\/a4-9-at-creer-son-offre-de-developpement-et-de-transformation-des-competences\/","og_locale":"fr_FR","og_type":"article","og_title":"A4.9 AT : Cr\u00e9er son offre de d\u00e9veloppement et de transformation des comp\u00e9tences - 18e Universit\u00e9 d&#039;Hiver de la Formation Professionnelle","og_description":"Le d\u00e9veloppement des comp\u00e9tences au travers de la formation professionnelle repr\u00e9sente la cl\u00e9 de vo\u00fbte de la transformation des organisations et par cons\u00e9quent de tous les acteurs de cet \u00e9cosyst\u00e8me &hellip;","og_url":"https:\/\/uhfp.centre-inffo.fr\/2023\/a4-9-at-creer-son-offre-de-developpement-et-de-transformation-des-competences\/","og_site_name":"18e Universit\u00e9 d&#039;Hiver de la Formation Professionnelle","article_publisher":"https:\/\/www.facebook.com\/centreinffo","article_modified_time":"2023-02-06T14:45:46+00:00","twitter_card":"summary_large_image","twitter_site":"@centreinffo","twitter_misc":{"Dur\u00e9e de lecture estim\u00e9e":"1 minute"},"schema":{"@context":"https:\/\/schema.org","@graph":[{"@type":"WebPage","@id":"https:\/\/uhfp.centre-inffo.fr\/2023\/a4-9-at-creer-son-offre-de-developpement-et-de-transformation-des-competences\/","url":"https:\/\/uhfp.centre-inffo.fr\/2023\/a4-9-at-creer-son-offre-de-developpement-et-de-transformation-des-competences\/","name":"A4.9 AT : Cr\u00e9er son offre de d\u00e9veloppement et de transformation des comp\u00e9tences - 18e Universit\u00e9 d&#039;Hiver de la Formation Professionnelle","isPartOf":{"@id":"https:\/\/uhfp.centre-inffo.fr\/2023\/#website"},"datePublished":"2022-12-13T16:19:13+00:00","dateModified":"2023-02-06T14:45:46+00:00","breadcrumb":{"@id":"https:\/\/uhfp.centre-inffo.fr\/2023\/a4-9-at-creer-son-offre-de-developpement-et-de-transformation-des-competences\/#breadcrumb"},"inLanguage":"fr-FR","potentialAction":[{"@type":"ReadAction","target":["https:\/\/uhfp.centre-inffo.fr\/2023\/a4-9-at-creer-son-offre-de-developpement-et-de-transformation-des-competences\/"]}]},{"@type":"BreadcrumbList","@id":"https:\/\/uhfp.centre-inffo.fr\/2023\/a4-9-at-creer-son-offre-de-developpement-et-de-transformation-des-competences\/#breadcrumb","itemListElement":[{"@type":"ListItem","position":1,"name":"Accueil","item":"https:\/\/uhfp.centre-inffo.fr\/2023\/"},{"@type":"ListItem","position":2,"name":"Programme","item":"https:\/\/uhfp.centre-inffo.fr\/2023\/rubrique\/programme\/"},{"@type":"ListItem","position":3,"name":"Jeudi 26 janvier","item":"https:\/\/uhfp.centre-inffo.fr\/2023\/rubrique\/programme\/jeudi-26-janvier\/"},{"@type":"ListItem","position":4,"name":"A4.9 AT : Cr\u00e9er son offre de d\u00e9veloppement et de transformation des comp\u00e9tences"}]},{"@type":"WebSite","@id":"https:\/\/uhfp.centre-inffo.fr\/2023\/#website","url":"https:\/\/uhfp.centre-inffo.fr\/2023\/","name":"18e Universit\u00e9 d&#039;Hiver de la Formation Professionnelle","description":"Comp\u00e9tences 2030 : r\u00e9ussir ensemble les transitions ! - Du 25 au 27 janvier 2023, \u00e0 Cannes","publisher":{"@id":"https:\/\/uhfp.centre-inffo.fr\/2023\/#organization"},"potentialAction":[{"@type":"SearchAction","target":{"@type":"EntryPoint","urlTemplate":"https:\/\/uhfp.centre-inffo.fr\/2023\/?s={search_term_string}"},"query-input":"required name=search_term_string"}],"inLanguage":"fr-FR"},{"@type":"Organization","@id":"https:\/\/uhfp.centre-inffo.fr\/2023\/#organization","name":"Centre Inffo","url":"https:\/\/uhfp.centre-inffo.fr\/2023\/","logo":{"@type":"ImageObject","inLanguage":"fr-FR","@id":"https:\/\/uhfp.centre-inffo.fr\/2023\/#\/schema\/logo\/image\/","url":"","contentUrl":"","caption":"Centre Inffo"},"image":{"@id":"https:\/\/uhfp.centre-inffo.fr\/2023\/#\/schema\/logo\/image\/"},"sameAs":["https:\/\/www.facebook.com\/centreinffo","https:\/\/twitter.com\/centreinffo","https:\/\/www.linkedin.com\/company\/centre-inffo\/","https:\/\/www.youtube.com\/user\/centreinffo"]}]}},"_links":{"self":[{"href":"https:\/\/uhfp.centre-inffo.fr\/2023\/wp-json\/wp\/v2\/pages\/2909"}],"collection":[{"href":"https:\/\/uhfp.centre-inffo.fr\/2023\/wp-json\/wp\/v2\/pages"}],"about":[{"href":"https:\/\/uhfp.centre-inffo.fr\/2023\/wp-json\/wp\/v2\/types\/page"}],"author":[{"embeddable":true,"href":"https:\/\/uhfp.centre-inffo.fr\/2023\/wp-json\/wp\/v2\/users\/1"}],"replies":[{"embeddable":true,"href":"https:\/\/uhfp.centre-inffo.fr\/2023\/wp-json\/wp\/v2\/comments?post=2909"}],"version-history":[{"count":15,"href":"https:\/\/uhfp.centre-inffo.fr\/2023\/wp-json\/wp\/v2\/pages\/2909\/revisions"}],"predecessor-version":[{"id":5984,"href":"https:\/\/uhfp.centre-inffo.fr\/2023\/wp-json\/wp\/v2\/pages\/2909\/revisions\/5984"}],"wp:attachment":[{"href":"https:\/\/uhfp.centre-inffo.fr\/2023\/wp-json\/wp\/v2\/media?parent=2909"}],"wp:term":[{"taxonomy":"category","embeddable":true,"href":"https:\/\/uhfp.centre-inffo.fr\/2023\/wp-json\/wp\/v2\/categories?post=2909"},{"taxonomy":"post_tag","embeddable":true,"href":"https:\/\/uhfp.centre-inffo.fr\/2023\/wp-json\/wp\/v2\/tags?post=2909"},{"taxonomy":"wf_page_folders","embeddable":true,"href":"https:\/\/uhfp.centre-inffo.fr\/2023\/wp-json\/wp\/v2\/wf_page_folders?post=2909"}],"curies":[{"name":"wp","href":"https:\/\/api.w.org\/{rel}","templated":true}]}}