{"id":2928,"date":"2022-12-14T09:52:00","date_gmt":"2022-12-14T08:52:00","guid":{"rendered":"https:\/\/uhfp.centre-inffo.fr\/2023\/?page_id=2928"},"modified":"2023-02-28T13:51:21","modified_gmt":"2023-02-28T12:51:21","slug":"c3-36-at-repenser-les-transitions-professionnelles-pour-repondre-aux-enjeux-individuels-et-collectifs","status":"publish","type":"page","link":"https:\/\/uhfp.centre-inffo.fr\/2023\/c3-36-at-repenser-les-transitions-professionnelles-pour-repondre-aux-enjeux-individuels-et-collectifs\/","title":{"rendered":"C3.36 AT : \u00a0Repenser les transitions professionnelles pour r\u00e9pondre aux enjeux individuels et collectifs\u00a0"},"content":{"rendered":"\n<div class=\"wp-block-buttons is-content-justification-center is-layout-flex wp-container-1\">\n<div class=\"wp-block-button\"><a class=\"wp-block-button__link wp-element-button\" href=\"\/2023\/wp-content\/uploads\/2023\/02\/C3.36-AT.pdf\">T\u00e9l\u00e9charger la pr\u00e9sentation (.pdf)<\/a><\/div>\n<\/div>\n\n\n\n<hr class=\"wp-block-separator has-alpha-channel-opacity\"\/>\n\n\n<p><span data-contrast=\"auto\">S\u2019est d\u00e9velopp\u00e9 au cours des derni\u00e8res d\u00e9cennies un large \u00e9ventail d\u2019accompagnements institutionnels des transitions professionnelles. Celui-ci se retrouve aujourd\u2019hui bouscul\u00e9 par la mani\u00e8re dont les individus se repr\u00e9sentent et construisent leurs transitions. Cet atelier vise \u00e0 discuter des leviers d\u2019action pour repenser des transitions professionnelles plus en phase avec les aspirations individuelles et les nouvelles configurations du march\u00e9 du travail.<\/span><span data-ccp-props=\"{}\">\u00a0<\/span><\/p>\n<p><strong>L\u2019atelier sera structur\u00e9 en plusieurs s\u00e9quences<\/strong><span data-ccp-props=\"{}\">\u00a0<\/span><\/p>\n<ul>\n<li data-leveltext=\"-\" data-font=\"Calibri\" data-listid=\"1\" data-list-defn-props=\"{&quot;335551671&quot;:3,&quot;335552541&quot;:1,&quot;335559684&quot;:-2,&quot;335559685&quot;:720,&quot;335559991&quot;:360,&quot;469769226&quot;:&quot;Calibri&quot;,&quot;469769242&quot;:[8226],&quot;469777803&quot;:&quot;left&quot;,&quot;469777804&quot;:&quot;-&quot;,&quot;469777815&quot;:&quot;hybridMultilevel&quot;}\" aria-setsize=\"-1\" data-aria-posinset=\"3\" data-aria-level=\"1\"><span data-contrast=\"auto\">Introduction et rappel historique sur la construction et l&rsquo;\u00e9volution des dispositifs de gestion\u00a0 des transitions professionnelles, \u00e0 partir de travaux du C\u00e9req\u202f<\/span><span data-ccp-props=\"{}\">\u00a0<\/span><\/li>\n<li data-leveltext=\"-\" data-font=\"Calibri\" data-listid=\"1\" data-list-defn-props=\"{&quot;335551671&quot;:3,&quot;335552541&quot;:1,&quot;335559684&quot;:-2,&quot;335559685&quot;:720,&quot;335559991&quot;:360,&quot;469769226&quot;:&quot;Calibri&quot;,&quot;469769242&quot;:[8226],&quot;469777803&quot;:&quot;left&quot;,&quot;469777804&quot;:&quot;-&quot;,&quot;469777815&quot;:&quot;hybridMultilevel&quot;}\" aria-setsize=\"-1\" data-aria-posinset=\"3\" data-aria-level=\"1\"><span data-contrast=\"auto\">Pr\u00e9sentation de la perception\u00a0 de la construction de transitions professionnelles par les individus, \u00e0 partir d&rsquo;une enqu\u00eate de France Comp\u00e9tences<\/span><span data-ccp-props=\"{}\">\u00a0<\/span><\/li>\n<li data-leveltext=\"-\" data-font=\"Calibri\" data-listid=\"1\" data-list-defn-props=\"{&quot;335551671&quot;:3,&quot;335552541&quot;:1,&quot;335559684&quot;:-2,&quot;335559685&quot;:720,&quot;335559991&quot;:360,&quot;469769226&quot;:&quot;Calibri&quot;,&quot;469769242&quot;:[8226],&quot;469777803&quot;:&quot;left&quot;,&quot;469777804&quot;:&quot;-&quot;,&quot;469777815&quot;:&quot;hybridMultilevel&quot;}\" aria-setsize=\"-1\" data-aria-posinset=\"3\" data-aria-level=\"1\"><span data-contrast=\"auto\">Identification des leviers d&rsquo;action possible pour repenser la gestion des transitions professionnelles, \u00e0 partir des r\u00e9sultats d&rsquo;un groupe de travail du R\u00e9seau Emplois Comp\u00e9tences pilot\u00e9 par France Strat\u00e9gie.<\/span><span data-ccp-props=\"{}\">\u00a0<\/span><\/li>\n<\/ul>\n<h3>\u00a0Objectifs p\u00e9dagogiques<\/h3>\n<ul>\n<li>Identifier les fondements historiques et institutionnels du syst\u00e8me de gestion des transitions professionnelles en France<\/li>\n<li>Avoir un aper\u00e7u de la diversit\u00e9 des pratiques en mati\u00e8re de gestion des diff\u00e9rentes \u00e9tapes des transitions professionnelles par les individus<\/li>\n<li>Disposer d&rsquo;un \u00e9ventail de leviers d&rsquo;action pour contribuer \u00e0 une nouvelle organisation des transitions professionnelles<\/li>\n<\/ul>\n<h3>Pilote<\/h3>\n<ul>\n<li><a href=\"\/2023\/brochier\/\">Damien Brochier<\/a> &#8211; Charg\u00e9 de mission Partenariats &amp; Formation professionnelle, C\u00e9req<\/li>\n<\/ul>\n<h3>Intervenants<\/h3>\n<ul>\n<li><a href=\"\/2023\/bouvart\/\">Coline Bouvart<\/a> &#8211; Cheffe de projet, d\u00e9partement Travail Emploi Comp\u00e9tences, <span style=\"font-size: 1rem;\"><span style=\"font-size: 1rem;\">France strat\u00e9gie<\/span><\/span><\/li>\n<li><a href=\"\/2023\/delay\/\">B\u00e9atrice Delay<\/a> &#8211; Cheffe de projet Direction \u00c9valuation, France comp\u00e9tences<\/li>\n<li><a href=\"\/2023\/donne\/\">Vincent Donne<\/a> &#8211; Chef de projet Formation professionnelle et comp\u00e9tences, France strat\u00e9gie<\/li>\n<\/ul>","protected":false},"excerpt":{"rendered":"<p>S\u2019est d\u00e9velopp\u00e9 au cours des derni\u00e8res d\u00e9cennies un large \u00e9ventail d\u2019accompagnements institutionnels des transitions professionnelles. Celui-ci se retrouve aujourd\u2019hui bouscul\u00e9 par la mani\u00e8re dont les individus se repr\u00e9sentent et construisent &hellip; <\/p>\n","protected":false},"author":1,"featured_media":0,"parent":0,"menu_order":0,"comment_status":"closed","ping_status":"closed","template":"","meta":[],"categories":[40,38],"tags":[],"wf_page_folders":[87],"acf":[],"yoast_head":"<!-- This site is optimized with the Yoast SEO plugin v20.3 - https:\/\/yoast.com\/wordpress\/plugins\/seo\/ -->\n<title>C3.36 AT : \u00a0Repenser les transitions professionnelles pour r\u00e9pondre aux enjeux individuels et collectifs\u00a0 - 18e Universit\u00e9 d&#039;Hiver de la Formation Professionnelle<\/title>\n<meta name=\"robots\" content=\"index, follow, max-snippet:-1, max-image-preview:large, max-video-preview:-1\" \/>\n<link rel=\"canonical\" href=\"https:\/\/uhfp.centre-inffo.fr\/2023\/c3-36-at-repenser-les-transitions-professionnelles-pour-repondre-aux-enjeux-individuels-et-collectifs\/\" \/>\n<meta property=\"og:locale\" content=\"fr_FR\" \/>\n<meta property=\"og:type\" content=\"article\" \/>\n<meta property=\"og:title\" content=\"C3.36 AT : \u00a0Repenser les transitions professionnelles pour r\u00e9pondre aux enjeux individuels et collectifs\u00a0 - 18e Universit\u00e9 d&#039;Hiver de la Formation Professionnelle\" \/>\n<meta property=\"og:description\" content=\"S\u2019est d\u00e9velopp\u00e9 au cours des derni\u00e8res d\u00e9cennies un large \u00e9ventail d\u2019accompagnements institutionnels des transitions professionnelles. Celui-ci se retrouve aujourd\u2019hui bouscul\u00e9 par la mani\u00e8re dont les individus se repr\u00e9sentent et construisent &hellip;\" \/>\n<meta property=\"og:url\" content=\"https:\/\/uhfp.centre-inffo.fr\/2023\/c3-36-at-repenser-les-transitions-professionnelles-pour-repondre-aux-enjeux-individuels-et-collectifs\/\" \/>\n<meta property=\"og:site_name\" content=\"18e Universit\u00e9 d&#039;Hiver de la Formation Professionnelle\" \/>\n<meta property=\"article:publisher\" content=\"https:\/\/www.facebook.com\/centreinffo\" \/>\n<meta property=\"article:modified_time\" content=\"2023-02-28T12:51:21+00:00\" \/>\n<meta name=\"twitter:card\" content=\"summary_large_image\" \/>\n<meta name=\"twitter:site\" content=\"@centreinffo\" \/>\n<meta name=\"twitter:label1\" content=\"Dur\u00e9e de lecture estim\u00e9e\" \/>\n\t<meta name=\"twitter:data1\" content=\"2 minutes\" \/>\n<script type=\"application\/ld+json\" class=\"yoast-schema-graph\">{\"@context\":\"https:\/\/schema.org\",\"@graph\":[{\"@type\":\"WebPage\",\"@id\":\"https:\/\/uhfp.centre-inffo.fr\/2023\/c3-36-at-repenser-les-transitions-professionnelles-pour-repondre-aux-enjeux-individuels-et-collectifs\/\",\"url\":\"https:\/\/uhfp.centre-inffo.fr\/2023\/c3-36-at-repenser-les-transitions-professionnelles-pour-repondre-aux-enjeux-individuels-et-collectifs\/\",\"name\":\"C3.36 AT : \u00a0Repenser les transitions professionnelles pour r\u00e9pondre aux enjeux individuels et collectifs\u00a0 - 18e Universit\u00e9 d&#039;Hiver de la Formation Professionnelle\",\"isPartOf\":{\"@id\":\"https:\/\/uhfp.centre-inffo.fr\/2023\/#website\"},\"datePublished\":\"2022-12-14T08:52:00+00:00\",\"dateModified\":\"2023-02-28T12:51:21+00:00\",\"breadcrumb\":{\"@id\":\"https:\/\/uhfp.centre-inffo.fr\/2023\/c3-36-at-repenser-les-transitions-professionnelles-pour-repondre-aux-enjeux-individuels-et-collectifs\/#breadcrumb\"},\"inLanguage\":\"fr-FR\",\"potentialAction\":[{\"@type\":\"ReadAction\",\"target\":[\"https:\/\/uhfp.centre-inffo.fr\/2023\/c3-36-at-repenser-les-transitions-professionnelles-pour-repondre-aux-enjeux-individuels-et-collectifs\/\"]}]},{\"@type\":\"BreadcrumbList\",\"@id\":\"https:\/\/uhfp.centre-inffo.fr\/2023\/c3-36-at-repenser-les-transitions-professionnelles-pour-repondre-aux-enjeux-individuels-et-collectifs\/#breadcrumb\",\"itemListElement\":[{\"@type\":\"ListItem\",\"position\":1,\"name\":\"Accueil\",\"item\":\"https:\/\/uhfp.centre-inffo.fr\/2023\/\"},{\"@type\":\"ListItem\",\"position\":2,\"name\":\"Programme\",\"item\":\"https:\/\/uhfp.centre-inffo.fr\/2023\/rubrique\/programme\/\"},{\"@type\":\"ListItem\",\"position\":3,\"name\":\"Jeudi 26 janvier\",\"item\":\"https:\/\/uhfp.centre-inffo.fr\/2023\/rubrique\/programme\/jeudi-26-janvier\/\"},{\"@type\":\"ListItem\",\"position\":4,\"name\":\"C3.36 AT : \u00a0Repenser les transitions professionnelles pour r\u00e9pondre aux enjeux individuels et collectifs\u00a0\"}]},{\"@type\":\"WebSite\",\"@id\":\"https:\/\/uhfp.centre-inffo.fr\/2023\/#website\",\"url\":\"https:\/\/uhfp.centre-inffo.fr\/2023\/\",\"name\":\"18e Universit\u00e9 d&#039;Hiver de la Formation Professionnelle\",\"description\":\"Comp\u00e9tences 2030 : r\u00e9ussir ensemble les transitions ! - Du 25 au 27 janvier 2023, \u00e0 Cannes\",\"publisher\":{\"@id\":\"https:\/\/uhfp.centre-inffo.fr\/2023\/#organization\"},\"potentialAction\":[{\"@type\":\"SearchAction\",\"target\":{\"@type\":\"EntryPoint\",\"urlTemplate\":\"https:\/\/uhfp.centre-inffo.fr\/2023\/?s={search_term_string}\"},\"query-input\":\"required name=search_term_string\"}],\"inLanguage\":\"fr-FR\"},{\"@type\":\"Organization\",\"@id\":\"https:\/\/uhfp.centre-inffo.fr\/2023\/#organization\",\"name\":\"Centre Inffo\",\"url\":\"https:\/\/uhfp.centre-inffo.fr\/2023\/\",\"logo\":{\"@type\":\"ImageObject\",\"inLanguage\":\"fr-FR\",\"@id\":\"https:\/\/uhfp.centre-inffo.fr\/2023\/#\/schema\/logo\/image\/\",\"url\":\"\",\"contentUrl\":\"\",\"caption\":\"Centre Inffo\"},\"image\":{\"@id\":\"https:\/\/uhfp.centre-inffo.fr\/2023\/#\/schema\/logo\/image\/\"},\"sameAs\":[\"https:\/\/www.facebook.com\/centreinffo\",\"https:\/\/twitter.com\/centreinffo\",\"https:\/\/www.linkedin.com\/company\/centre-inffo\/\",\"https:\/\/www.youtube.com\/user\/centreinffo\"]}]}<\/script>\n<!-- \/ Yoast SEO plugin. -->","yoast_head_json":{"title":"C3.36 AT : \u00a0Repenser les transitions professionnelles pour r\u00e9pondre aux enjeux individuels et collectifs\u00a0 - 18e Universit\u00e9 d&#039;Hiver de la Formation Professionnelle","robots":{"index":"index","follow":"follow","max-snippet":"max-snippet:-1","max-image-preview":"max-image-preview:large","max-video-preview":"max-video-preview:-1"},"canonical":"https:\/\/uhfp.centre-inffo.fr\/2023\/c3-36-at-repenser-les-transitions-professionnelles-pour-repondre-aux-enjeux-individuels-et-collectifs\/","og_locale":"fr_FR","og_type":"article","og_title":"C3.36 AT : \u00a0Repenser les transitions professionnelles pour r\u00e9pondre aux enjeux individuels et collectifs\u00a0 - 18e Universit\u00e9 d&#039;Hiver de la Formation Professionnelle","og_description":"S\u2019est d\u00e9velopp\u00e9 au cours des derni\u00e8res d\u00e9cennies un large \u00e9ventail d\u2019accompagnements institutionnels des transitions professionnelles. Celui-ci se retrouve aujourd\u2019hui bouscul\u00e9 par la mani\u00e8re dont les individus se repr\u00e9sentent et construisent &hellip;","og_url":"https:\/\/uhfp.centre-inffo.fr\/2023\/c3-36-at-repenser-les-transitions-professionnelles-pour-repondre-aux-enjeux-individuels-et-collectifs\/","og_site_name":"18e Universit\u00e9 d&#039;Hiver de la Formation Professionnelle","article_publisher":"https:\/\/www.facebook.com\/centreinffo","article_modified_time":"2023-02-28T12:51:21+00:00","twitter_card":"summary_large_image","twitter_site":"@centreinffo","twitter_misc":{"Dur\u00e9e de lecture estim\u00e9e":"2 minutes"},"schema":{"@context":"https:\/\/schema.org","@graph":[{"@type":"WebPage","@id":"https:\/\/uhfp.centre-inffo.fr\/2023\/c3-36-at-repenser-les-transitions-professionnelles-pour-repondre-aux-enjeux-individuels-et-collectifs\/","url":"https:\/\/uhfp.centre-inffo.fr\/2023\/c3-36-at-repenser-les-transitions-professionnelles-pour-repondre-aux-enjeux-individuels-et-collectifs\/","name":"C3.36 AT : \u00a0Repenser les transitions professionnelles pour r\u00e9pondre aux enjeux individuels et collectifs\u00a0 - 18e Universit\u00e9 d&#039;Hiver de la Formation Professionnelle","isPartOf":{"@id":"https:\/\/uhfp.centre-inffo.fr\/2023\/#website"},"datePublished":"2022-12-14T08:52:00+00:00","dateModified":"2023-02-28T12:51:21+00:00","breadcrumb":{"@id":"https:\/\/uhfp.centre-inffo.fr\/2023\/c3-36-at-repenser-les-transitions-professionnelles-pour-repondre-aux-enjeux-individuels-et-collectifs\/#breadcrumb"},"inLanguage":"fr-FR","potentialAction":[{"@type":"ReadAction","target":["https:\/\/uhfp.centre-inffo.fr\/2023\/c3-36-at-repenser-les-transitions-professionnelles-pour-repondre-aux-enjeux-individuels-et-collectifs\/"]}]},{"@type":"BreadcrumbList","@id":"https:\/\/uhfp.centre-inffo.fr\/2023\/c3-36-at-repenser-les-transitions-professionnelles-pour-repondre-aux-enjeux-individuels-et-collectifs\/#breadcrumb","itemListElement":[{"@type":"ListItem","position":1,"name":"Accueil","item":"https:\/\/uhfp.centre-inffo.fr\/2023\/"},{"@type":"ListItem","position":2,"name":"Programme","item":"https:\/\/uhfp.centre-inffo.fr\/2023\/rubrique\/programme\/"},{"@type":"ListItem","position":3,"name":"Jeudi 26 janvier","item":"https:\/\/uhfp.centre-inffo.fr\/2023\/rubrique\/programme\/jeudi-26-janvier\/"},{"@type":"ListItem","position":4,"name":"C3.36 AT : \u00a0Repenser les transitions professionnelles pour r\u00e9pondre aux enjeux individuels et collectifs\u00a0"}]},{"@type":"WebSite","@id":"https:\/\/uhfp.centre-inffo.fr\/2023\/#website","url":"https:\/\/uhfp.centre-inffo.fr\/2023\/","name":"18e Universit\u00e9 d&#039;Hiver de la Formation Professionnelle","description":"Comp\u00e9tences 2030 : r\u00e9ussir ensemble les transitions ! - Du 25 au 27 janvier 2023, \u00e0 Cannes","publisher":{"@id":"https:\/\/uhfp.centre-inffo.fr\/2023\/#organization"},"potentialAction":[{"@type":"SearchAction","target":{"@type":"EntryPoint","urlTemplate":"https:\/\/uhfp.centre-inffo.fr\/2023\/?s={search_term_string}"},"query-input":"required name=search_term_string"}],"inLanguage":"fr-FR"},{"@type":"Organization","@id":"https:\/\/uhfp.centre-inffo.fr\/2023\/#organization","name":"Centre Inffo","url":"https:\/\/uhfp.centre-inffo.fr\/2023\/","logo":{"@type":"ImageObject","inLanguage":"fr-FR","@id":"https:\/\/uhfp.centre-inffo.fr\/2023\/#\/schema\/logo\/image\/","url":"","contentUrl":"","caption":"Centre Inffo"},"image":{"@id":"https:\/\/uhfp.centre-inffo.fr\/2023\/#\/schema\/logo\/image\/"},"sameAs":["https:\/\/www.facebook.com\/centreinffo","https:\/\/twitter.com\/centreinffo","https:\/\/www.linkedin.com\/company\/centre-inffo\/","https:\/\/www.youtube.com\/user\/centreinffo"]}]}},"_links":{"self":[{"href":"https:\/\/uhfp.centre-inffo.fr\/2023\/wp-json\/wp\/v2\/pages\/2928"}],"collection":[{"href":"https:\/\/uhfp.centre-inffo.fr\/2023\/wp-json\/wp\/v2\/pages"}],"about":[{"href":"https:\/\/uhfp.centre-inffo.fr\/2023\/wp-json\/wp\/v2\/types\/page"}],"author":[{"embeddable":true,"href":"https:\/\/uhfp.centre-inffo.fr\/2023\/wp-json\/wp\/v2\/users\/1"}],"replies":[{"embeddable":true,"href":"https:\/\/uhfp.centre-inffo.fr\/2023\/wp-json\/wp\/v2\/comments?post=2928"}],"version-history":[{"count":15,"href":"https:\/\/uhfp.centre-inffo.fr\/2023\/wp-json\/wp\/v2\/pages\/2928\/revisions"}],"predecessor-version":[{"id":6195,"href":"https:\/\/uhfp.centre-inffo.fr\/2023\/wp-json\/wp\/v2\/pages\/2928\/revisions\/6195"}],"wp:attachment":[{"href":"https:\/\/uhfp.centre-inffo.fr\/2023\/wp-json\/wp\/v2\/media?parent=2928"}],"wp:term":[{"taxonomy":"category","embeddable":true,"href":"https:\/\/uhfp.centre-inffo.fr\/2023\/wp-json\/wp\/v2\/categories?post=2928"},{"taxonomy":"post_tag","embeddable":true,"href":"https:\/\/uhfp.centre-inffo.fr\/2023\/wp-json\/wp\/v2\/tags?post=2928"},{"taxonomy":"wf_page_folders","embeddable":true,"href":"https:\/\/uhfp.centre-inffo.fr\/2023\/wp-json\/wp\/v2\/wf_page_folders?post=2928"}],"curies":[{"name":"wp","href":"https:\/\/api.w.org\/{rel}","templated":true}]}}