{"id":2995,"date":"2022-12-14T14:45:15","date_gmt":"2022-12-14T13:45:15","guid":{"rendered":"https:\/\/uhfp.centre-inffo.fr\/2023\/?page_id=2995"},"modified":"2023-01-24T10:42:04","modified_gmt":"2023-01-24T09:42:04","slug":"b1-14-tr-la-formation-professionnelle-en-2023-enjeux-et-perspective","status":"publish","type":"page","link":"https:\/\/uhfp.centre-inffo.fr\/2023\/b1-14-tr-la-formation-professionnelle-en-2023-enjeux-et-perspective\/","title":{"rendered":"B1.14 TR &#8211; La formation professionnelle en 2023 : enjeux et perspectives"},"content":{"rendered":"<p><span class=\"TextRun Highlight SCXW168534319 BCX0\" lang=\"FR-FR\" xml:lang=\"FR-FR\" data-contrast=\"none\"><span class=\"NormalTextRun SCXW168534319 BCX0\">2023 sera l\u2019ann\u00e9e des ajustements de la r\u00e9forme de 2018, de la r\u00e9gulation de l\u2019apprentissage et compte personnel de formation (CPF) et du big bang de la VAE. Comment interpr\u00e9ter ces \u00e9volutions ? Le projet de 2018 change-t-il de cap ? Quelles cons\u00e9quences peut avoir la fin du \u00ab\u202fquoi qu\u2019il en co\u00fbte\u202f\u00bb pour les acteurs de la formation ?<\/span><\/span><span class=\"EOP SCXW168534319 BCX0\" data-ccp-props=\"{}\">\u00a0<\/span><\/p>\n<h3>Objectifs p\u00e9dagogiques<\/h3>\n<ul>\n<li>comprendre les pr\u00e9misses des ajustements de la r\u00e9forme<\/li>\n<li>interpr\u00e9ter ces \u00e9volutions<\/li>\n<li>analyser les cons\u00e9quences de ces transitions pour les acteurs de la formation<\/li>\n<\/ul>\n<h3>Pilote<\/h3>\n<ul>\n<li><a href=\"\/2023\/cepede\/\">Jean Philippe C\u00e9p\u00e8de<\/a> &#8211; Directeur Juridique Droit de la formation, Centre Inffo<\/li>\n<\/ul>\n<h3>Intervenants<\/h3>\n<ul>\n<li><a href=\"\/2023\/barth\/\">Ang\u00e9line Barth<\/a> &#8211; Secr\u00e9taire conf\u00e9d\u00e9rale en charge de la formation professionnelle, CGT<\/li>\n<li><a href=\"\/2023\/becoulet\/\">Nathalie B\u00e9coulet<\/a> \u2013 Conseill\u00e8re formation, SGPI<\/li>\n<li><a href=\"\/2023\/chevee\/\">Eric Chev\u00e9e<\/a> &#8211; Vice-pr\u00e9sident en charge en charge des affaires sociales, CPME<\/li>\n<li><a href=\"\/2023\/courbebaisse\/\">Pierre Courbebaisse<\/a> &#8211; Pr\u00e9sident, Les Acteurs de la Comp\u00e9tence<\/li>\n<li><a href=\"\/2023\/durain\/\">Laurent Durain<\/a> &#8211; Caisse des D\u00e9p\u00f4ts<\/li>\n<li><a href=\"\/2023\/fethi\/\">Fouzi Fethi<\/a> &#8211; Directeur du p\u00f4le Droit et Politiques de Formation, Centre Inffo<\/li>\n<li>Jean-Patrick Gille &#8211; Vice-Pr\u00e9sident Centre-Val de Loire \/ R\u00e9gions de France<\/li>\n<li><a href=\"\/2023\/lardy\/\">St\u00e9phane Lardy<\/a> &#8211; Pr\u00e9sident, France comp\u00e9tences<\/li>\n<li><a href=\"\/2023\/ricordeau\/\">Yvan Ricordeau<\/a> &#8211; Secr\u00e9taire national en charge de la formation, CFDT<\/li>\n<li><a href=\"\/2023\/roche\/\">Max Roche<\/a> &#8211; MEDEF<\/li>\n<li><a href=\"https:\/\/uhfp.centre-inffo.fr\/2023\/vandard\/\">Olivier Vandard<\/a> &#8211; Directeur adjoint \u00e9ducation, Jeunesse et formation professionnelle, SGPI<\/li>\n<\/ul>\n","protected":false},"excerpt":{"rendered":"<p>2023 sera l\u2019ann\u00e9e des ajustements de la r\u00e9forme de 2018, de la r\u00e9gulation de l\u2019apprentissage et compte personnel de formation (CPF) et du big bang de la VAE. Comment interpr\u00e9ter &hellip; <\/p>\n","protected":false},"author":1,"featured_media":0,"parent":0,"menu_order":0,"comment_status":"closed","ping_status":"closed","template":"","meta":[],"categories":[40,38],"tags":[],"wf_page_folders":[87],"acf":[],"yoast_head":"<!-- This site is optimized with the Yoast SEO plugin v20.3 - https:\/\/yoast.com\/wordpress\/plugins\/seo\/ -->\n<title>B1.14 TR - La formation professionnelle en 2023 : enjeux et perspectives - 18e Universit\u00e9 d&#039;Hiver de la Formation Professionnelle<\/title>\n<meta name=\"robots\" content=\"index, follow, max-snippet:-1, max-image-preview:large, max-video-preview:-1\" \/>\n<link rel=\"canonical\" href=\"https:\/\/uhfp.centre-inffo.fr\/2023\/b1-14-tr-la-formation-professionnelle-en-2023-enjeux-et-perspective\/\" \/>\n<meta property=\"og:locale\" content=\"fr_FR\" \/>\n<meta property=\"og:type\" content=\"article\" \/>\n<meta property=\"og:title\" content=\"B1.14 TR - La formation professionnelle en 2023 : enjeux et perspectives - 18e Universit\u00e9 d&#039;Hiver de la Formation Professionnelle\" \/>\n<meta property=\"og:description\" content=\"2023 sera l\u2019ann\u00e9e des ajustements de la r\u00e9forme de 2018, de la r\u00e9gulation de l\u2019apprentissage et compte personnel de formation (CPF) et du big bang de la VAE. Comment interpr\u00e9ter &hellip;\" \/>\n<meta property=\"og:url\" content=\"https:\/\/uhfp.centre-inffo.fr\/2023\/b1-14-tr-la-formation-professionnelle-en-2023-enjeux-et-perspective\/\" \/>\n<meta property=\"og:site_name\" content=\"18e Universit\u00e9 d&#039;Hiver de la Formation Professionnelle\" \/>\n<meta property=\"article:publisher\" content=\"https:\/\/www.facebook.com\/centreinffo\" \/>\n<meta property=\"article:modified_time\" content=\"2023-01-24T09:42:04+00:00\" \/>\n<meta name=\"twitter:card\" content=\"summary_large_image\" \/>\n<meta name=\"twitter:site\" content=\"@centreinffo\" \/>\n<meta name=\"twitter:label1\" content=\"Dur\u00e9e de lecture estim\u00e9e\" \/>\n\t<meta name=\"twitter:data1\" content=\"1 minute\" \/>\n<script type=\"application\/ld+json\" class=\"yoast-schema-graph\">{\"@context\":\"https:\/\/schema.org\",\"@graph\":[{\"@type\":\"WebPage\",\"@id\":\"https:\/\/uhfp.centre-inffo.fr\/2023\/b1-14-tr-la-formation-professionnelle-en-2023-enjeux-et-perspective\/\",\"url\":\"https:\/\/uhfp.centre-inffo.fr\/2023\/b1-14-tr-la-formation-professionnelle-en-2023-enjeux-et-perspective\/\",\"name\":\"B1.14 TR - La formation professionnelle en 2023 : enjeux et perspectives - 18e Universit\u00e9 d&#039;Hiver de la Formation Professionnelle\",\"isPartOf\":{\"@id\":\"https:\/\/uhfp.centre-inffo.fr\/2023\/#website\"},\"datePublished\":\"2022-12-14T13:45:15+00:00\",\"dateModified\":\"2023-01-24T09:42:04+00:00\",\"breadcrumb\":{\"@id\":\"https:\/\/uhfp.centre-inffo.fr\/2023\/b1-14-tr-la-formation-professionnelle-en-2023-enjeux-et-perspective\/#breadcrumb\"},\"inLanguage\":\"fr-FR\",\"potentialAction\":[{\"@type\":\"ReadAction\",\"target\":[\"https:\/\/uhfp.centre-inffo.fr\/2023\/b1-14-tr-la-formation-professionnelle-en-2023-enjeux-et-perspective\/\"]}]},{\"@type\":\"BreadcrumbList\",\"@id\":\"https:\/\/uhfp.centre-inffo.fr\/2023\/b1-14-tr-la-formation-professionnelle-en-2023-enjeux-et-perspective\/#breadcrumb\",\"itemListElement\":[{\"@type\":\"ListItem\",\"position\":1,\"name\":\"Accueil\",\"item\":\"https:\/\/uhfp.centre-inffo.fr\/2023\/\"},{\"@type\":\"ListItem\",\"position\":2,\"name\":\"Programme\",\"item\":\"https:\/\/uhfp.centre-inffo.fr\/2023\/rubrique\/programme\/\"},{\"@type\":\"ListItem\",\"position\":3,\"name\":\"Jeudi 26 janvier\",\"item\":\"https:\/\/uhfp.centre-inffo.fr\/2023\/rubrique\/programme\/jeudi-26-janvier\/\"},{\"@type\":\"ListItem\",\"position\":4,\"name\":\"B1.14 TR &#8211; La formation professionnelle en 2023 : enjeux et perspectives\"}]},{\"@type\":\"WebSite\",\"@id\":\"https:\/\/uhfp.centre-inffo.fr\/2023\/#website\",\"url\":\"https:\/\/uhfp.centre-inffo.fr\/2023\/\",\"name\":\"18e Universit\u00e9 d&#039;Hiver de la Formation Professionnelle\",\"description\":\"Comp\u00e9tences 2030 : r\u00e9ussir ensemble les transitions ! - Du 25 au 27 janvier 2023, \u00e0 Cannes\",\"publisher\":{\"@id\":\"https:\/\/uhfp.centre-inffo.fr\/2023\/#organization\"},\"potentialAction\":[{\"@type\":\"SearchAction\",\"target\":{\"@type\":\"EntryPoint\",\"urlTemplate\":\"https:\/\/uhfp.centre-inffo.fr\/2023\/?s={search_term_string}\"},\"query-input\":\"required name=search_term_string\"}],\"inLanguage\":\"fr-FR\"},{\"@type\":\"Organization\",\"@id\":\"https:\/\/uhfp.centre-inffo.fr\/2023\/#organization\",\"name\":\"Centre Inffo\",\"url\":\"https:\/\/uhfp.centre-inffo.fr\/2023\/\",\"logo\":{\"@type\":\"ImageObject\",\"inLanguage\":\"fr-FR\",\"@id\":\"https:\/\/uhfp.centre-inffo.fr\/2023\/#\/schema\/logo\/image\/\",\"url\":\"\",\"contentUrl\":\"\",\"caption\":\"Centre Inffo\"},\"image\":{\"@id\":\"https:\/\/uhfp.centre-inffo.fr\/2023\/#\/schema\/logo\/image\/\"},\"sameAs\":[\"https:\/\/www.facebook.com\/centreinffo\",\"https:\/\/twitter.com\/centreinffo\",\"https:\/\/www.linkedin.com\/company\/centre-inffo\/\",\"https:\/\/www.youtube.com\/user\/centreinffo\"]}]}<\/script>\n<!-- \/ Yoast SEO plugin. -->","yoast_head_json":{"title":"B1.14 TR - La formation professionnelle en 2023 : enjeux et perspectives - 18e Universit\u00e9 d&#039;Hiver de la Formation Professionnelle","robots":{"index":"index","follow":"follow","max-snippet":"max-snippet:-1","max-image-preview":"max-image-preview:large","max-video-preview":"max-video-preview:-1"},"canonical":"https:\/\/uhfp.centre-inffo.fr\/2023\/b1-14-tr-la-formation-professionnelle-en-2023-enjeux-et-perspective\/","og_locale":"fr_FR","og_type":"article","og_title":"B1.14 TR - La formation professionnelle en 2023 : enjeux et perspectives - 18e Universit\u00e9 d&#039;Hiver de la Formation Professionnelle","og_description":"2023 sera l\u2019ann\u00e9e des ajustements de la r\u00e9forme de 2018, de la r\u00e9gulation de l\u2019apprentissage et compte personnel de formation (CPF) et du big bang de la VAE. Comment interpr\u00e9ter &hellip;","og_url":"https:\/\/uhfp.centre-inffo.fr\/2023\/b1-14-tr-la-formation-professionnelle-en-2023-enjeux-et-perspective\/","og_site_name":"18e Universit\u00e9 d&#039;Hiver de la Formation Professionnelle","article_publisher":"https:\/\/www.facebook.com\/centreinffo","article_modified_time":"2023-01-24T09:42:04+00:00","twitter_card":"summary_large_image","twitter_site":"@centreinffo","twitter_misc":{"Dur\u00e9e de lecture estim\u00e9e":"1 minute"},"schema":{"@context":"https:\/\/schema.org","@graph":[{"@type":"WebPage","@id":"https:\/\/uhfp.centre-inffo.fr\/2023\/b1-14-tr-la-formation-professionnelle-en-2023-enjeux-et-perspective\/","url":"https:\/\/uhfp.centre-inffo.fr\/2023\/b1-14-tr-la-formation-professionnelle-en-2023-enjeux-et-perspective\/","name":"B1.14 TR - La formation professionnelle en 2023 : enjeux et perspectives - 18e Universit\u00e9 d&#039;Hiver de la Formation Professionnelle","isPartOf":{"@id":"https:\/\/uhfp.centre-inffo.fr\/2023\/#website"},"datePublished":"2022-12-14T13:45:15+00:00","dateModified":"2023-01-24T09:42:04+00:00","breadcrumb":{"@id":"https:\/\/uhfp.centre-inffo.fr\/2023\/b1-14-tr-la-formation-professionnelle-en-2023-enjeux-et-perspective\/#breadcrumb"},"inLanguage":"fr-FR","potentialAction":[{"@type":"ReadAction","target":["https:\/\/uhfp.centre-inffo.fr\/2023\/b1-14-tr-la-formation-professionnelle-en-2023-enjeux-et-perspective\/"]}]},{"@type":"BreadcrumbList","@id":"https:\/\/uhfp.centre-inffo.fr\/2023\/b1-14-tr-la-formation-professionnelle-en-2023-enjeux-et-perspective\/#breadcrumb","itemListElement":[{"@type":"ListItem","position":1,"name":"Accueil","item":"https:\/\/uhfp.centre-inffo.fr\/2023\/"},{"@type":"ListItem","position":2,"name":"Programme","item":"https:\/\/uhfp.centre-inffo.fr\/2023\/rubrique\/programme\/"},{"@type":"ListItem","position":3,"name":"Jeudi 26 janvier","item":"https:\/\/uhfp.centre-inffo.fr\/2023\/rubrique\/programme\/jeudi-26-janvier\/"},{"@type":"ListItem","position":4,"name":"B1.14 TR &#8211; La formation professionnelle en 2023 : enjeux et perspectives"}]},{"@type":"WebSite","@id":"https:\/\/uhfp.centre-inffo.fr\/2023\/#website","url":"https:\/\/uhfp.centre-inffo.fr\/2023\/","name":"18e Universit\u00e9 d&#039;Hiver de la Formation Professionnelle","description":"Comp\u00e9tences 2030 : r\u00e9ussir ensemble les transitions ! - Du 25 au 27 janvier 2023, \u00e0 Cannes","publisher":{"@id":"https:\/\/uhfp.centre-inffo.fr\/2023\/#organization"},"potentialAction":[{"@type":"SearchAction","target":{"@type":"EntryPoint","urlTemplate":"https:\/\/uhfp.centre-inffo.fr\/2023\/?s={search_term_string}"},"query-input":"required name=search_term_string"}],"inLanguage":"fr-FR"},{"@type":"Organization","@id":"https:\/\/uhfp.centre-inffo.fr\/2023\/#organization","name":"Centre Inffo","url":"https:\/\/uhfp.centre-inffo.fr\/2023\/","logo":{"@type":"ImageObject","inLanguage":"fr-FR","@id":"https:\/\/uhfp.centre-inffo.fr\/2023\/#\/schema\/logo\/image\/","url":"","contentUrl":"","caption":"Centre Inffo"},"image":{"@id":"https:\/\/uhfp.centre-inffo.fr\/2023\/#\/schema\/logo\/image\/"},"sameAs":["https:\/\/www.facebook.com\/centreinffo","https:\/\/twitter.com\/centreinffo","https:\/\/www.linkedin.com\/company\/centre-inffo\/","https:\/\/www.youtube.com\/user\/centreinffo"]}]}},"_links":{"self":[{"href":"https:\/\/uhfp.centre-inffo.fr\/2023\/wp-json\/wp\/v2\/pages\/2995"}],"collection":[{"href":"https:\/\/uhfp.centre-inffo.fr\/2023\/wp-json\/wp\/v2\/pages"}],"about":[{"href":"https:\/\/uhfp.centre-inffo.fr\/2023\/wp-json\/wp\/v2\/types\/page"}],"author":[{"embeddable":true,"href":"https:\/\/uhfp.centre-inffo.fr\/2023\/wp-json\/wp\/v2\/users\/1"}],"replies":[{"embeddable":true,"href":"https:\/\/uhfp.centre-inffo.fr\/2023\/wp-json\/wp\/v2\/comments?post=2995"}],"version-history":[{"count":27,"href":"https:\/\/uhfp.centre-inffo.fr\/2023\/wp-json\/wp\/v2\/pages\/2995\/revisions"}],"predecessor-version":[{"id":5289,"href":"https:\/\/uhfp.centre-inffo.fr\/2023\/wp-json\/wp\/v2\/pages\/2995\/revisions\/5289"}],"wp:attachment":[{"href":"https:\/\/uhfp.centre-inffo.fr\/2023\/wp-json\/wp\/v2\/media?parent=2995"}],"wp:term":[{"taxonomy":"category","embeddable":true,"href":"https:\/\/uhfp.centre-inffo.fr\/2023\/wp-json\/wp\/v2\/categories?post=2995"},{"taxonomy":"post_tag","embeddable":true,"href":"https:\/\/uhfp.centre-inffo.fr\/2023\/wp-json\/wp\/v2\/tags?post=2995"},{"taxonomy":"wf_page_folders","embeddable":true,"href":"https:\/\/uhfp.centre-inffo.fr\/2023\/wp-json\/wp\/v2\/wf_page_folders?post=2995"}],"curies":[{"name":"wp","href":"https:\/\/api.w.org\/{rel}","templated":true}]}}