{"id":3051,"date":"2022-12-14T16:21:04","date_gmt":"2022-12-14T15:21:04","guid":{"rendered":"https:\/\/uhfp.centre-inffo.fr\/2023\/?page_id=3051"},"modified":"2023-02-06T16:12:26","modified_gmt":"2023-02-06T15:12:26","slug":"d2-46-at-linnovation-au-service-de-la-qualite-des-cfa","status":"publish","type":"page","link":"https:\/\/uhfp.centre-inffo.fr\/2023\/d2-46-at-linnovation-au-service-de-la-qualite-des-cfa\/","title":{"rendered":"D2.46 AT : L\u2019innovation au service de la qualit\u00e9 des CFA"},"content":{"rendered":"\n<div class=\"wp-block-buttons is-content-justification-center is-layout-flex wp-container-1\">\n<div class=\"wp-block-button\"><a class=\"wp-block-button__link wp-element-button\" href=\"\/2023\/wp-content\/uploads\/2023\/02\/D2.46-AT.pdf\">T\u00e9l\u00e9charger la pr\u00e9sentation (.pdf)<\/a><\/div>\n<\/div>\n\n\n\n<hr class=\"wp-block-separator has-alpha-channel-opacity\"\/>\n\n\n<p><span data-contrast=\"none\">A trouver un mot dans de nombreuses pages, \u00e0 l\u2019entendre dans de multiples discours, \u00e0 l\u2019employer dans une vari\u00e9t\u00e9 de contexte, il est fatal de s\u2019interroger sur le sens qu\u2019il porte. L\u2019innovation rencontre le succ\u00e8s depuis plus de dix ans ; elle rencontre donc ces difficult\u00e9s : quel est son p\u00e9rim\u00e8tre ? Quelle est sa nature ? Existe-t-elle pour elle-m\u00eame (non, bien s\u00fbr) ? Quelles sont ses finalit\u00e9s et ses objectifs ?<\/span><span data-ccp-props=\"{}\">\u00a0<\/span><\/p>\n<p><span data-contrast=\"none\">Pour les CFA, l\u2019innovation est avant tout p\u00e9dagogique. Elle constitue parfois un axe du projet d\u2019\u00e9tablissement, souvent un levier d\u2019actions, parfois un objet regard\u00e9 avec un peu de circonspection. L\u2019atelier propose de prendre un peu de temps pour r\u00e9pondre \u00e0 ces sujets. Apr\u00e8s avoir \u00e9chang\u00e9 sur les repr\u00e9sentations de l\u2019innovation par les participants, nous cernerons ce qu\u2019elle est, et ce qu\u2019elle n\u2019est pas. Trois apports de r\u00e9flexions seront ensuite partag\u00e9s afin de mieux cerner les objectifs et les finalit\u00e9s de l\u2019innovation en CFA. L\u2019appr\u00e9hension du sujet par les \u00e9quipes de formation d\u2019apprentis sera compl\u00e9t\u00e9e par trois illustrations pratiques.<\/span><span data-ccp-props=\"{&quot;335551550&quot;:6,&quot;335551620&quot;:6}\">\u00a0<\/span><\/p>\n<p><span data-contrast=\"none\">Cet atelier est interactif. Les participants auront l\u2019occasion de s\u2019exprimer directement et au travers d\u2019un outil collaboratif (smartphone recommand\u00e9).<\/span><span data-contrast=\"none\">\u00a0<\/span><\/p>\n<h3>Objectifs p\u00e9dagogiques<\/h3>\n<ul>\n<li>D\u00e9finir le p\u00e9rim\u00e8tre de l\u2019innovation et sa nature en fonction des enjeux des centres de formation d\u2019apprentis<\/li>\n<li>Comprendre ses finalit\u00e9s et ses objectifs, \u00e0 partir d\u2019illustrations du secteur du b\u00e2timent et des travaux publics<\/li>\n<li>Identifier les bonnes pratiques qui pourraient inspirer votre propre activit\u00e9<\/li>\n<\/ul>\n<h3>Pilotes<\/h3>\n<ul>\n<li><a href=\"\/2023\/henon\/\">Jacques-Olivier H\u00e9non<\/a> -Directeur des politiques de formation et de l&rsquo;ing\u00e9nierie p\u00e9dagogique, CCCA-BTP<\/li>\n<li><a href=\"\/2023\/lawinski\/\">Marek Lawinski<\/a> &#8211; Responsable P\u00f4le Internationalisation des comp\u00e9tences,\u00a0 CCCA-BTP<\/li>\n<li><a href=\"\/2023\/soulard\/\">Christelle Soulard<\/a> &#8211; Responsable p\u00f4le Certifications et d\u00e9ploiement de l&rsquo;offre de formation, CCCA-BTP<\/li>\n<\/ul>","protected":false},"excerpt":{"rendered":"<p>A trouver un mot dans de nombreuses pages, \u00e0 l\u2019entendre dans de multiples discours, \u00e0 l\u2019employer dans une vari\u00e9t\u00e9 de contexte, il est fatal de s\u2019interroger sur le sens qu\u2019il &hellip; <\/p>\n","protected":false},"author":1,"featured_media":0,"parent":0,"menu_order":0,"comment_status":"closed","ping_status":"closed","template":"","meta":[],"categories":[40,38],"tags":[],"wf_page_folders":[87],"acf":[],"yoast_head":"<!-- This site is optimized with the Yoast SEO plugin v20.3 - https:\/\/yoast.com\/wordpress\/plugins\/seo\/ -->\n<title>D2.46 AT : L\u2019innovation au service de la qualit\u00e9 des CFA - 18e Universit\u00e9 d&#039;Hiver de la Formation Professionnelle<\/title>\n<meta name=\"robots\" content=\"index, follow, max-snippet:-1, max-image-preview:large, max-video-preview:-1\" \/>\n<link rel=\"canonical\" href=\"https:\/\/uhfp.centre-inffo.fr\/2023\/d2-46-at-linnovation-au-service-de-la-qualite-des-cfa\/\" \/>\n<meta property=\"og:locale\" content=\"fr_FR\" \/>\n<meta property=\"og:type\" content=\"article\" \/>\n<meta property=\"og:title\" content=\"D2.46 AT : L\u2019innovation au service de la qualit\u00e9 des CFA - 18e Universit\u00e9 d&#039;Hiver de la Formation Professionnelle\" \/>\n<meta property=\"og:description\" content=\"A trouver un mot dans de nombreuses pages, \u00e0 l\u2019entendre dans de multiples discours, \u00e0 l\u2019employer dans une vari\u00e9t\u00e9 de contexte, il est fatal de s\u2019interroger sur le sens qu\u2019il &hellip;\" \/>\n<meta property=\"og:url\" content=\"https:\/\/uhfp.centre-inffo.fr\/2023\/d2-46-at-linnovation-au-service-de-la-qualite-des-cfa\/\" \/>\n<meta property=\"og:site_name\" content=\"18e Universit\u00e9 d&#039;Hiver de la Formation Professionnelle\" \/>\n<meta property=\"article:publisher\" content=\"https:\/\/www.facebook.com\/centreinffo\" \/>\n<meta property=\"article:modified_time\" content=\"2023-02-06T15:12:26+00:00\" \/>\n<meta name=\"twitter:card\" content=\"summary_large_image\" \/>\n<meta name=\"twitter:site\" content=\"@centreinffo\" \/>\n<meta name=\"twitter:label1\" content=\"Dur\u00e9e de lecture estim\u00e9e\" \/>\n\t<meta name=\"twitter:data1\" content=\"2 minutes\" \/>\n<script type=\"application\/ld+json\" class=\"yoast-schema-graph\">{\"@context\":\"https:\/\/schema.org\",\"@graph\":[{\"@type\":\"WebPage\",\"@id\":\"https:\/\/uhfp.centre-inffo.fr\/2023\/d2-46-at-linnovation-au-service-de-la-qualite-des-cfa\/\",\"url\":\"https:\/\/uhfp.centre-inffo.fr\/2023\/d2-46-at-linnovation-au-service-de-la-qualite-des-cfa\/\",\"name\":\"D2.46 AT : L\u2019innovation au service de la qualit\u00e9 des CFA - 18e Universit\u00e9 d&#039;Hiver de la Formation Professionnelle\",\"isPartOf\":{\"@id\":\"https:\/\/uhfp.centre-inffo.fr\/2023\/#website\"},\"datePublished\":\"2022-12-14T15:21:04+00:00\",\"dateModified\":\"2023-02-06T15:12:26+00:00\",\"breadcrumb\":{\"@id\":\"https:\/\/uhfp.centre-inffo.fr\/2023\/d2-46-at-linnovation-au-service-de-la-qualite-des-cfa\/#breadcrumb\"},\"inLanguage\":\"fr-FR\",\"potentialAction\":[{\"@type\":\"ReadAction\",\"target\":[\"https:\/\/uhfp.centre-inffo.fr\/2023\/d2-46-at-linnovation-au-service-de-la-qualite-des-cfa\/\"]}]},{\"@type\":\"BreadcrumbList\",\"@id\":\"https:\/\/uhfp.centre-inffo.fr\/2023\/d2-46-at-linnovation-au-service-de-la-qualite-des-cfa\/#breadcrumb\",\"itemListElement\":[{\"@type\":\"ListItem\",\"position\":1,\"name\":\"Accueil\",\"item\":\"https:\/\/uhfp.centre-inffo.fr\/2023\/\"},{\"@type\":\"ListItem\",\"position\":2,\"name\":\"Programme\",\"item\":\"https:\/\/uhfp.centre-inffo.fr\/2023\/rubrique\/programme\/\"},{\"@type\":\"ListItem\",\"position\":3,\"name\":\"Jeudi 26 janvier\",\"item\":\"https:\/\/uhfp.centre-inffo.fr\/2023\/rubrique\/programme\/jeudi-26-janvier\/\"},{\"@type\":\"ListItem\",\"position\":4,\"name\":\"D2.46 AT : L\u2019innovation au service de la qualit\u00e9 des CFA\"}]},{\"@type\":\"WebSite\",\"@id\":\"https:\/\/uhfp.centre-inffo.fr\/2023\/#website\",\"url\":\"https:\/\/uhfp.centre-inffo.fr\/2023\/\",\"name\":\"18e Universit\u00e9 d&#039;Hiver de la Formation Professionnelle\",\"description\":\"Comp\u00e9tences 2030 : r\u00e9ussir ensemble les transitions ! - Du 25 au 27 janvier 2023, \u00e0 Cannes\",\"publisher\":{\"@id\":\"https:\/\/uhfp.centre-inffo.fr\/2023\/#organization\"},\"potentialAction\":[{\"@type\":\"SearchAction\",\"target\":{\"@type\":\"EntryPoint\",\"urlTemplate\":\"https:\/\/uhfp.centre-inffo.fr\/2023\/?s={search_term_string}\"},\"query-input\":\"required name=search_term_string\"}],\"inLanguage\":\"fr-FR\"},{\"@type\":\"Organization\",\"@id\":\"https:\/\/uhfp.centre-inffo.fr\/2023\/#organization\",\"name\":\"Centre Inffo\",\"url\":\"https:\/\/uhfp.centre-inffo.fr\/2023\/\",\"logo\":{\"@type\":\"ImageObject\",\"inLanguage\":\"fr-FR\",\"@id\":\"https:\/\/uhfp.centre-inffo.fr\/2023\/#\/schema\/logo\/image\/\",\"url\":\"\",\"contentUrl\":\"\",\"caption\":\"Centre Inffo\"},\"image\":{\"@id\":\"https:\/\/uhfp.centre-inffo.fr\/2023\/#\/schema\/logo\/image\/\"},\"sameAs\":[\"https:\/\/www.facebook.com\/centreinffo\",\"https:\/\/twitter.com\/centreinffo\",\"https:\/\/www.linkedin.com\/company\/centre-inffo\/\",\"https:\/\/www.youtube.com\/user\/centreinffo\"]}]}<\/script>\n<!-- \/ Yoast SEO plugin. -->","yoast_head_json":{"title":"D2.46 AT : L\u2019innovation au service de la qualit\u00e9 des CFA - 18e Universit\u00e9 d&#039;Hiver de la Formation Professionnelle","robots":{"index":"index","follow":"follow","max-snippet":"max-snippet:-1","max-image-preview":"max-image-preview:large","max-video-preview":"max-video-preview:-1"},"canonical":"https:\/\/uhfp.centre-inffo.fr\/2023\/d2-46-at-linnovation-au-service-de-la-qualite-des-cfa\/","og_locale":"fr_FR","og_type":"article","og_title":"D2.46 AT : L\u2019innovation au service de la qualit\u00e9 des CFA - 18e Universit\u00e9 d&#039;Hiver de la Formation Professionnelle","og_description":"A trouver un mot dans de nombreuses pages, \u00e0 l\u2019entendre dans de multiples discours, \u00e0 l\u2019employer dans une vari\u00e9t\u00e9 de contexte, il est fatal de s\u2019interroger sur le sens qu\u2019il &hellip;","og_url":"https:\/\/uhfp.centre-inffo.fr\/2023\/d2-46-at-linnovation-au-service-de-la-qualite-des-cfa\/","og_site_name":"18e Universit\u00e9 d&#039;Hiver de la Formation Professionnelle","article_publisher":"https:\/\/www.facebook.com\/centreinffo","article_modified_time":"2023-02-06T15:12:26+00:00","twitter_card":"summary_large_image","twitter_site":"@centreinffo","twitter_misc":{"Dur\u00e9e de lecture estim\u00e9e":"2 minutes"},"schema":{"@context":"https:\/\/schema.org","@graph":[{"@type":"WebPage","@id":"https:\/\/uhfp.centre-inffo.fr\/2023\/d2-46-at-linnovation-au-service-de-la-qualite-des-cfa\/","url":"https:\/\/uhfp.centre-inffo.fr\/2023\/d2-46-at-linnovation-au-service-de-la-qualite-des-cfa\/","name":"D2.46 AT : L\u2019innovation au service de la qualit\u00e9 des CFA - 18e Universit\u00e9 d&#039;Hiver de la Formation Professionnelle","isPartOf":{"@id":"https:\/\/uhfp.centre-inffo.fr\/2023\/#website"},"datePublished":"2022-12-14T15:21:04+00:00","dateModified":"2023-02-06T15:12:26+00:00","breadcrumb":{"@id":"https:\/\/uhfp.centre-inffo.fr\/2023\/d2-46-at-linnovation-au-service-de-la-qualite-des-cfa\/#breadcrumb"},"inLanguage":"fr-FR","potentialAction":[{"@type":"ReadAction","target":["https:\/\/uhfp.centre-inffo.fr\/2023\/d2-46-at-linnovation-au-service-de-la-qualite-des-cfa\/"]}]},{"@type":"BreadcrumbList","@id":"https:\/\/uhfp.centre-inffo.fr\/2023\/d2-46-at-linnovation-au-service-de-la-qualite-des-cfa\/#breadcrumb","itemListElement":[{"@type":"ListItem","position":1,"name":"Accueil","item":"https:\/\/uhfp.centre-inffo.fr\/2023\/"},{"@type":"ListItem","position":2,"name":"Programme","item":"https:\/\/uhfp.centre-inffo.fr\/2023\/rubrique\/programme\/"},{"@type":"ListItem","position":3,"name":"Jeudi 26 janvier","item":"https:\/\/uhfp.centre-inffo.fr\/2023\/rubrique\/programme\/jeudi-26-janvier\/"},{"@type":"ListItem","position":4,"name":"D2.46 AT : L\u2019innovation au service de la qualit\u00e9 des CFA"}]},{"@type":"WebSite","@id":"https:\/\/uhfp.centre-inffo.fr\/2023\/#website","url":"https:\/\/uhfp.centre-inffo.fr\/2023\/","name":"18e Universit\u00e9 d&#039;Hiver de la Formation Professionnelle","description":"Comp\u00e9tences 2030 : r\u00e9ussir ensemble les transitions ! - Du 25 au 27 janvier 2023, \u00e0 Cannes","publisher":{"@id":"https:\/\/uhfp.centre-inffo.fr\/2023\/#organization"},"potentialAction":[{"@type":"SearchAction","target":{"@type":"EntryPoint","urlTemplate":"https:\/\/uhfp.centre-inffo.fr\/2023\/?s={search_term_string}"},"query-input":"required name=search_term_string"}],"inLanguage":"fr-FR"},{"@type":"Organization","@id":"https:\/\/uhfp.centre-inffo.fr\/2023\/#organization","name":"Centre Inffo","url":"https:\/\/uhfp.centre-inffo.fr\/2023\/","logo":{"@type":"ImageObject","inLanguage":"fr-FR","@id":"https:\/\/uhfp.centre-inffo.fr\/2023\/#\/schema\/logo\/image\/","url":"","contentUrl":"","caption":"Centre Inffo"},"image":{"@id":"https:\/\/uhfp.centre-inffo.fr\/2023\/#\/schema\/logo\/image\/"},"sameAs":["https:\/\/www.facebook.com\/centreinffo","https:\/\/twitter.com\/centreinffo","https:\/\/www.linkedin.com\/company\/centre-inffo\/","https:\/\/www.youtube.com\/user\/centreinffo"]}]}},"_links":{"self":[{"href":"https:\/\/uhfp.centre-inffo.fr\/2023\/wp-json\/wp\/v2\/pages\/3051"}],"collection":[{"href":"https:\/\/uhfp.centre-inffo.fr\/2023\/wp-json\/wp\/v2\/pages"}],"about":[{"href":"https:\/\/uhfp.centre-inffo.fr\/2023\/wp-json\/wp\/v2\/types\/page"}],"author":[{"embeddable":true,"href":"https:\/\/uhfp.centre-inffo.fr\/2023\/wp-json\/wp\/v2\/users\/1"}],"replies":[{"embeddable":true,"href":"https:\/\/uhfp.centre-inffo.fr\/2023\/wp-json\/wp\/v2\/comments?post=3051"}],"version-history":[{"count":10,"href":"https:\/\/uhfp.centre-inffo.fr\/2023\/wp-json\/wp\/v2\/pages\/3051\/revisions"}],"predecessor-version":[{"id":5999,"href":"https:\/\/uhfp.centre-inffo.fr\/2023\/wp-json\/wp\/v2\/pages\/3051\/revisions\/5999"}],"wp:attachment":[{"href":"https:\/\/uhfp.centre-inffo.fr\/2023\/wp-json\/wp\/v2\/media?parent=3051"}],"wp:term":[{"taxonomy":"category","embeddable":true,"href":"https:\/\/uhfp.centre-inffo.fr\/2023\/wp-json\/wp\/v2\/categories?post=3051"},{"taxonomy":"post_tag","embeddable":true,"href":"https:\/\/uhfp.centre-inffo.fr\/2023\/wp-json\/wp\/v2\/tags?post=3051"},{"taxonomy":"wf_page_folders","embeddable":true,"href":"https:\/\/uhfp.centre-inffo.fr\/2023\/wp-json\/wp\/v2\/wf_page_folders?post=3051"}],"curies":[{"name":"wp","href":"https:\/\/api.w.org\/{rel}","templated":true}]}}