{"id":3089,"date":"2022-12-15T13:28:21","date_gmt":"2022-12-15T12:28:21","guid":{"rendered":"https:\/\/uhfp.centre-inffo.fr\/2023\/?page_id=3089"},"modified":"2023-01-25T09:37:03","modified_gmt":"2023-01-25T08:37:03","slug":"b2-26-at-optimiser-ses-demandes-de-financements-publics-pour-des-projets-innovants","status":"publish","type":"page","link":"https:\/\/uhfp.centre-inffo.fr\/2023\/b2-26-at-optimiser-ses-demandes-de-financements-publics-pour-des-projets-innovants\/","title":{"rendered":"B2.26 AT : Optimiser ses demandes de financements publics pour des projets innovants"},"content":{"rendered":"<p>Lors de cet atelier, seront pr\u00e9sent\u00e9s des projets et t\u00e9moignages relatifs \u00e0 des financements publics en faveur du d\u00e9veloppement des comp\u00e9tences et formations.<\/p>\n<p>Quatre interventions distinctes aborderont les sujets suivants\u00a0:<\/p>\n<ul type=\"disc\">\n<li>Les apports de l\u2019Europe dans le cadre du FSE+ : ce que ce fonds cofinance, les interlocuteurs, etc.<\/li>\n<li>La place et le r\u00f4le du r\u00e9seau Epale, facilitateur de partenariats pour des projet europ\u00e9ens<\/li>\n<li>La strat\u00e9gie du secteur du BTP concernant la place de la mobilit\u00e9 europ\u00e9enne dans des parcours de formation professionnelle aux m\u00e9tiers du BTP, notamment les partenariat et compl\u00e9mentarit\u00e9 des fonds publics\/priv\u00e9s pour l\u2019internationalisation des comp\u00e9tences et la constitution des consortia pour la formation professionnelle<\/li>\n<li>Un projet port\u00e9 par le Carif-Oref Provence-Alpes-C\u00f4te d\u2019Azur avec l\u2019Opco EP sous le prisme de l\u2019articulation \u00ab investissement public et initiatives priv\u00e9es \u00bb, de l\u2019impact des financements c\u0153ur de ville et petites villes de demain, et les r\u00e9sultats de ce projet dont le diagnostic emploi\/formation dans des communaut\u00e9s de communes.<\/li>\n<\/ul>\n<h3>Objectifs p\u00e9dagogiques<\/h3>\n<ul>\n<li>Comprendre comment r\u00e9aliser une compl\u00e9mentarit\u00e9 de fonds publics et priv\u00e9s<\/li>\n<li>R\u00e9unir les \u00e9l\u00e9ments pour constituer des consortiums pour la formation professionnelle et pour l\u2019enseignement sup\u00e9rieur<\/li>\n<li>Identifier des pistes de projets innovants dans le secteur de la formation<\/li>\n<\/ul>\n<h3>Animation<\/h3>\n<ul>\n<li><a href=\"\/2023\/roussel\/\">R\u00e9gis Roussel<\/a> \u2013 Responsable du D\u00e9partement R\u00e9gions-Europe-International \u00e0 Centre Inffo, en charge des relations avec les instances et institutions R\u00e9gionales et Europ\u00e9ennes, et coordonnateur du r\u00e9seau ReferNet<\/li>\n<\/ul>\n<h3>Intervenants<\/h3>\n<ul>\n<li><a href=\"\/2023\/antoniol\/\">Didier Antoniol<\/a> &#8211; D\u00e9l\u00e9gu\u00e9 R\u00e9gional, Opco EP PACA<\/li>\n<li><a href=\"\/2023\/daniel\/\">G\u00e9raldine Daniel<\/a> &#8211; Directrice G\u00e9n\u00e9rale, Carif-Oref Provence-Alpes-C\u00f4te d\u2019Azur<\/li>\n<li><a href=\"\/2023\/lawinski\/\">Marek Lawinski<\/a> &#8211; Responsable P\u00f4le Internationalisation des comp\u00e9tences, CCCA-BTP<\/li>\n<li><a href=\"\/2023\/major\/\">Susana Major<\/a> &#8211; Chef de projet pour Electronic Platform for Adult Learning in Europe (EPALE), Agence Erasmus+ \/ Education Formation<\/li>\n<li><a href=\"\/2023\/maquet\/\">Isabelle Maquet<\/a> &#8211; Conseill\u00e8re \u00e9conomique, Repr\u00e9sentation de la Commission Europ\u00e9enne en France<\/li>\n<\/ul>\n","protected":false},"excerpt":{"rendered":"<p>Lors de cet atelier, seront pr\u00e9sent\u00e9s des projets et t\u00e9moignages relatifs \u00e0 des financements publics en faveur du d\u00e9veloppement des comp\u00e9tences et formations. Quatre interventions distinctes aborderont les sujets suivants\u00a0: &hellip; <\/p>\n","protected":false},"author":1,"featured_media":0,"parent":0,"menu_order":0,"comment_status":"closed","ping_status":"closed","template":"","meta":[],"categories":[40,38],"tags":[],"wf_page_folders":[87],"acf":[],"yoast_head":"<!-- This site is optimized with the Yoast SEO plugin v20.3 - https:\/\/yoast.com\/wordpress\/plugins\/seo\/ -->\n<title>B2.26 AT : Optimiser ses demandes de financements publics pour des projets innovants - 18e Universit\u00e9 d&#039;Hiver de la Formation Professionnelle<\/title>\n<meta name=\"robots\" content=\"index, follow, max-snippet:-1, max-image-preview:large, max-video-preview:-1\" \/>\n<link rel=\"canonical\" href=\"https:\/\/uhfp.centre-inffo.fr\/2023\/b2-26-at-optimiser-ses-demandes-de-financements-publics-pour-des-projets-innovants\/\" \/>\n<meta property=\"og:locale\" content=\"fr_FR\" \/>\n<meta property=\"og:type\" content=\"article\" \/>\n<meta property=\"og:title\" content=\"B2.26 AT : Optimiser ses demandes de financements publics pour des projets innovants - 18e Universit\u00e9 d&#039;Hiver de la Formation Professionnelle\" \/>\n<meta property=\"og:description\" content=\"Lors de cet atelier, seront pr\u00e9sent\u00e9s des projets et t\u00e9moignages relatifs \u00e0 des financements publics en faveur du d\u00e9veloppement des comp\u00e9tences et formations. Quatre interventions distinctes aborderont les sujets suivants\u00a0: &hellip;\" \/>\n<meta property=\"og:url\" content=\"https:\/\/uhfp.centre-inffo.fr\/2023\/b2-26-at-optimiser-ses-demandes-de-financements-publics-pour-des-projets-innovants\/\" \/>\n<meta property=\"og:site_name\" content=\"18e Universit\u00e9 d&#039;Hiver de la Formation Professionnelle\" \/>\n<meta property=\"article:publisher\" content=\"https:\/\/www.facebook.com\/centreinffo\" \/>\n<meta property=\"article:modified_time\" content=\"2023-01-25T08:37:03+00:00\" \/>\n<meta name=\"twitter:card\" content=\"summary_large_image\" \/>\n<meta name=\"twitter:site\" content=\"@centreinffo\" \/>\n<meta name=\"twitter:label1\" content=\"Dur\u00e9e de lecture estim\u00e9e\" \/>\n\t<meta name=\"twitter:data1\" content=\"2 minutes\" \/>\n<script type=\"application\/ld+json\" class=\"yoast-schema-graph\">{\"@context\":\"https:\/\/schema.org\",\"@graph\":[{\"@type\":\"WebPage\",\"@id\":\"https:\/\/uhfp.centre-inffo.fr\/2023\/b2-26-at-optimiser-ses-demandes-de-financements-publics-pour-des-projets-innovants\/\",\"url\":\"https:\/\/uhfp.centre-inffo.fr\/2023\/b2-26-at-optimiser-ses-demandes-de-financements-publics-pour-des-projets-innovants\/\",\"name\":\"B2.26 AT : Optimiser ses demandes de financements publics pour des projets innovants - 18e Universit\u00e9 d&#039;Hiver de la Formation Professionnelle\",\"isPartOf\":{\"@id\":\"https:\/\/uhfp.centre-inffo.fr\/2023\/#website\"},\"datePublished\":\"2022-12-15T12:28:21+00:00\",\"dateModified\":\"2023-01-25T08:37:03+00:00\",\"breadcrumb\":{\"@id\":\"https:\/\/uhfp.centre-inffo.fr\/2023\/b2-26-at-optimiser-ses-demandes-de-financements-publics-pour-des-projets-innovants\/#breadcrumb\"},\"inLanguage\":\"fr-FR\",\"potentialAction\":[{\"@type\":\"ReadAction\",\"target\":[\"https:\/\/uhfp.centre-inffo.fr\/2023\/b2-26-at-optimiser-ses-demandes-de-financements-publics-pour-des-projets-innovants\/\"]}]},{\"@type\":\"BreadcrumbList\",\"@id\":\"https:\/\/uhfp.centre-inffo.fr\/2023\/b2-26-at-optimiser-ses-demandes-de-financements-publics-pour-des-projets-innovants\/#breadcrumb\",\"itemListElement\":[{\"@type\":\"ListItem\",\"position\":1,\"name\":\"Accueil\",\"item\":\"https:\/\/uhfp.centre-inffo.fr\/2023\/\"},{\"@type\":\"ListItem\",\"position\":2,\"name\":\"Programme\",\"item\":\"https:\/\/uhfp.centre-inffo.fr\/2023\/rubrique\/programme\/\"},{\"@type\":\"ListItem\",\"position\":3,\"name\":\"Jeudi 26 janvier\",\"item\":\"https:\/\/uhfp.centre-inffo.fr\/2023\/rubrique\/programme\/jeudi-26-janvier\/\"},{\"@type\":\"ListItem\",\"position\":4,\"name\":\"B2.26 AT : Optimiser ses demandes de financements publics pour des projets innovants\"}]},{\"@type\":\"WebSite\",\"@id\":\"https:\/\/uhfp.centre-inffo.fr\/2023\/#website\",\"url\":\"https:\/\/uhfp.centre-inffo.fr\/2023\/\",\"name\":\"18e Universit\u00e9 d&#039;Hiver de la Formation Professionnelle\",\"description\":\"Comp\u00e9tences 2030 : r\u00e9ussir ensemble les transitions ! - Du 25 au 27 janvier 2023, \u00e0 Cannes\",\"publisher\":{\"@id\":\"https:\/\/uhfp.centre-inffo.fr\/2023\/#organization\"},\"potentialAction\":[{\"@type\":\"SearchAction\",\"target\":{\"@type\":\"EntryPoint\",\"urlTemplate\":\"https:\/\/uhfp.centre-inffo.fr\/2023\/?s={search_term_string}\"},\"query-input\":\"required name=search_term_string\"}],\"inLanguage\":\"fr-FR\"},{\"@type\":\"Organization\",\"@id\":\"https:\/\/uhfp.centre-inffo.fr\/2023\/#organization\",\"name\":\"Centre Inffo\",\"url\":\"https:\/\/uhfp.centre-inffo.fr\/2023\/\",\"logo\":{\"@type\":\"ImageObject\",\"inLanguage\":\"fr-FR\",\"@id\":\"https:\/\/uhfp.centre-inffo.fr\/2023\/#\/schema\/logo\/image\/\",\"url\":\"\",\"contentUrl\":\"\",\"caption\":\"Centre Inffo\"},\"image\":{\"@id\":\"https:\/\/uhfp.centre-inffo.fr\/2023\/#\/schema\/logo\/image\/\"},\"sameAs\":[\"https:\/\/www.facebook.com\/centreinffo\",\"https:\/\/twitter.com\/centreinffo\",\"https:\/\/www.linkedin.com\/company\/centre-inffo\/\",\"https:\/\/www.youtube.com\/user\/centreinffo\"]}]}<\/script>\n<!-- \/ Yoast SEO plugin. -->","yoast_head_json":{"title":"B2.26 AT : Optimiser ses demandes de financements publics pour des projets innovants - 18e Universit\u00e9 d&#039;Hiver de la Formation Professionnelle","robots":{"index":"index","follow":"follow","max-snippet":"max-snippet:-1","max-image-preview":"max-image-preview:large","max-video-preview":"max-video-preview:-1"},"canonical":"https:\/\/uhfp.centre-inffo.fr\/2023\/b2-26-at-optimiser-ses-demandes-de-financements-publics-pour-des-projets-innovants\/","og_locale":"fr_FR","og_type":"article","og_title":"B2.26 AT : Optimiser ses demandes de financements publics pour des projets innovants - 18e Universit\u00e9 d&#039;Hiver de la Formation Professionnelle","og_description":"Lors de cet atelier, seront pr\u00e9sent\u00e9s des projets et t\u00e9moignages relatifs \u00e0 des financements publics en faveur du d\u00e9veloppement des comp\u00e9tences et formations. Quatre interventions distinctes aborderont les sujets suivants\u00a0: &hellip;","og_url":"https:\/\/uhfp.centre-inffo.fr\/2023\/b2-26-at-optimiser-ses-demandes-de-financements-publics-pour-des-projets-innovants\/","og_site_name":"18e Universit\u00e9 d&#039;Hiver de la Formation Professionnelle","article_publisher":"https:\/\/www.facebook.com\/centreinffo","article_modified_time":"2023-01-25T08:37:03+00:00","twitter_card":"summary_large_image","twitter_site":"@centreinffo","twitter_misc":{"Dur\u00e9e de lecture estim\u00e9e":"2 minutes"},"schema":{"@context":"https:\/\/schema.org","@graph":[{"@type":"WebPage","@id":"https:\/\/uhfp.centre-inffo.fr\/2023\/b2-26-at-optimiser-ses-demandes-de-financements-publics-pour-des-projets-innovants\/","url":"https:\/\/uhfp.centre-inffo.fr\/2023\/b2-26-at-optimiser-ses-demandes-de-financements-publics-pour-des-projets-innovants\/","name":"B2.26 AT : Optimiser ses demandes de financements publics pour des projets innovants - 18e Universit\u00e9 d&#039;Hiver de la Formation Professionnelle","isPartOf":{"@id":"https:\/\/uhfp.centre-inffo.fr\/2023\/#website"},"datePublished":"2022-12-15T12:28:21+00:00","dateModified":"2023-01-25T08:37:03+00:00","breadcrumb":{"@id":"https:\/\/uhfp.centre-inffo.fr\/2023\/b2-26-at-optimiser-ses-demandes-de-financements-publics-pour-des-projets-innovants\/#breadcrumb"},"inLanguage":"fr-FR","potentialAction":[{"@type":"ReadAction","target":["https:\/\/uhfp.centre-inffo.fr\/2023\/b2-26-at-optimiser-ses-demandes-de-financements-publics-pour-des-projets-innovants\/"]}]},{"@type":"BreadcrumbList","@id":"https:\/\/uhfp.centre-inffo.fr\/2023\/b2-26-at-optimiser-ses-demandes-de-financements-publics-pour-des-projets-innovants\/#breadcrumb","itemListElement":[{"@type":"ListItem","position":1,"name":"Accueil","item":"https:\/\/uhfp.centre-inffo.fr\/2023\/"},{"@type":"ListItem","position":2,"name":"Programme","item":"https:\/\/uhfp.centre-inffo.fr\/2023\/rubrique\/programme\/"},{"@type":"ListItem","position":3,"name":"Jeudi 26 janvier","item":"https:\/\/uhfp.centre-inffo.fr\/2023\/rubrique\/programme\/jeudi-26-janvier\/"},{"@type":"ListItem","position":4,"name":"B2.26 AT : Optimiser ses demandes de financements publics pour des projets innovants"}]},{"@type":"WebSite","@id":"https:\/\/uhfp.centre-inffo.fr\/2023\/#website","url":"https:\/\/uhfp.centre-inffo.fr\/2023\/","name":"18e Universit\u00e9 d&#039;Hiver de la Formation Professionnelle","description":"Comp\u00e9tences 2030 : r\u00e9ussir ensemble les transitions ! - Du 25 au 27 janvier 2023, \u00e0 Cannes","publisher":{"@id":"https:\/\/uhfp.centre-inffo.fr\/2023\/#organization"},"potentialAction":[{"@type":"SearchAction","target":{"@type":"EntryPoint","urlTemplate":"https:\/\/uhfp.centre-inffo.fr\/2023\/?s={search_term_string}"},"query-input":"required name=search_term_string"}],"inLanguage":"fr-FR"},{"@type":"Organization","@id":"https:\/\/uhfp.centre-inffo.fr\/2023\/#organization","name":"Centre Inffo","url":"https:\/\/uhfp.centre-inffo.fr\/2023\/","logo":{"@type":"ImageObject","inLanguage":"fr-FR","@id":"https:\/\/uhfp.centre-inffo.fr\/2023\/#\/schema\/logo\/image\/","url":"","contentUrl":"","caption":"Centre Inffo"},"image":{"@id":"https:\/\/uhfp.centre-inffo.fr\/2023\/#\/schema\/logo\/image\/"},"sameAs":["https:\/\/www.facebook.com\/centreinffo","https:\/\/twitter.com\/centreinffo","https:\/\/www.linkedin.com\/company\/centre-inffo\/","https:\/\/www.youtube.com\/user\/centreinffo"]}]}},"_links":{"self":[{"href":"https:\/\/uhfp.centre-inffo.fr\/2023\/wp-json\/wp\/v2\/pages\/3089"}],"collection":[{"href":"https:\/\/uhfp.centre-inffo.fr\/2023\/wp-json\/wp\/v2\/pages"}],"about":[{"href":"https:\/\/uhfp.centre-inffo.fr\/2023\/wp-json\/wp\/v2\/types\/page"}],"author":[{"embeddable":true,"href":"https:\/\/uhfp.centre-inffo.fr\/2023\/wp-json\/wp\/v2\/users\/1"}],"replies":[{"embeddable":true,"href":"https:\/\/uhfp.centre-inffo.fr\/2023\/wp-json\/wp\/v2\/comments?post=3089"}],"version-history":[{"count":21,"href":"https:\/\/uhfp.centre-inffo.fr\/2023\/wp-json\/wp\/v2\/pages\/3089\/revisions"}],"predecessor-version":[{"id":5357,"href":"https:\/\/uhfp.centre-inffo.fr\/2023\/wp-json\/wp\/v2\/pages\/3089\/revisions\/5357"}],"wp:attachment":[{"href":"https:\/\/uhfp.centre-inffo.fr\/2023\/wp-json\/wp\/v2\/media?parent=3089"}],"wp:term":[{"taxonomy":"category","embeddable":true,"href":"https:\/\/uhfp.centre-inffo.fr\/2023\/wp-json\/wp\/v2\/categories?post=3089"},{"taxonomy":"post_tag","embeddable":true,"href":"https:\/\/uhfp.centre-inffo.fr\/2023\/wp-json\/wp\/v2\/tags?post=3089"},{"taxonomy":"wf_page_folders","embeddable":true,"href":"https:\/\/uhfp.centre-inffo.fr\/2023\/wp-json\/wp\/v2\/wf_page_folders?post=3089"}],"curies":[{"name":"wp","href":"https:\/\/api.w.org\/{rel}","templated":true}]}}