{"id":3169,"date":"2022-11-10T15:16:41","date_gmt":"2022-11-10T14:16:41","guid":{"rendered":"https:\/\/uhfp.centre-inffo.fr\/2023\/?page_id=3169"},"modified":"2022-12-15T15:24:16","modified_gmt":"2022-12-15T14:24:16","slug":"teboul","status":"publish","type":"page","link":"https:\/\/uhfp.centre-inffo.fr\/2023\/teboul\/","title":{"rendered":"Teboul"},"content":{"rendered":"<p>Directeur g\u00e9n\u00e9ral de l\u2019Afdas, depuis septembre 2013, Thierry Teboul a fait la majeure partie de sa carri\u00e8re dans le monde de l\u2019\u00e9ducation et de la formation professionnelle, apr\u00e8s un d\u00e9but de carri\u00e8re dans le domaine de l\u2019\u00e9valuation des politiques publiques. Il est par ailleurs l\u2019auteur d\u2019ouvrages et de contributions diverses sur les dynamiques manag\u00e9riales et les processus d\u2019apprentissage. Derniers ouvrages parus : Le Grand Livre de la Formation, 3<sup>e<\/sup> \u00e9dition parue chez Dunod en 2020 et \u00ab Formation : la nouvelle donne. Tout ce qui change avec la loi \u00ab Avenir \u00bb\u00a0\u00bb, chez Dunod en 2019.<\/p>\n<h3>Pilotage<\/h3>\n<ul>\n<li><a href=\"\/2023\/d4-52-at-la-culture-une-obligation-dinclusion\/\">D4.52 AT : La culture, une obligation d&rsquo;inclusion<\/a><\/li>\n<\/ul>\n","protected":false},"excerpt":{"rendered":"<p>Directeur g\u00e9n\u00e9ral de l\u2019Afdas, depuis septembre 2013, Thierry Teboul a fait la majeure partie de sa carri\u00e8re dans le monde de l\u2019\u00e9ducation et de la formation professionnelle, apr\u00e8s un d\u00e9but &hellip; <\/p>\n","protected":false},"author":1,"featured_media":3174,"parent":0,"menu_order":0,"comment_status":"closed","ping_status":"closed","template":"","meta":[],"categories":[6],"tags":[],"wf_page_folders":[92],"acf":[],"yoast_head":"<!-- This site is optimized with the Yoast SEO plugin v20.3 - https:\/\/yoast.com\/wordpress\/plugins\/seo\/ -->\n<title>Teboul - 18e Universit\u00e9 d&#039;Hiver de la Formation Professionnelle<\/title>\n<meta name=\"robots\" content=\"index, follow, max-snippet:-1, max-image-preview:large, max-video-preview:-1\" \/>\n<link rel=\"canonical\" href=\"https:\/\/uhfp.centre-inffo.fr\/2023\/teboul\/\" \/>\n<meta property=\"og:locale\" content=\"fr_FR\" \/>\n<meta property=\"og:type\" content=\"article\" \/>\n<meta property=\"og:title\" content=\"Teboul - 18e Universit\u00e9 d&#039;Hiver de la Formation Professionnelle\" \/>\n<meta property=\"og:description\" content=\"Directeur g\u00e9n\u00e9ral de l\u2019Afdas, depuis septembre 2013, Thierry Teboul a fait la majeure partie de sa carri\u00e8re dans le monde de l\u2019\u00e9ducation et de la formation professionnelle, apr\u00e8s un d\u00e9but &hellip;\" \/>\n<meta property=\"og:url\" content=\"https:\/\/uhfp.centre-inffo.fr\/2023\/teboul\/\" \/>\n<meta property=\"og:site_name\" content=\"18e Universit\u00e9 d&#039;Hiver de la Formation Professionnelle\" \/>\n<meta property=\"article:publisher\" content=\"https:\/\/www.facebook.com\/centreinffo\" \/>\n<meta property=\"article:modified_time\" content=\"2022-12-15T14:24:16+00:00\" \/>\n<meta property=\"og:image\" content=\"https:\/\/uhfp.centre-inffo.fr\/2023\/wp-content\/uploads\/2022\/12\/teboul.jpg\" \/>\n\t<meta property=\"og:image:width\" content=\"400\" \/>\n\t<meta property=\"og:image:height\" content=\"400\" \/>\n\t<meta property=\"og:image:type\" content=\"image\/jpeg\" \/>\n<meta name=\"twitter:card\" content=\"summary_large_image\" \/>\n<meta name=\"twitter:site\" content=\"@centreinffo\" \/>\n<meta name=\"twitter:label1\" content=\"Dur\u00e9e de lecture estim\u00e9e\" \/>\n\t<meta name=\"twitter:data1\" content=\"1 minute\" \/>\n<script type=\"application\/ld+json\" class=\"yoast-schema-graph\">{\"@context\":\"https:\/\/schema.org\",\"@graph\":[{\"@type\":\"WebPage\",\"@id\":\"https:\/\/uhfp.centre-inffo.fr\/2023\/teboul\/\",\"url\":\"https:\/\/uhfp.centre-inffo.fr\/2023\/teboul\/\",\"name\":\"Teboul - 18e Universit\u00e9 d&#039;Hiver de la Formation Professionnelle\",\"isPartOf\":{\"@id\":\"https:\/\/uhfp.centre-inffo.fr\/2023\/#website\"},\"datePublished\":\"2022-11-10T14:16:41+00:00\",\"dateModified\":\"2022-12-15T14:24:16+00:00\",\"breadcrumb\":{\"@id\":\"https:\/\/uhfp.centre-inffo.fr\/2023\/teboul\/#breadcrumb\"},\"inLanguage\":\"fr-FR\",\"potentialAction\":[{\"@type\":\"ReadAction\",\"target\":[\"https:\/\/uhfp.centre-inffo.fr\/2023\/teboul\/\"]}]},{\"@type\":\"BreadcrumbList\",\"@id\":\"https:\/\/uhfp.centre-inffo.fr\/2023\/teboul\/#breadcrumb\",\"itemListElement\":[{\"@type\":\"ListItem\",\"position\":1,\"name\":\"Accueil\",\"item\":\"https:\/\/uhfp.centre-inffo.fr\/2023\/\"},{\"@type\":\"ListItem\",\"position\":2,\"name\":\"Intervenants\",\"item\":\"https:\/\/uhfp.centre-inffo.fr\/2023\/rubrique\/intervenants\/\"},{\"@type\":\"ListItem\",\"position\":3,\"name\":\"Teboul\"}]},{\"@type\":\"WebSite\",\"@id\":\"https:\/\/uhfp.centre-inffo.fr\/2023\/#website\",\"url\":\"https:\/\/uhfp.centre-inffo.fr\/2023\/\",\"name\":\"18e Universit\u00e9 d&#039;Hiver de la Formation Professionnelle\",\"description\":\"Comp\u00e9tences 2030 : r\u00e9ussir ensemble les transitions ! - Du 25 au 27 janvier 2023, \u00e0 Cannes\",\"publisher\":{\"@id\":\"https:\/\/uhfp.centre-inffo.fr\/2023\/#organization\"},\"potentialAction\":[{\"@type\":\"SearchAction\",\"target\":{\"@type\":\"EntryPoint\",\"urlTemplate\":\"https:\/\/uhfp.centre-inffo.fr\/2023\/?s={search_term_string}\"},\"query-input\":\"required name=search_term_string\"}],\"inLanguage\":\"fr-FR\"},{\"@type\":\"Organization\",\"@id\":\"https:\/\/uhfp.centre-inffo.fr\/2023\/#organization\",\"name\":\"Centre Inffo\",\"url\":\"https:\/\/uhfp.centre-inffo.fr\/2023\/\",\"logo\":{\"@type\":\"ImageObject\",\"inLanguage\":\"fr-FR\",\"@id\":\"https:\/\/uhfp.centre-inffo.fr\/2023\/#\/schema\/logo\/image\/\",\"url\":\"\",\"contentUrl\":\"\",\"caption\":\"Centre Inffo\"},\"image\":{\"@id\":\"https:\/\/uhfp.centre-inffo.fr\/2023\/#\/schema\/logo\/image\/\"},\"sameAs\":[\"https:\/\/www.facebook.com\/centreinffo\",\"https:\/\/twitter.com\/centreinffo\",\"https:\/\/www.linkedin.com\/company\/centre-inffo\/\",\"https:\/\/www.youtube.com\/user\/centreinffo\"]}]}<\/script>\n<!-- \/ Yoast SEO plugin. -->","yoast_head_json":{"title":"Teboul - 18e Universit\u00e9 d&#039;Hiver de la Formation Professionnelle","robots":{"index":"index","follow":"follow","max-snippet":"max-snippet:-1","max-image-preview":"max-image-preview:large","max-video-preview":"max-video-preview:-1"},"canonical":"https:\/\/uhfp.centre-inffo.fr\/2023\/teboul\/","og_locale":"fr_FR","og_type":"article","og_title":"Teboul - 18e Universit\u00e9 d&#039;Hiver de la Formation Professionnelle","og_description":"Directeur g\u00e9n\u00e9ral de l\u2019Afdas, depuis septembre 2013, Thierry Teboul a fait la majeure partie de sa carri\u00e8re dans le monde de l\u2019\u00e9ducation et de la formation professionnelle, apr\u00e8s un d\u00e9but &hellip;","og_url":"https:\/\/uhfp.centre-inffo.fr\/2023\/teboul\/","og_site_name":"18e Universit\u00e9 d&#039;Hiver de la Formation Professionnelle","article_publisher":"https:\/\/www.facebook.com\/centreinffo","article_modified_time":"2022-12-15T14:24:16+00:00","og_image":[{"width":400,"height":400,"url":"https:\/\/uhfp.centre-inffo.fr\/2023\/wp-content\/uploads\/2022\/12\/teboul.jpg","type":"image\/jpeg"}],"twitter_card":"summary_large_image","twitter_site":"@centreinffo","twitter_misc":{"Dur\u00e9e de lecture estim\u00e9e":"1 minute"},"schema":{"@context":"https:\/\/schema.org","@graph":[{"@type":"WebPage","@id":"https:\/\/uhfp.centre-inffo.fr\/2023\/teboul\/","url":"https:\/\/uhfp.centre-inffo.fr\/2023\/teboul\/","name":"Teboul - 18e Universit\u00e9 d&#039;Hiver de la Formation Professionnelle","isPartOf":{"@id":"https:\/\/uhfp.centre-inffo.fr\/2023\/#website"},"datePublished":"2022-11-10T14:16:41+00:00","dateModified":"2022-12-15T14:24:16+00:00","breadcrumb":{"@id":"https:\/\/uhfp.centre-inffo.fr\/2023\/teboul\/#breadcrumb"},"inLanguage":"fr-FR","potentialAction":[{"@type":"ReadAction","target":["https:\/\/uhfp.centre-inffo.fr\/2023\/teboul\/"]}]},{"@type":"BreadcrumbList","@id":"https:\/\/uhfp.centre-inffo.fr\/2023\/teboul\/#breadcrumb","itemListElement":[{"@type":"ListItem","position":1,"name":"Accueil","item":"https:\/\/uhfp.centre-inffo.fr\/2023\/"},{"@type":"ListItem","position":2,"name":"Intervenants","item":"https:\/\/uhfp.centre-inffo.fr\/2023\/rubrique\/intervenants\/"},{"@type":"ListItem","position":3,"name":"Teboul"}]},{"@type":"WebSite","@id":"https:\/\/uhfp.centre-inffo.fr\/2023\/#website","url":"https:\/\/uhfp.centre-inffo.fr\/2023\/","name":"18e Universit\u00e9 d&#039;Hiver de la Formation Professionnelle","description":"Comp\u00e9tences 2030 : r\u00e9ussir ensemble les transitions ! - Du 25 au 27 janvier 2023, \u00e0 Cannes","publisher":{"@id":"https:\/\/uhfp.centre-inffo.fr\/2023\/#organization"},"potentialAction":[{"@type":"SearchAction","target":{"@type":"EntryPoint","urlTemplate":"https:\/\/uhfp.centre-inffo.fr\/2023\/?s={search_term_string}"},"query-input":"required name=search_term_string"}],"inLanguage":"fr-FR"},{"@type":"Organization","@id":"https:\/\/uhfp.centre-inffo.fr\/2023\/#organization","name":"Centre Inffo","url":"https:\/\/uhfp.centre-inffo.fr\/2023\/","logo":{"@type":"ImageObject","inLanguage":"fr-FR","@id":"https:\/\/uhfp.centre-inffo.fr\/2023\/#\/schema\/logo\/image\/","url":"","contentUrl":"","caption":"Centre Inffo"},"image":{"@id":"https:\/\/uhfp.centre-inffo.fr\/2023\/#\/schema\/logo\/image\/"},"sameAs":["https:\/\/www.facebook.com\/centreinffo","https:\/\/twitter.com\/centreinffo","https:\/\/www.linkedin.com\/company\/centre-inffo\/","https:\/\/www.youtube.com\/user\/centreinffo"]}]}},"_links":{"self":[{"href":"https:\/\/uhfp.centre-inffo.fr\/2023\/wp-json\/wp\/v2\/pages\/3169"}],"collection":[{"href":"https:\/\/uhfp.centre-inffo.fr\/2023\/wp-json\/wp\/v2\/pages"}],"about":[{"href":"https:\/\/uhfp.centre-inffo.fr\/2023\/wp-json\/wp\/v2\/types\/page"}],"author":[{"embeddable":true,"href":"https:\/\/uhfp.centre-inffo.fr\/2023\/wp-json\/wp\/v2\/users\/1"}],"replies":[{"embeddable":true,"href":"https:\/\/uhfp.centre-inffo.fr\/2023\/wp-json\/wp\/v2\/comments?post=3169"}],"version-history":[{"count":5,"href":"https:\/\/uhfp.centre-inffo.fr\/2023\/wp-json\/wp\/v2\/pages\/3169\/revisions"}],"predecessor-version":[{"id":3177,"href":"https:\/\/uhfp.centre-inffo.fr\/2023\/wp-json\/wp\/v2\/pages\/3169\/revisions\/3177"}],"wp:featuredmedia":[{"embeddable":true,"href":"https:\/\/uhfp.centre-inffo.fr\/2023\/wp-json\/wp\/v2\/media\/3174"}],"wp:attachment":[{"href":"https:\/\/uhfp.centre-inffo.fr\/2023\/wp-json\/wp\/v2\/media?parent=3169"}],"wp:term":[{"taxonomy":"category","embeddable":true,"href":"https:\/\/uhfp.centre-inffo.fr\/2023\/wp-json\/wp\/v2\/categories?post=3169"},{"taxonomy":"post_tag","embeddable":true,"href":"https:\/\/uhfp.centre-inffo.fr\/2023\/wp-json\/wp\/v2\/tags?post=3169"},{"taxonomy":"wf_page_folders","embeddable":true,"href":"https:\/\/uhfp.centre-inffo.fr\/2023\/wp-json\/wp\/v2\/wf_page_folders?post=3169"}],"curies":[{"name":"wp","href":"https:\/\/api.w.org\/{rel}","templated":true}]}}