{"id":3932,"date":"2022-12-02T11:54:28","date_gmt":"2022-12-02T10:54:28","guid":{"rendered":"https:\/\/uhfp.centre-inffo.fr\/2023\/?page_id=3932"},"modified":"2023-01-24T17:11:38","modified_gmt":"2023-01-24T16:11:38","slug":"mazza","status":"publish","type":"page","link":"https:\/\/uhfp.centre-inffo.fr\/2023\/mazza\/","title":{"rendered":"Mazza"},"content":{"rendered":"<p>Apr\u00e8s des \u00e9tudes en Sciences \u00c9conomiques qui l\u2019ont conduites naturellement vers les m\u00e9tiers de la Banque, il op\u00e8re une reconversion professionnelle \u00e0 180\u00b0 dans le monde de la formation professionnelle et plus particuli\u00e8rement celui des OPCA et des OPCO. Depuis plus de 20, \u00e0 l\u2019\u00e9chelle de diff\u00e9rentes R\u00e9gions, il a mis en \u0153uvre diff\u00e9rents projets qui le conforte dans le fait que le territoire est un lieu d\u2019exp\u00e9rimentation, un laboratoire \u00e0 id\u00e9es qui a vocation \u00e0 inspirer les politiques nationales en prenant en consid\u00e9ration les sp\u00e9cificit\u00e9s de chaque bassin d\u2019emploi.<\/p>\n<h3>Intervention<\/h3>\n<ul>\n<li><a href=\"\/2023\/b3-20-at-la-reconversion-professionnelle-au-service-de-la-gtec\/\">B3.20 AT La reconversion professionnelle au service de la GTEC<\/a><\/li>\n<\/ul>\n","protected":false},"excerpt":{"rendered":"<p>Apr\u00e8s des \u00e9tudes en Sciences \u00c9conomiques qui l\u2019ont conduites naturellement vers les m\u00e9tiers de la Banque, il op\u00e8re une reconversion professionnelle \u00e0 180\u00b0 dans le monde de la formation professionnelle &hellip; <\/p>\n","protected":false},"author":1,"featured_media":5338,"parent":0,"menu_order":0,"comment_status":"closed","ping_status":"closed","template":"","meta":[],"categories":[6],"tags":[],"wf_page_folders":[92],"acf":[],"yoast_head":"<!-- This site is optimized with the Yoast SEO plugin v20.3 - https:\/\/yoast.com\/wordpress\/plugins\/seo\/ -->\n<title>Mazza - 18e Universit\u00e9 d&#039;Hiver de la Formation Professionnelle<\/title>\n<meta name=\"robots\" content=\"index, follow, max-snippet:-1, max-image-preview:large, max-video-preview:-1\" \/>\n<link rel=\"canonical\" href=\"https:\/\/uhfp.centre-inffo.fr\/2023\/mazza\/\" \/>\n<meta property=\"og:locale\" content=\"fr_FR\" \/>\n<meta property=\"og:type\" content=\"article\" \/>\n<meta property=\"og:title\" content=\"Mazza - 18e Universit\u00e9 d&#039;Hiver de la Formation Professionnelle\" \/>\n<meta property=\"og:description\" content=\"Apr\u00e8s des \u00e9tudes en Sciences \u00c9conomiques qui l\u2019ont conduites naturellement vers les m\u00e9tiers de la Banque, il op\u00e8re une reconversion professionnelle \u00e0 180\u00b0 dans le monde de la formation professionnelle &hellip;\" \/>\n<meta property=\"og:url\" content=\"https:\/\/uhfp.centre-inffo.fr\/2023\/mazza\/\" \/>\n<meta property=\"og:site_name\" content=\"18e Universit\u00e9 d&#039;Hiver de la Formation Professionnelle\" \/>\n<meta property=\"article:publisher\" content=\"https:\/\/www.facebook.com\/centreinffo\" \/>\n<meta property=\"article:modified_time\" content=\"2023-01-24T16:11:38+00:00\" \/>\n<meta property=\"og:image\" content=\"https:\/\/uhfp.centre-inffo.fr\/2023\/wp-content\/uploads\/2023\/01\/mazza.jpg\" \/>\n\t<meta property=\"og:image:width\" content=\"600\" \/>\n\t<meta property=\"og:image:height\" content=\"600\" \/>\n\t<meta property=\"og:image:type\" content=\"image\/jpeg\" \/>\n<meta name=\"twitter:card\" content=\"summary_large_image\" \/>\n<meta name=\"twitter:site\" content=\"@centreinffo\" \/>\n<meta name=\"twitter:label1\" content=\"Dur\u00e9e de lecture estim\u00e9e\" \/>\n\t<meta name=\"twitter:data1\" content=\"1 minute\" \/>\n<script type=\"application\/ld+json\" class=\"yoast-schema-graph\">{\"@context\":\"https:\/\/schema.org\",\"@graph\":[{\"@type\":\"WebPage\",\"@id\":\"https:\/\/uhfp.centre-inffo.fr\/2023\/mazza\/\",\"url\":\"https:\/\/uhfp.centre-inffo.fr\/2023\/mazza\/\",\"name\":\"Mazza - 18e Universit\u00e9 d&#039;Hiver de la Formation Professionnelle\",\"isPartOf\":{\"@id\":\"https:\/\/uhfp.centre-inffo.fr\/2023\/#website\"},\"datePublished\":\"2022-12-02T10:54:28+00:00\",\"dateModified\":\"2023-01-24T16:11:38+00:00\",\"breadcrumb\":{\"@id\":\"https:\/\/uhfp.centre-inffo.fr\/2023\/mazza\/#breadcrumb\"},\"inLanguage\":\"fr-FR\",\"potentialAction\":[{\"@type\":\"ReadAction\",\"target\":[\"https:\/\/uhfp.centre-inffo.fr\/2023\/mazza\/\"]}]},{\"@type\":\"BreadcrumbList\",\"@id\":\"https:\/\/uhfp.centre-inffo.fr\/2023\/mazza\/#breadcrumb\",\"itemListElement\":[{\"@type\":\"ListItem\",\"position\":1,\"name\":\"Accueil\",\"item\":\"https:\/\/uhfp.centre-inffo.fr\/2023\/\"},{\"@type\":\"ListItem\",\"position\":2,\"name\":\"Intervenants\",\"item\":\"https:\/\/uhfp.centre-inffo.fr\/2023\/rubrique\/intervenants\/\"},{\"@type\":\"ListItem\",\"position\":3,\"name\":\"Mazza\"}]},{\"@type\":\"WebSite\",\"@id\":\"https:\/\/uhfp.centre-inffo.fr\/2023\/#website\",\"url\":\"https:\/\/uhfp.centre-inffo.fr\/2023\/\",\"name\":\"18e Universit\u00e9 d&#039;Hiver de la Formation Professionnelle\",\"description\":\"Comp\u00e9tences 2030 : r\u00e9ussir ensemble les transitions ! - Du 25 au 27 janvier 2023, \u00e0 Cannes\",\"publisher\":{\"@id\":\"https:\/\/uhfp.centre-inffo.fr\/2023\/#organization\"},\"potentialAction\":[{\"@type\":\"SearchAction\",\"target\":{\"@type\":\"EntryPoint\",\"urlTemplate\":\"https:\/\/uhfp.centre-inffo.fr\/2023\/?s={search_term_string}\"},\"query-input\":\"required name=search_term_string\"}],\"inLanguage\":\"fr-FR\"},{\"@type\":\"Organization\",\"@id\":\"https:\/\/uhfp.centre-inffo.fr\/2023\/#organization\",\"name\":\"Centre Inffo\",\"url\":\"https:\/\/uhfp.centre-inffo.fr\/2023\/\",\"logo\":{\"@type\":\"ImageObject\",\"inLanguage\":\"fr-FR\",\"@id\":\"https:\/\/uhfp.centre-inffo.fr\/2023\/#\/schema\/logo\/image\/\",\"url\":\"\",\"contentUrl\":\"\",\"caption\":\"Centre Inffo\"},\"image\":{\"@id\":\"https:\/\/uhfp.centre-inffo.fr\/2023\/#\/schema\/logo\/image\/\"},\"sameAs\":[\"https:\/\/www.facebook.com\/centreinffo\",\"https:\/\/twitter.com\/centreinffo\",\"https:\/\/www.linkedin.com\/company\/centre-inffo\/\",\"https:\/\/www.youtube.com\/user\/centreinffo\"]}]}<\/script>\n<!-- \/ Yoast SEO plugin. -->","yoast_head_json":{"title":"Mazza - 18e Universit\u00e9 d&#039;Hiver de la Formation Professionnelle","robots":{"index":"index","follow":"follow","max-snippet":"max-snippet:-1","max-image-preview":"max-image-preview:large","max-video-preview":"max-video-preview:-1"},"canonical":"https:\/\/uhfp.centre-inffo.fr\/2023\/mazza\/","og_locale":"fr_FR","og_type":"article","og_title":"Mazza - 18e Universit\u00e9 d&#039;Hiver de la Formation Professionnelle","og_description":"Apr\u00e8s des \u00e9tudes en Sciences \u00c9conomiques qui l\u2019ont conduites naturellement vers les m\u00e9tiers de la Banque, il op\u00e8re une reconversion professionnelle \u00e0 180\u00b0 dans le monde de la formation professionnelle &hellip;","og_url":"https:\/\/uhfp.centre-inffo.fr\/2023\/mazza\/","og_site_name":"18e Universit\u00e9 d&#039;Hiver de la Formation Professionnelle","article_publisher":"https:\/\/www.facebook.com\/centreinffo","article_modified_time":"2023-01-24T16:11:38+00:00","og_image":[{"width":600,"height":600,"url":"https:\/\/uhfp.centre-inffo.fr\/2023\/wp-content\/uploads\/2023\/01\/mazza.jpg","type":"image\/jpeg"}],"twitter_card":"summary_large_image","twitter_site":"@centreinffo","twitter_misc":{"Dur\u00e9e de lecture estim\u00e9e":"1 minute"},"schema":{"@context":"https:\/\/schema.org","@graph":[{"@type":"WebPage","@id":"https:\/\/uhfp.centre-inffo.fr\/2023\/mazza\/","url":"https:\/\/uhfp.centre-inffo.fr\/2023\/mazza\/","name":"Mazza - 18e Universit\u00e9 d&#039;Hiver de la Formation Professionnelle","isPartOf":{"@id":"https:\/\/uhfp.centre-inffo.fr\/2023\/#website"},"datePublished":"2022-12-02T10:54:28+00:00","dateModified":"2023-01-24T16:11:38+00:00","breadcrumb":{"@id":"https:\/\/uhfp.centre-inffo.fr\/2023\/mazza\/#breadcrumb"},"inLanguage":"fr-FR","potentialAction":[{"@type":"ReadAction","target":["https:\/\/uhfp.centre-inffo.fr\/2023\/mazza\/"]}]},{"@type":"BreadcrumbList","@id":"https:\/\/uhfp.centre-inffo.fr\/2023\/mazza\/#breadcrumb","itemListElement":[{"@type":"ListItem","position":1,"name":"Accueil","item":"https:\/\/uhfp.centre-inffo.fr\/2023\/"},{"@type":"ListItem","position":2,"name":"Intervenants","item":"https:\/\/uhfp.centre-inffo.fr\/2023\/rubrique\/intervenants\/"},{"@type":"ListItem","position":3,"name":"Mazza"}]},{"@type":"WebSite","@id":"https:\/\/uhfp.centre-inffo.fr\/2023\/#website","url":"https:\/\/uhfp.centre-inffo.fr\/2023\/","name":"18e Universit\u00e9 d&#039;Hiver de la Formation Professionnelle","description":"Comp\u00e9tences 2030 : r\u00e9ussir ensemble les transitions ! - Du 25 au 27 janvier 2023, \u00e0 Cannes","publisher":{"@id":"https:\/\/uhfp.centre-inffo.fr\/2023\/#organization"},"potentialAction":[{"@type":"SearchAction","target":{"@type":"EntryPoint","urlTemplate":"https:\/\/uhfp.centre-inffo.fr\/2023\/?s={search_term_string}"},"query-input":"required name=search_term_string"}],"inLanguage":"fr-FR"},{"@type":"Organization","@id":"https:\/\/uhfp.centre-inffo.fr\/2023\/#organization","name":"Centre Inffo","url":"https:\/\/uhfp.centre-inffo.fr\/2023\/","logo":{"@type":"ImageObject","inLanguage":"fr-FR","@id":"https:\/\/uhfp.centre-inffo.fr\/2023\/#\/schema\/logo\/image\/","url":"","contentUrl":"","caption":"Centre Inffo"},"image":{"@id":"https:\/\/uhfp.centre-inffo.fr\/2023\/#\/schema\/logo\/image\/"},"sameAs":["https:\/\/www.facebook.com\/centreinffo","https:\/\/twitter.com\/centreinffo","https:\/\/www.linkedin.com\/company\/centre-inffo\/","https:\/\/www.youtube.com\/user\/centreinffo"]}]}},"_links":{"self":[{"href":"https:\/\/uhfp.centre-inffo.fr\/2023\/wp-json\/wp\/v2\/pages\/3932"}],"collection":[{"href":"https:\/\/uhfp.centre-inffo.fr\/2023\/wp-json\/wp\/v2\/pages"}],"about":[{"href":"https:\/\/uhfp.centre-inffo.fr\/2023\/wp-json\/wp\/v2\/types\/page"}],"author":[{"embeddable":true,"href":"https:\/\/uhfp.centre-inffo.fr\/2023\/wp-json\/wp\/v2\/users\/1"}],"replies":[{"embeddable":true,"href":"https:\/\/uhfp.centre-inffo.fr\/2023\/wp-json\/wp\/v2\/comments?post=3932"}],"version-history":[{"count":8,"href":"https:\/\/uhfp.centre-inffo.fr\/2023\/wp-json\/wp\/v2\/pages\/3932\/revisions"}],"predecessor-version":[{"id":5339,"href":"https:\/\/uhfp.centre-inffo.fr\/2023\/wp-json\/wp\/v2\/pages\/3932\/revisions\/5339"}],"wp:featuredmedia":[{"embeddable":true,"href":"https:\/\/uhfp.centre-inffo.fr\/2023\/wp-json\/wp\/v2\/media\/5338"}],"wp:attachment":[{"href":"https:\/\/uhfp.centre-inffo.fr\/2023\/wp-json\/wp\/v2\/media?parent=3932"}],"wp:term":[{"taxonomy":"category","embeddable":true,"href":"https:\/\/uhfp.centre-inffo.fr\/2023\/wp-json\/wp\/v2\/categories?post=3932"},{"taxonomy":"post_tag","embeddable":true,"href":"https:\/\/uhfp.centre-inffo.fr\/2023\/wp-json\/wp\/v2\/tags?post=3932"},{"taxonomy":"wf_page_folders","embeddable":true,"href":"https:\/\/uhfp.centre-inffo.fr\/2023\/wp-json\/wp\/v2\/wf_page_folders?post=3932"}],"curies":[{"name":"wp","href":"https:\/\/api.w.org\/{rel}","templated":true}]}}