{"id":4166,"date":"2023-01-03T16:37:55","date_gmt":"2023-01-03T15:37:55","guid":{"rendered":"https:\/\/uhfp.centre-inffo.fr\/2023\/?page_id=4166"},"modified":"2023-01-10T15:05:29","modified_gmt":"2023-01-10T14:05:29","slug":"d3-48-at-les-cles-de-reussite-dune-demarche-rse","status":"publish","type":"page","link":"https:\/\/uhfp.centre-inffo.fr\/2023\/d3-48-at-les-cles-de-reussite-dune-demarche-rse\/","title":{"rendered":"D3.48 AT &#8211; Les cl\u00e9s de r\u00e9ussite d\u2019une d\u00e9marche RSE"},"content":{"rendered":"<p><span data-contrast=\"auto\">Entre urgence climatique, pouvoir d\u2019achat, crise \u00e9nerg\u00e9tique, march\u00e9 du travail sous tension ou encore inflation, les entreprises subissent les cons\u00e9quences de la crise sanitaire mais aussi g\u00e9opolitique.\u00a0<\/span><span data-ccp-props=\"{&quot;201341983&quot;:0,&quot;335559739&quot;:0,&quot;335559740&quot;:240}\">\u00a0<\/span><\/p>\n<p><span data-contrast=\"auto\">Pour y faire face la RSE devient une \u00e9vidence. Trois tendances fortes: la sobri\u00e9t\u00e9 \u00e9nerg\u00e9tique, la Qualit\u00e9 de Vie au Travail et le climat.\u00a0<\/span><span data-ccp-props=\"{&quot;201341983&quot;:0,&quot;335559739&quot;:0,&quot;335559740&quot;:240}\">\u00a0<\/span><\/p>\n<p><span data-contrast=\"auto\">Pour les entreprises, leur responsabilit\u00e9 soci\u00e9tale (RSE) ne se limite pas \u00e0 la pr\u00e9servation des ressources mais elle aborde d\u2019autres aspects notamment le \u00ab capital humain \u00bb.\u00a0<\/span><span data-ccp-props=\"{&quot;201341983&quot;:0,&quot;335559739&quot;:0,&quot;335559740&quot;:240}\">\u00a0<\/span><\/p>\n<p><span data-contrast=\"auto\">La crise sanitaire a fortement acc\u00e9l\u00e9r\u00e9 la qu\u00eate de sens des salari\u00e9s, elle a \u00e9galement augment\u00e9 leurs exigences vis-\u00e0-vis des entreprises qu\u2019ils rejoignent. Celles-ci doivent travailler leur attractivit\u00e9 et leur marque employeur afin d\u2019adopter une image d\u2019entreprise dans laquelle il fait bon vivre.<\/span><span data-ccp-props=\"{&quot;201341983&quot;:0,&quot;335559739&quot;:0,&quot;335559740&quot;:240}\">\u00a0<\/span><\/p>\n<p><span data-contrast=\"auto\">L\u2019attractivit\u00e9 ne constitue pas le seul d\u00e9fi puisqu\u2019une fois attir\u00e9s, ces collaborateurs doivent \u00eatre fid\u00e9lis\u00e9s .\u00a0<\/span><span data-ccp-props=\"{&quot;201341983&quot;:0,&quot;335559739&quot;:0,&quot;335559740&quot;:240}\">\u00a0<\/span><\/p>\n<p><span data-contrast=\"auto\">Pour cultiver les talents, la formation professionnelle joue un r\u00f4le essentiel, \u202fdans les parcours professionnels et elle accompagne les hommes et les femmes pour aider les entreprises dans leur transformation induite par leur d\u00e9marche RSE.\u00a0<\/span><span data-ccp-props=\"{&quot;201341983&quot;:0,&quot;335559739&quot;:0,&quot;335559740&quot;:240}\">\u00a0<\/span><\/p>\n<h3><span data-contrast=\"auto\">Objectifs p\u00e9dagogiques<\/span><span data-ccp-props=\"{&quot;201341983&quot;:0,&quot;335559739&quot;:0,&quot;335559740&quot;:240}\">\u00a0<\/span><\/h3>\n<ul>\n<li><span data-contrast=\"auto\">Comprendre ce que recouvre la notion de RSE<\/span><span data-ccp-props=\"{&quot;201341983&quot;:0,&quot;335559739&quot;:0,&quot;335559740&quot;:240}\">\u00a0<\/span><\/li>\n<li><span data-contrast=\"auto\">Structurer une d\u00e9marche RSE cr\u00e9dible et performante<\/span><span data-ccp-props=\"{&quot;201341983&quot;:0,&quot;335559739&quot;:0,&quot;335559740&quot;:240}\">\u00a0<\/span><\/li>\n<li><span data-contrast=\"auto\">Valoriser sa d\u00e9marche RSE aupr\u00e8s des entreprises et des prescripteurs<\/span><span data-ccp-props=\"{&quot;201341983&quot;:0,&quot;335559739&quot;:0,&quot;335559740&quot;:240}\">\u00a0<\/span><\/li>\n<\/ul>\n<h3>Intervenants<\/h3>\n<ul type=\"disc\">\n<li class=\"x_MsoNormal\"><a href=\"\/2023\/jounot\/\">Alain Jounot<\/a> &#8211; Directeur du d\u00e9partement RSE, groupe Afnor<\/li>\n<li class=\"x_MsoNormal\"><a href=\"\/2023\/rigole\/\">Gw\u00e9na\u00ebl Rigol\u00e9<\/a>\u00a0 &#8211; Directeur G\u00e9n\u00e9ral, Actinuum<\/li>\n<\/ul>\n","protected":false},"excerpt":{"rendered":"<p>Entre urgence climatique, pouvoir d\u2019achat, crise \u00e9nerg\u00e9tique, march\u00e9 du travail sous tension ou encore inflation, les entreprises subissent les cons\u00e9quences de la crise sanitaire mais aussi g\u00e9opolitique.\u00a0\u00a0 Pour y faire &hellip; <\/p>\n","protected":false},"author":1,"featured_media":0,"parent":0,"menu_order":0,"comment_status":"closed","ping_status":"closed","template":"","meta":[],"categories":[40,38],"tags":[],"wf_page_folders":[87],"acf":[],"yoast_head":"<!-- This site is optimized with the Yoast SEO plugin v20.3 - https:\/\/yoast.com\/wordpress\/plugins\/seo\/ -->\n<title>D3.48 AT - Les cl\u00e9s de r\u00e9ussite d\u2019une d\u00e9marche RSE - 18e Universit\u00e9 d&#039;Hiver de la Formation Professionnelle<\/title>\n<meta name=\"robots\" content=\"index, follow, max-snippet:-1, max-image-preview:large, max-video-preview:-1\" \/>\n<link rel=\"canonical\" href=\"https:\/\/uhfp.centre-inffo.fr\/2023\/d3-48-at-les-cles-de-reussite-dune-demarche-rse\/\" \/>\n<meta property=\"og:locale\" content=\"fr_FR\" \/>\n<meta property=\"og:type\" content=\"article\" \/>\n<meta property=\"og:title\" content=\"D3.48 AT - Les cl\u00e9s de r\u00e9ussite d\u2019une d\u00e9marche RSE - 18e Universit\u00e9 d&#039;Hiver de la Formation Professionnelle\" \/>\n<meta property=\"og:description\" content=\"Entre urgence climatique, pouvoir d\u2019achat, crise \u00e9nerg\u00e9tique, march\u00e9 du travail sous tension ou encore inflation, les entreprises subissent les cons\u00e9quences de la crise sanitaire mais aussi g\u00e9opolitique.\u00a0\u00a0 Pour y faire &hellip;\" \/>\n<meta property=\"og:url\" content=\"https:\/\/uhfp.centre-inffo.fr\/2023\/d3-48-at-les-cles-de-reussite-dune-demarche-rse\/\" \/>\n<meta property=\"og:site_name\" content=\"18e Universit\u00e9 d&#039;Hiver de la Formation Professionnelle\" \/>\n<meta property=\"article:publisher\" content=\"https:\/\/www.facebook.com\/centreinffo\" \/>\n<meta property=\"article:modified_time\" content=\"2023-01-10T14:05:29+00:00\" \/>\n<meta name=\"twitter:card\" content=\"summary_large_image\" \/>\n<meta name=\"twitter:site\" content=\"@centreinffo\" \/>\n<meta name=\"twitter:label1\" content=\"Dur\u00e9e de lecture estim\u00e9e\" \/>\n\t<meta name=\"twitter:data1\" content=\"2 minutes\" \/>\n<script type=\"application\/ld+json\" class=\"yoast-schema-graph\">{\"@context\":\"https:\/\/schema.org\",\"@graph\":[{\"@type\":\"WebPage\",\"@id\":\"https:\/\/uhfp.centre-inffo.fr\/2023\/d3-48-at-les-cles-de-reussite-dune-demarche-rse\/\",\"url\":\"https:\/\/uhfp.centre-inffo.fr\/2023\/d3-48-at-les-cles-de-reussite-dune-demarche-rse\/\",\"name\":\"D3.48 AT - Les cl\u00e9s de r\u00e9ussite d\u2019une d\u00e9marche RSE - 18e Universit\u00e9 d&#039;Hiver de la Formation Professionnelle\",\"isPartOf\":{\"@id\":\"https:\/\/uhfp.centre-inffo.fr\/2023\/#website\"},\"datePublished\":\"2023-01-03T15:37:55+00:00\",\"dateModified\":\"2023-01-10T14:05:29+00:00\",\"breadcrumb\":{\"@id\":\"https:\/\/uhfp.centre-inffo.fr\/2023\/d3-48-at-les-cles-de-reussite-dune-demarche-rse\/#breadcrumb\"},\"inLanguage\":\"fr-FR\",\"potentialAction\":[{\"@type\":\"ReadAction\",\"target\":[\"https:\/\/uhfp.centre-inffo.fr\/2023\/d3-48-at-les-cles-de-reussite-dune-demarche-rse\/\"]}]},{\"@type\":\"BreadcrumbList\",\"@id\":\"https:\/\/uhfp.centre-inffo.fr\/2023\/d3-48-at-les-cles-de-reussite-dune-demarche-rse\/#breadcrumb\",\"itemListElement\":[{\"@type\":\"ListItem\",\"position\":1,\"name\":\"Accueil\",\"item\":\"https:\/\/uhfp.centre-inffo.fr\/2023\/\"},{\"@type\":\"ListItem\",\"position\":2,\"name\":\"Programme\",\"item\":\"https:\/\/uhfp.centre-inffo.fr\/2023\/rubrique\/programme\/\"},{\"@type\":\"ListItem\",\"position\":3,\"name\":\"Jeudi 26 janvier\",\"item\":\"https:\/\/uhfp.centre-inffo.fr\/2023\/rubrique\/programme\/jeudi-26-janvier\/\"},{\"@type\":\"ListItem\",\"position\":4,\"name\":\"D3.48 AT &#8211; Les cl\u00e9s de r\u00e9ussite d\u2019une d\u00e9marche RSE\"}]},{\"@type\":\"WebSite\",\"@id\":\"https:\/\/uhfp.centre-inffo.fr\/2023\/#website\",\"url\":\"https:\/\/uhfp.centre-inffo.fr\/2023\/\",\"name\":\"18e Universit\u00e9 d&#039;Hiver de la Formation Professionnelle\",\"description\":\"Comp\u00e9tences 2030 : r\u00e9ussir ensemble les transitions ! - Du 25 au 27 janvier 2023, \u00e0 Cannes\",\"publisher\":{\"@id\":\"https:\/\/uhfp.centre-inffo.fr\/2023\/#organization\"},\"potentialAction\":[{\"@type\":\"SearchAction\",\"target\":{\"@type\":\"EntryPoint\",\"urlTemplate\":\"https:\/\/uhfp.centre-inffo.fr\/2023\/?s={search_term_string}\"},\"query-input\":\"required name=search_term_string\"}],\"inLanguage\":\"fr-FR\"},{\"@type\":\"Organization\",\"@id\":\"https:\/\/uhfp.centre-inffo.fr\/2023\/#organization\",\"name\":\"Centre Inffo\",\"url\":\"https:\/\/uhfp.centre-inffo.fr\/2023\/\",\"logo\":{\"@type\":\"ImageObject\",\"inLanguage\":\"fr-FR\",\"@id\":\"https:\/\/uhfp.centre-inffo.fr\/2023\/#\/schema\/logo\/image\/\",\"url\":\"\",\"contentUrl\":\"\",\"caption\":\"Centre Inffo\"},\"image\":{\"@id\":\"https:\/\/uhfp.centre-inffo.fr\/2023\/#\/schema\/logo\/image\/\"},\"sameAs\":[\"https:\/\/www.facebook.com\/centreinffo\",\"https:\/\/twitter.com\/centreinffo\",\"https:\/\/www.linkedin.com\/company\/centre-inffo\/\",\"https:\/\/www.youtube.com\/user\/centreinffo\"]}]}<\/script>\n<!-- \/ Yoast SEO plugin. -->","yoast_head_json":{"title":"D3.48 AT - Les cl\u00e9s de r\u00e9ussite d\u2019une d\u00e9marche RSE - 18e Universit\u00e9 d&#039;Hiver de la Formation Professionnelle","robots":{"index":"index","follow":"follow","max-snippet":"max-snippet:-1","max-image-preview":"max-image-preview:large","max-video-preview":"max-video-preview:-1"},"canonical":"https:\/\/uhfp.centre-inffo.fr\/2023\/d3-48-at-les-cles-de-reussite-dune-demarche-rse\/","og_locale":"fr_FR","og_type":"article","og_title":"D3.48 AT - Les cl\u00e9s de r\u00e9ussite d\u2019une d\u00e9marche RSE - 18e Universit\u00e9 d&#039;Hiver de la Formation Professionnelle","og_description":"Entre urgence climatique, pouvoir d\u2019achat, crise \u00e9nerg\u00e9tique, march\u00e9 du travail sous tension ou encore inflation, les entreprises subissent les cons\u00e9quences de la crise sanitaire mais aussi g\u00e9opolitique.\u00a0\u00a0 Pour y faire &hellip;","og_url":"https:\/\/uhfp.centre-inffo.fr\/2023\/d3-48-at-les-cles-de-reussite-dune-demarche-rse\/","og_site_name":"18e Universit\u00e9 d&#039;Hiver de la Formation Professionnelle","article_publisher":"https:\/\/www.facebook.com\/centreinffo","article_modified_time":"2023-01-10T14:05:29+00:00","twitter_card":"summary_large_image","twitter_site":"@centreinffo","twitter_misc":{"Dur\u00e9e de lecture estim\u00e9e":"2 minutes"},"schema":{"@context":"https:\/\/schema.org","@graph":[{"@type":"WebPage","@id":"https:\/\/uhfp.centre-inffo.fr\/2023\/d3-48-at-les-cles-de-reussite-dune-demarche-rse\/","url":"https:\/\/uhfp.centre-inffo.fr\/2023\/d3-48-at-les-cles-de-reussite-dune-demarche-rse\/","name":"D3.48 AT - Les cl\u00e9s de r\u00e9ussite d\u2019une d\u00e9marche RSE - 18e Universit\u00e9 d&#039;Hiver de la Formation Professionnelle","isPartOf":{"@id":"https:\/\/uhfp.centre-inffo.fr\/2023\/#website"},"datePublished":"2023-01-03T15:37:55+00:00","dateModified":"2023-01-10T14:05:29+00:00","breadcrumb":{"@id":"https:\/\/uhfp.centre-inffo.fr\/2023\/d3-48-at-les-cles-de-reussite-dune-demarche-rse\/#breadcrumb"},"inLanguage":"fr-FR","potentialAction":[{"@type":"ReadAction","target":["https:\/\/uhfp.centre-inffo.fr\/2023\/d3-48-at-les-cles-de-reussite-dune-demarche-rse\/"]}]},{"@type":"BreadcrumbList","@id":"https:\/\/uhfp.centre-inffo.fr\/2023\/d3-48-at-les-cles-de-reussite-dune-demarche-rse\/#breadcrumb","itemListElement":[{"@type":"ListItem","position":1,"name":"Accueil","item":"https:\/\/uhfp.centre-inffo.fr\/2023\/"},{"@type":"ListItem","position":2,"name":"Programme","item":"https:\/\/uhfp.centre-inffo.fr\/2023\/rubrique\/programme\/"},{"@type":"ListItem","position":3,"name":"Jeudi 26 janvier","item":"https:\/\/uhfp.centre-inffo.fr\/2023\/rubrique\/programme\/jeudi-26-janvier\/"},{"@type":"ListItem","position":4,"name":"D3.48 AT &#8211; Les cl\u00e9s de r\u00e9ussite d\u2019une d\u00e9marche RSE"}]},{"@type":"WebSite","@id":"https:\/\/uhfp.centre-inffo.fr\/2023\/#website","url":"https:\/\/uhfp.centre-inffo.fr\/2023\/","name":"18e Universit\u00e9 d&#039;Hiver de la Formation Professionnelle","description":"Comp\u00e9tences 2030 : r\u00e9ussir ensemble les transitions ! - Du 25 au 27 janvier 2023, \u00e0 Cannes","publisher":{"@id":"https:\/\/uhfp.centre-inffo.fr\/2023\/#organization"},"potentialAction":[{"@type":"SearchAction","target":{"@type":"EntryPoint","urlTemplate":"https:\/\/uhfp.centre-inffo.fr\/2023\/?s={search_term_string}"},"query-input":"required name=search_term_string"}],"inLanguage":"fr-FR"},{"@type":"Organization","@id":"https:\/\/uhfp.centre-inffo.fr\/2023\/#organization","name":"Centre Inffo","url":"https:\/\/uhfp.centre-inffo.fr\/2023\/","logo":{"@type":"ImageObject","inLanguage":"fr-FR","@id":"https:\/\/uhfp.centre-inffo.fr\/2023\/#\/schema\/logo\/image\/","url":"","contentUrl":"","caption":"Centre Inffo"},"image":{"@id":"https:\/\/uhfp.centre-inffo.fr\/2023\/#\/schema\/logo\/image\/"},"sameAs":["https:\/\/www.facebook.com\/centreinffo","https:\/\/twitter.com\/centreinffo","https:\/\/www.linkedin.com\/company\/centre-inffo\/","https:\/\/www.youtube.com\/user\/centreinffo"]}]}},"_links":{"self":[{"href":"https:\/\/uhfp.centre-inffo.fr\/2023\/wp-json\/wp\/v2\/pages\/4166"}],"collection":[{"href":"https:\/\/uhfp.centre-inffo.fr\/2023\/wp-json\/wp\/v2\/pages"}],"about":[{"href":"https:\/\/uhfp.centre-inffo.fr\/2023\/wp-json\/wp\/v2\/types\/page"}],"author":[{"embeddable":true,"href":"https:\/\/uhfp.centre-inffo.fr\/2023\/wp-json\/wp\/v2\/users\/1"}],"replies":[{"embeddable":true,"href":"https:\/\/uhfp.centre-inffo.fr\/2023\/wp-json\/wp\/v2\/comments?post=4166"}],"version-history":[{"count":10,"href":"https:\/\/uhfp.centre-inffo.fr\/2023\/wp-json\/wp\/v2\/pages\/4166\/revisions"}],"predecessor-version":[{"id":4712,"href":"https:\/\/uhfp.centre-inffo.fr\/2023\/wp-json\/wp\/v2\/pages\/4166\/revisions\/4712"}],"wp:attachment":[{"href":"https:\/\/uhfp.centre-inffo.fr\/2023\/wp-json\/wp\/v2\/media?parent=4166"}],"wp:term":[{"taxonomy":"category","embeddable":true,"href":"https:\/\/uhfp.centre-inffo.fr\/2023\/wp-json\/wp\/v2\/categories?post=4166"},{"taxonomy":"post_tag","embeddable":true,"href":"https:\/\/uhfp.centre-inffo.fr\/2023\/wp-json\/wp\/v2\/tags?post=4166"},{"taxonomy":"wf_page_folders","embeddable":true,"href":"https:\/\/uhfp.centre-inffo.fr\/2023\/wp-json\/wp\/v2\/wf_page_folders?post=4166"}],"curies":[{"name":"wp","href":"https:\/\/api.w.org\/{rel}","templated":true}]}}