{"id":4184,"date":"2023-01-04T11:17:54","date_gmt":"2023-01-04T10:17:54","guid":{"rendered":"https:\/\/uhfp.centre-inffo.fr\/2023\/?page_id=4184"},"modified":"2023-01-19T12:24:06","modified_gmt":"2023-01-19T11:24:06","slug":"a1-1-repondre-aux-transitions-industrielles","status":"publish","type":"page","link":"https:\/\/uhfp.centre-inffo.fr\/2023\/a1-1-repondre-aux-transitions-industrielles\/","title":{"rendered":"A1.1 TR &#8211; R\u00e9pondre aux transitions industrielles"},"content":{"rendered":"<p><span data-contrast=\"none\">Innovation dans l\u2019industrie, impact des choix \u00e9nerg\u00e9tiques, contraintes environnementales, nouveaux march\u00e9s : de nombreux facteurs sont \u00e0 l\u2019origine des transitions industrielles. Celles-ci ont un impact fort sur les territoires, les personnes et les m\u00e9tiers.<\/span><span data-ccp-props=\"{}\">\u00a0<\/span><\/p>\n<p><span data-contrast=\"none\">Comment accompagner ces transformations industrielles sans cr\u00e9er de rupture\u202f? Cette table ronde t\u00e9moignera de solutions d\u00e9velopp\u00e9es \u00e0 plusieurs \u00e9chelles\u202f:<\/span><span data-ccp-props=\"{}\">\u00a0<\/span><\/p>\n<ul>\n<li data-leveltext=\"-\" data-font=\"Arial\" data-listid=\"8\" data-list-defn-props=\"{&quot;335551671&quot;:27,&quot;335552541&quot;:1,&quot;335559684&quot;:-2,&quot;335559685&quot;:720,&quot;335559991&quot;:360,&quot;469769226&quot;:&quot;Arial&quot;,&quot;469769242&quot;:[8226],&quot;469777803&quot;:&quot;left&quot;,&quot;469777804&quot;:&quot;-&quot;,&quot;469777815&quot;:&quot;hybridMultilevel&quot;}\" aria-setsize=\"-1\" data-aria-posinset=\"27\" data-aria-level=\"1\"><span data-contrast=\"none\">Un travail prospectif inter-branches de l\u2019industrie pour \u00e9tudier les nouveaux m\u00e9tiers et comp\u00e9tences n\u00e9cessaires <\/span><span data-ccp-props=\"{}\">\u00a0<\/span><\/li>\n<li data-leveltext=\"-\" data-font=\"Arial\" data-listid=\"8\" data-list-defn-props=\"{&quot;335551671&quot;:27,&quot;335552541&quot;:1,&quot;335559684&quot;:-2,&quot;335559685&quot;:720,&quot;335559991&quot;:360,&quot;469769226&quot;:&quot;Arial&quot;,&quot;469769242&quot;:[8226],&quot;469777803&quot;:&quot;left&quot;,&quot;469777804&quot;:&quot;-&quot;,&quot;469777815&quot;:&quot;hybridMultilevel&quot;}\" aria-setsize=\"-1\" data-aria-posinset=\"27\" data-aria-level=\"1\"><span data-contrast=\"none\">La prise en compte d\u2019un d\u00e9veloppement \u00e9cologique et solidaire<\/span><span data-ccp-props=\"{}\">\u00a0<\/span><\/li>\n<li data-leveltext=\"-\" data-font=\"Arial\" data-listid=\"8\" data-list-defn-props=\"{&quot;335551671&quot;:27,&quot;335552541&quot;:1,&quot;335559684&quot;:-2,&quot;335559685&quot;:720,&quot;335559991&quot;:360,&quot;469769226&quot;:&quot;Arial&quot;,&quot;469769242&quot;:[8226],&quot;469777803&quot;:&quot;left&quot;,&quot;469777804&quot;:&quot;-&quot;,&quot;469777815&quot;:&quot;hybridMultilevel&quot;}\" aria-setsize=\"-1\" data-aria-posinset=\"27\" data-aria-level=\"1\"><span data-contrast=\"none\">La strat\u00e9gie d\u2019\u00e9volution constante d\u2019une entreprise d\u2019\u00e9clairage urbain pour s\u2019adapter aux besoins de son environnement<\/span><span data-ccp-props=\"{}\">\u00a0<\/span><\/li>\n<li data-leveltext=\"-\" data-font=\"Arial\" data-listid=\"8\" data-list-defn-props=\"{&quot;335551671&quot;:27,&quot;335552541&quot;:1,&quot;335559684&quot;:-2,&quot;335559685&quot;:720,&quot;335559991&quot;:360,&quot;469769226&quot;:&quot;Arial&quot;,&quot;469769242&quot;:[8226],&quot;469777803&quot;:&quot;left&quot;,&quot;469777804&quot;:&quot;-&quot;,&quot;469777815&quot;:&quot;hybridMultilevel&quot;}\" aria-setsize=\"-1\" data-aria-posinset=\"27\" data-aria-level=\"1\"><span data-contrast=\"none\">La r\u00e9ponse d\u2019un secteur sp\u00e9cifique pour pr\u00e9parer les salari\u00e9s en adaptant son offre globale de formation (m\u00e9tiers de la r\u00e9paration automobile<\/span><span data-ccp-props=\"{}\">\u00a0<\/span><\/li>\n<li data-leveltext=\"-\" data-font=\"Arial\" data-listid=\"8\" data-list-defn-props=\"{&quot;335551671&quot;:27,&quot;335552541&quot;:1,&quot;335559684&quot;:-2,&quot;335559685&quot;:720,&quot;335559991&quot;:360,&quot;469769226&quot;:&quot;Arial&quot;,&quot;469769242&quot;:[8226],&quot;469777803&quot;:&quot;left&quot;,&quot;469777804&quot;:&quot;-&quot;,&quot;469777815&quot;:&quot;hybridMultilevel&quot;}\" aria-setsize=\"-1\" data-aria-posinset=\"27\" data-aria-level=\"1\"><span data-contrast=\"none\">Le d\u00e9veloppement de lieux rapprochant au quotidien entreprises industrielles et appareil de formation<\/span><span data-ccp-props=\"{}\">\u00a0<\/span><\/li>\n<\/ul>\n<h3>Animation<\/h3>\n<ul>\n<li><a href=\"\/2023\/marty\/\">Christophe Marty<\/a> &#8211; Journaliste, AEF info<\/li>\n<\/ul>\n<h3>Intervenants<\/h3>\n<ul>\n<li><a href=\"\/2023\/delobbe\/\">Marie-H\u00e9l\u00e8ne Delobbe<\/a> &#8211; Coordinatrice de l\u2019ing\u00e9nierie des dispositifs, ANFA<\/li>\n<li><a href=\"\/2023\/mathieu-figueiredo-3\/\">L\u00e9a Mathieu Figueiredo<\/a> &#8211; Responsable plaidoyer industrie lourde &#8211; R\u00e9seau Action Climat (RAC)<\/li>\n<li><a href=\"\/2023\/ragni\/\">Marcel Ragni<\/a> &#8211; PDG, Soci\u00e9t\u00e9 RAGNI \/ UIMM C\u00f4te d&rsquo;azur<\/li>\n<li><a href=\"\/2023\/verhaeghe\/\">St\u00e9phanie Verhaeghe<\/a> &#8211; Directrice Appui aux branches et action prospective, OPCO2i<\/li>\n<li><a href=\"\/2023\/yeghiayan\/\">Fabrice Yeghiayan<\/a> &#8211; Directeur national du d\u00e9veloppement, Afpa<\/li>\n<\/ul>\n","protected":false},"excerpt":{"rendered":"<p>Innovation dans l\u2019industrie, impact des choix \u00e9nerg\u00e9tiques, contraintes environnementales, nouveaux march\u00e9s : de nombreux facteurs sont \u00e0 l\u2019origine des transitions industrielles. Celles-ci ont un impact fort sur les territoires, les &hellip; <\/p>\n","protected":false},"author":1,"featured_media":0,"parent":0,"menu_order":0,"comment_status":"closed","ping_status":"closed","template":"","meta":[],"categories":[40,38],"tags":[],"wf_page_folders":[87],"acf":[],"yoast_head":"<!-- This site is optimized with the Yoast SEO plugin v20.3 - https:\/\/yoast.com\/wordpress\/plugins\/seo\/ -->\n<title>A1.1 TR - R\u00e9pondre aux transitions industrielles - 18e Universit\u00e9 d&#039;Hiver de la Formation Professionnelle<\/title>\n<meta name=\"robots\" content=\"index, follow, max-snippet:-1, max-image-preview:large, max-video-preview:-1\" \/>\n<link rel=\"canonical\" href=\"https:\/\/uhfp.centre-inffo.fr\/2023\/a1-1-repondre-aux-transitions-industrielles\/\" \/>\n<meta property=\"og:locale\" content=\"fr_FR\" \/>\n<meta property=\"og:type\" content=\"article\" \/>\n<meta property=\"og:title\" content=\"A1.1 TR - R\u00e9pondre aux transitions industrielles - 18e Universit\u00e9 d&#039;Hiver de la Formation Professionnelle\" \/>\n<meta property=\"og:description\" content=\"Innovation dans l\u2019industrie, impact des choix \u00e9nerg\u00e9tiques, contraintes environnementales, nouveaux march\u00e9s : de nombreux facteurs sont \u00e0 l\u2019origine des transitions industrielles. Celles-ci ont un impact fort sur les territoires, les &hellip;\" \/>\n<meta property=\"og:url\" content=\"https:\/\/uhfp.centre-inffo.fr\/2023\/a1-1-repondre-aux-transitions-industrielles\/\" \/>\n<meta property=\"og:site_name\" content=\"18e Universit\u00e9 d&#039;Hiver de la Formation Professionnelle\" \/>\n<meta property=\"article:publisher\" content=\"https:\/\/www.facebook.com\/centreinffo\" \/>\n<meta property=\"article:modified_time\" content=\"2023-01-19T11:24:06+00:00\" \/>\n<meta name=\"twitter:card\" content=\"summary_large_image\" \/>\n<meta name=\"twitter:site\" content=\"@centreinffo\" \/>\n<meta name=\"twitter:label1\" content=\"Dur\u00e9e de lecture estim\u00e9e\" \/>\n\t<meta name=\"twitter:data1\" content=\"1 minute\" \/>\n<script type=\"application\/ld+json\" class=\"yoast-schema-graph\">{\"@context\":\"https:\/\/schema.org\",\"@graph\":[{\"@type\":\"WebPage\",\"@id\":\"https:\/\/uhfp.centre-inffo.fr\/2023\/a1-1-repondre-aux-transitions-industrielles\/\",\"url\":\"https:\/\/uhfp.centre-inffo.fr\/2023\/a1-1-repondre-aux-transitions-industrielles\/\",\"name\":\"A1.1 TR - R\u00e9pondre aux transitions industrielles - 18e Universit\u00e9 d&#039;Hiver de la Formation Professionnelle\",\"isPartOf\":{\"@id\":\"https:\/\/uhfp.centre-inffo.fr\/2023\/#website\"},\"datePublished\":\"2023-01-04T10:17:54+00:00\",\"dateModified\":\"2023-01-19T11:24:06+00:00\",\"breadcrumb\":{\"@id\":\"https:\/\/uhfp.centre-inffo.fr\/2023\/a1-1-repondre-aux-transitions-industrielles\/#breadcrumb\"},\"inLanguage\":\"fr-FR\",\"potentialAction\":[{\"@type\":\"ReadAction\",\"target\":[\"https:\/\/uhfp.centre-inffo.fr\/2023\/a1-1-repondre-aux-transitions-industrielles\/\"]}]},{\"@type\":\"BreadcrumbList\",\"@id\":\"https:\/\/uhfp.centre-inffo.fr\/2023\/a1-1-repondre-aux-transitions-industrielles\/#breadcrumb\",\"itemListElement\":[{\"@type\":\"ListItem\",\"position\":1,\"name\":\"Accueil\",\"item\":\"https:\/\/uhfp.centre-inffo.fr\/2023\/\"},{\"@type\":\"ListItem\",\"position\":2,\"name\":\"Programme\",\"item\":\"https:\/\/uhfp.centre-inffo.fr\/2023\/rubrique\/programme\/\"},{\"@type\":\"ListItem\",\"position\":3,\"name\":\"Jeudi 26 janvier\",\"item\":\"https:\/\/uhfp.centre-inffo.fr\/2023\/rubrique\/programme\/jeudi-26-janvier\/\"},{\"@type\":\"ListItem\",\"position\":4,\"name\":\"A1.1 TR &#8211; R\u00e9pondre aux transitions industrielles\"}]},{\"@type\":\"WebSite\",\"@id\":\"https:\/\/uhfp.centre-inffo.fr\/2023\/#website\",\"url\":\"https:\/\/uhfp.centre-inffo.fr\/2023\/\",\"name\":\"18e Universit\u00e9 d&#039;Hiver de la Formation Professionnelle\",\"description\":\"Comp\u00e9tences 2030 : r\u00e9ussir ensemble les transitions ! - Du 25 au 27 janvier 2023, \u00e0 Cannes\",\"publisher\":{\"@id\":\"https:\/\/uhfp.centre-inffo.fr\/2023\/#organization\"},\"potentialAction\":[{\"@type\":\"SearchAction\",\"target\":{\"@type\":\"EntryPoint\",\"urlTemplate\":\"https:\/\/uhfp.centre-inffo.fr\/2023\/?s={search_term_string}\"},\"query-input\":\"required name=search_term_string\"}],\"inLanguage\":\"fr-FR\"},{\"@type\":\"Organization\",\"@id\":\"https:\/\/uhfp.centre-inffo.fr\/2023\/#organization\",\"name\":\"Centre Inffo\",\"url\":\"https:\/\/uhfp.centre-inffo.fr\/2023\/\",\"logo\":{\"@type\":\"ImageObject\",\"inLanguage\":\"fr-FR\",\"@id\":\"https:\/\/uhfp.centre-inffo.fr\/2023\/#\/schema\/logo\/image\/\",\"url\":\"\",\"contentUrl\":\"\",\"caption\":\"Centre Inffo\"},\"image\":{\"@id\":\"https:\/\/uhfp.centre-inffo.fr\/2023\/#\/schema\/logo\/image\/\"},\"sameAs\":[\"https:\/\/www.facebook.com\/centreinffo\",\"https:\/\/twitter.com\/centreinffo\",\"https:\/\/www.linkedin.com\/company\/centre-inffo\/\",\"https:\/\/www.youtube.com\/user\/centreinffo\"]}]}<\/script>\n<!-- \/ Yoast SEO plugin. -->","yoast_head_json":{"title":"A1.1 TR - R\u00e9pondre aux transitions industrielles - 18e Universit\u00e9 d&#039;Hiver de la Formation Professionnelle","robots":{"index":"index","follow":"follow","max-snippet":"max-snippet:-1","max-image-preview":"max-image-preview:large","max-video-preview":"max-video-preview:-1"},"canonical":"https:\/\/uhfp.centre-inffo.fr\/2023\/a1-1-repondre-aux-transitions-industrielles\/","og_locale":"fr_FR","og_type":"article","og_title":"A1.1 TR - R\u00e9pondre aux transitions industrielles - 18e Universit\u00e9 d&#039;Hiver de la Formation Professionnelle","og_description":"Innovation dans l\u2019industrie, impact des choix \u00e9nerg\u00e9tiques, contraintes environnementales, nouveaux march\u00e9s : de nombreux facteurs sont \u00e0 l\u2019origine des transitions industrielles. Celles-ci ont un impact fort sur les territoires, les &hellip;","og_url":"https:\/\/uhfp.centre-inffo.fr\/2023\/a1-1-repondre-aux-transitions-industrielles\/","og_site_name":"18e Universit\u00e9 d&#039;Hiver de la Formation Professionnelle","article_publisher":"https:\/\/www.facebook.com\/centreinffo","article_modified_time":"2023-01-19T11:24:06+00:00","twitter_card":"summary_large_image","twitter_site":"@centreinffo","twitter_misc":{"Dur\u00e9e de lecture estim\u00e9e":"1 minute"},"schema":{"@context":"https:\/\/schema.org","@graph":[{"@type":"WebPage","@id":"https:\/\/uhfp.centre-inffo.fr\/2023\/a1-1-repondre-aux-transitions-industrielles\/","url":"https:\/\/uhfp.centre-inffo.fr\/2023\/a1-1-repondre-aux-transitions-industrielles\/","name":"A1.1 TR - R\u00e9pondre aux transitions industrielles - 18e Universit\u00e9 d&#039;Hiver de la Formation Professionnelle","isPartOf":{"@id":"https:\/\/uhfp.centre-inffo.fr\/2023\/#website"},"datePublished":"2023-01-04T10:17:54+00:00","dateModified":"2023-01-19T11:24:06+00:00","breadcrumb":{"@id":"https:\/\/uhfp.centre-inffo.fr\/2023\/a1-1-repondre-aux-transitions-industrielles\/#breadcrumb"},"inLanguage":"fr-FR","potentialAction":[{"@type":"ReadAction","target":["https:\/\/uhfp.centre-inffo.fr\/2023\/a1-1-repondre-aux-transitions-industrielles\/"]}]},{"@type":"BreadcrumbList","@id":"https:\/\/uhfp.centre-inffo.fr\/2023\/a1-1-repondre-aux-transitions-industrielles\/#breadcrumb","itemListElement":[{"@type":"ListItem","position":1,"name":"Accueil","item":"https:\/\/uhfp.centre-inffo.fr\/2023\/"},{"@type":"ListItem","position":2,"name":"Programme","item":"https:\/\/uhfp.centre-inffo.fr\/2023\/rubrique\/programme\/"},{"@type":"ListItem","position":3,"name":"Jeudi 26 janvier","item":"https:\/\/uhfp.centre-inffo.fr\/2023\/rubrique\/programme\/jeudi-26-janvier\/"},{"@type":"ListItem","position":4,"name":"A1.1 TR &#8211; R\u00e9pondre aux transitions industrielles"}]},{"@type":"WebSite","@id":"https:\/\/uhfp.centre-inffo.fr\/2023\/#website","url":"https:\/\/uhfp.centre-inffo.fr\/2023\/","name":"18e Universit\u00e9 d&#039;Hiver de la Formation Professionnelle","description":"Comp\u00e9tences 2030 : r\u00e9ussir ensemble les transitions ! - Du 25 au 27 janvier 2023, \u00e0 Cannes","publisher":{"@id":"https:\/\/uhfp.centre-inffo.fr\/2023\/#organization"},"potentialAction":[{"@type":"SearchAction","target":{"@type":"EntryPoint","urlTemplate":"https:\/\/uhfp.centre-inffo.fr\/2023\/?s={search_term_string}"},"query-input":"required name=search_term_string"}],"inLanguage":"fr-FR"},{"@type":"Organization","@id":"https:\/\/uhfp.centre-inffo.fr\/2023\/#organization","name":"Centre Inffo","url":"https:\/\/uhfp.centre-inffo.fr\/2023\/","logo":{"@type":"ImageObject","inLanguage":"fr-FR","@id":"https:\/\/uhfp.centre-inffo.fr\/2023\/#\/schema\/logo\/image\/","url":"","contentUrl":"","caption":"Centre Inffo"},"image":{"@id":"https:\/\/uhfp.centre-inffo.fr\/2023\/#\/schema\/logo\/image\/"},"sameAs":["https:\/\/www.facebook.com\/centreinffo","https:\/\/twitter.com\/centreinffo","https:\/\/www.linkedin.com\/company\/centre-inffo\/","https:\/\/www.youtube.com\/user\/centreinffo"]}]}},"_links":{"self":[{"href":"https:\/\/uhfp.centre-inffo.fr\/2023\/wp-json\/wp\/v2\/pages\/4184"}],"collection":[{"href":"https:\/\/uhfp.centre-inffo.fr\/2023\/wp-json\/wp\/v2\/pages"}],"about":[{"href":"https:\/\/uhfp.centre-inffo.fr\/2023\/wp-json\/wp\/v2\/types\/page"}],"author":[{"embeddable":true,"href":"https:\/\/uhfp.centre-inffo.fr\/2023\/wp-json\/wp\/v2\/users\/1"}],"replies":[{"embeddable":true,"href":"https:\/\/uhfp.centre-inffo.fr\/2023\/wp-json\/wp\/v2\/comments?post=4184"}],"version-history":[{"count":22,"href":"https:\/\/uhfp.centre-inffo.fr\/2023\/wp-json\/wp\/v2\/pages\/4184\/revisions"}],"predecessor-version":[{"id":5135,"href":"https:\/\/uhfp.centre-inffo.fr\/2023\/wp-json\/wp\/v2\/pages\/4184\/revisions\/5135"}],"wp:attachment":[{"href":"https:\/\/uhfp.centre-inffo.fr\/2023\/wp-json\/wp\/v2\/media?parent=4184"}],"wp:term":[{"taxonomy":"category","embeddable":true,"href":"https:\/\/uhfp.centre-inffo.fr\/2023\/wp-json\/wp\/v2\/categories?post=4184"},{"taxonomy":"post_tag","embeddable":true,"href":"https:\/\/uhfp.centre-inffo.fr\/2023\/wp-json\/wp\/v2\/tags?post=4184"},{"taxonomy":"wf_page_folders","embeddable":true,"href":"https:\/\/uhfp.centre-inffo.fr\/2023\/wp-json\/wp\/v2\/wf_page_folders?post=4184"}],"curies":[{"name":"wp","href":"https:\/\/api.w.org\/{rel}","templated":true}]}}