{"id":4211,"date":"2022-11-29T15:00:46","date_gmt":"2022-11-29T14:00:46","guid":{"rendered":"https:\/\/uhfp.centre-inffo.fr\/2023\/?page_id=4211"},"modified":"2023-01-04T13:27:33","modified_gmt":"2023-01-04T12:27:33","slug":"rigole","status":"publish","type":"page","link":"https:\/\/uhfp.centre-inffo.fr\/2023\/rigole\/","title":{"rendered":"Rigol\u00e9"},"content":{"rendered":"<p>Cofondateur et Directeur G\u00e9n\u00e9ral d\u2019Actinuum, organisme de (trans)formation.<\/p>\n<p>Actinuum est le fruit de la maturation entre formation initiale au Management par Projets au Canada (DESS\/MASTER PRO), exp\u00e9riences de projets \u00e0 l\u2019international puis cocr\u00e9ation en 2010 de l\u2019entreprise avec un coach de grands dirigeants et un consultant en transformations par projets.<\/p>\n<p>En 2019, Apr\u00e8s 9 ans d\u2019existence \u00e0 former les managers et chefs de projet aux soft et hard skills de projet, la question de notre raison d\u2019\u00eatre fut pos\u00e9e. En m\u2019interrogeant au plus profond de moi et en questionnant l\u2019\u00e9quipe, nos clients, nos partenaires\u2026 Nous avons clairement identifi\u00e9 le sens de nos actions.<\/p>\n<p><strong>Nous avons pour mission de d\u00e9velopper les comp\u00e9tences des managers qui sont l\u2019\u00e9nergie durable des transformations de l\u2019entreprise.<\/strong><\/p>\n<p>Pour engager nos forces avec sens et responsabilit\u00e9, nous avons entam\u00e9 une d\u00e9marche RSE reconnue \u00e0 compter de 2021 par le label AFNOR \u00ab\u00a0engag\u00e9s RSE confirm\u00e9\u00a0\u00bb.<\/p>\n<p>Pour me donner toutes les chances de r\u00e9ussir le d\u00e9veloppement d\u2019Actinuum et donc satisfaire \u00e0 notre mission, j\u2019ai suivi un EXECUTIVE MBA \u00e0 l\u2019ESSEC.<\/p>\n<p>De nouveaux talents nous ont rejoints, une nouvelle organisation, un nouvel actionnariat, de nouvelles offres, des communaut\u00e9s de managers unies par le d\u00e9sir d\u2019apprendre et de transformer.<\/p>\n<h4>Les d\u00e9fis\u00a0des organisations ?<\/h4>\n<p>L\u2019Entreprise est un acteur majeur de notre \u00e9cosyst\u00e8me. Elle ne peut ignorer les changements climatiques, sociaux et environnementaux.<\/p>\n<p>Ces d\u00e9fis, associ\u00e9s aux bouleversements organisationnels, \u00e0 l\u2019hyperconcurrence et hyperinnovation, \u00e0 la digitalisation, \u00e0 la\u00a0qu\u00eate de sens et d\u2019ind\u00e9pendance attendues par les talents, g\u00e9n\u00e8rent des mutations profondes. Pour faire face \u00e0 ces r\u00e9alit\u00e9s,\u00a0<strong>il y a urgence \u00e0 se transformer<\/strong>.<\/p>\n<h4>Qui pour transformer\u00a0?<\/h4>\n<p>Pour nous,\u00a0<strong>les op\u00e9rateurs de cette transformation, ce sont les managers<\/strong>. Accompagner plut\u00f4t que diriger, inspirer plut\u00f4t que commander, incarner plut\u00f4t qu\u2019imposer : ils sont les catalyseurs de l\u2019agilit\u00e9 dans cette \u00e8re de la Skill Economy.<\/p>\n<h4>Quelles comp\u00e9tences\u00a0?<\/h4>\n<p>Pour cela, nous consid\u00e9rons qu\u2019il faut transformer\u00a0<strong>l\u2019approche manag\u00e9riale<\/strong>\u00a0selon trois axes :<\/p>\n<ul>\n<li><strong>People<\/strong>, parce que les individus sont le moteur et la richesse de l\u2019entreprise, Exalter le savoir comportemental, relationnel et manag\u00e9rial pour l\u2019\u00e9mulation des talents<\/li>\n<li><strong>Project<\/strong>, parce que la cr\u00e9ativit\u00e9 et l\u2019efficacit\u00e9 sont toujours li\u00e9es \u00e0 la m\u00e9thode, stimuler l\u2019agilit\u00e9 et le mode projet.<\/li>\n<li><strong>Planet<\/strong>, parce que l\u2019environnement est notre bien, cultiver l\u2019innovation durable en concevant des produits et services \u00e0 impact positif.<\/li>\n<\/ul>\n<h4>Comment\u00a0les acqu\u00e9rir ? P\u00e9dagogie d\u2019entra\u00eenement et agora<\/h4>\n<p>Nous connaissons les enjeux du manager, ses doutes, ses forces, ses attentes. \u00c0 l\u2019\u00e9coute de ses besoins et contraintes, au service de vos ambitions et de votre vision, nous proposons des formats courts \u00ab\u00a0booster\u00a0\u00bb d\u2019upskilling ou des programmes de formation sur-mesure \u00ab\u00a0impact\u00a0\u00bb pour accompagner vos transformations.<\/p>\n<p>Ces programmes s\u2019appuient sur une p\u00e9dagogie d\u2019entra\u00eenement PEPS (Pr\u00e9paration individuelle, Entra\u00eenements collectifs, ateliers de Perfectionnement, mesure des Succ\u00e8s) mixant les p\u00e9dagogies synchrones et asynchrones.<\/p>\n<p>Et par ce que notre engagement d\u00e9passe la dimension mercantile, nous proposons \u00e0 tous les managers qui le souhaitent de rejoindre notre agora afin de s\u2019enrichir entre pairs via des ateliers d\u2019\u00e9changes de pratiques, des \u00e9v\u00e9nements, nos publications d\u2019articles et la mise en valeur de leurs actions (t\u00e9moignages, conf\u00e9rences etc.)<\/p>\n<h4>Pourquoi\u00a0?<\/h4>\n<p>Nous croyons \u00e0 l\u2019intelligence humaine collective. Nous croyons \u00e0 l\u2019\u00e9mulsion organis\u00e9e. Nous croyons au manager et \u00e0 son r\u00f4le de trait d\u2019union entre l\u2019Humain et la performance, de garant de la vision business et de la responsabilit\u00e9. Nous croyons \u00e0 la force du collectif, \u00e0 la puissance des comp\u00e9tences dans l\u2019entreprise et au-del\u00e0 de ses fronti\u00e8res pour transformer notre monde.<\/p>\n<h3>Intervention<\/h3>\n<ul>\n<li><a href=\"\/2023\/d3-48-at-les-cles-de-reussite-dune-demarche-rse\/\">D3.48 AT\u00a0 Les cl\u00e9s de r\u00e9ussite d&rsquo;une d\u00e9marche RSE<\/a><\/li>\n<\/ul>\n","protected":false},"excerpt":{"rendered":"<p>Cofondateur et Directeur G\u00e9n\u00e9ral d\u2019Actinuum, organisme de (trans)formation. Actinuum est le fruit de la maturation entre formation initiale au Management par Projets au Canada (DESS\/MASTER PRO), exp\u00e9riences de projets \u00e0 &hellip; <\/p>\n","protected":false},"author":1,"featured_media":4221,"parent":0,"menu_order":0,"comment_status":"closed","ping_status":"closed","template":"","meta":[],"categories":[6],"tags":[],"wf_page_folders":[92],"acf":[],"yoast_head":"<!-- This site is optimized with the Yoast SEO plugin v20.3 - https:\/\/yoast.com\/wordpress\/plugins\/seo\/ -->\n<title>Rigol\u00e9 - 18e Universit\u00e9 d&#039;Hiver de la Formation Professionnelle<\/title>\n<meta name=\"robots\" content=\"index, follow, max-snippet:-1, max-image-preview:large, max-video-preview:-1\" \/>\n<link rel=\"canonical\" href=\"https:\/\/uhfp.centre-inffo.fr\/2023\/rigole\/\" \/>\n<meta property=\"og:locale\" content=\"fr_FR\" \/>\n<meta property=\"og:type\" content=\"article\" \/>\n<meta property=\"og:title\" content=\"Rigol\u00e9 - 18e Universit\u00e9 d&#039;Hiver de la Formation Professionnelle\" \/>\n<meta property=\"og:description\" content=\"Cofondateur et Directeur G\u00e9n\u00e9ral d\u2019Actinuum, organisme de (trans)formation. Actinuum est le fruit de la maturation entre formation initiale au Management par Projets au Canada (DESS\/MASTER PRO), exp\u00e9riences de projets \u00e0 &hellip;\" \/>\n<meta property=\"og:url\" content=\"https:\/\/uhfp.centre-inffo.fr\/2023\/rigole\/\" \/>\n<meta property=\"og:site_name\" content=\"18e Universit\u00e9 d&#039;Hiver de la Formation Professionnelle\" \/>\n<meta property=\"article:publisher\" content=\"https:\/\/www.facebook.com\/centreinffo\" \/>\n<meta property=\"article:modified_time\" content=\"2023-01-04T12:27:33+00:00\" \/>\n<meta property=\"og:image\" content=\"https:\/\/uhfp.centre-inffo.fr\/2023\/wp-content\/uploads\/2023\/01\/rigole.jpg\" \/>\n\t<meta property=\"og:image:width\" content=\"800\" \/>\n\t<meta property=\"og:image:height\" content=\"800\" \/>\n\t<meta property=\"og:image:type\" content=\"image\/jpeg\" \/>\n<meta name=\"twitter:card\" content=\"summary_large_image\" \/>\n<meta name=\"twitter:site\" content=\"@centreinffo\" \/>\n<meta name=\"twitter:label1\" content=\"Dur\u00e9e de lecture estim\u00e9e\" \/>\n\t<meta name=\"twitter:data1\" content=\"3 minutes\" \/>\n<script type=\"application\/ld+json\" class=\"yoast-schema-graph\">{\"@context\":\"https:\/\/schema.org\",\"@graph\":[{\"@type\":\"WebPage\",\"@id\":\"https:\/\/uhfp.centre-inffo.fr\/2023\/rigole\/\",\"url\":\"https:\/\/uhfp.centre-inffo.fr\/2023\/rigole\/\",\"name\":\"Rigol\u00e9 - 18e Universit\u00e9 d&#039;Hiver de la Formation Professionnelle\",\"isPartOf\":{\"@id\":\"https:\/\/uhfp.centre-inffo.fr\/2023\/#website\"},\"datePublished\":\"2022-11-29T14:00:46+00:00\",\"dateModified\":\"2023-01-04T12:27:33+00:00\",\"breadcrumb\":{\"@id\":\"https:\/\/uhfp.centre-inffo.fr\/2023\/rigole\/#breadcrumb\"},\"inLanguage\":\"fr-FR\",\"potentialAction\":[{\"@type\":\"ReadAction\",\"target\":[\"https:\/\/uhfp.centre-inffo.fr\/2023\/rigole\/\"]}]},{\"@type\":\"BreadcrumbList\",\"@id\":\"https:\/\/uhfp.centre-inffo.fr\/2023\/rigole\/#breadcrumb\",\"itemListElement\":[{\"@type\":\"ListItem\",\"position\":1,\"name\":\"Accueil\",\"item\":\"https:\/\/uhfp.centre-inffo.fr\/2023\/\"},{\"@type\":\"ListItem\",\"position\":2,\"name\":\"Intervenants\",\"item\":\"https:\/\/uhfp.centre-inffo.fr\/2023\/rubrique\/intervenants\/\"},{\"@type\":\"ListItem\",\"position\":3,\"name\":\"Rigol\u00e9\"}]},{\"@type\":\"WebSite\",\"@id\":\"https:\/\/uhfp.centre-inffo.fr\/2023\/#website\",\"url\":\"https:\/\/uhfp.centre-inffo.fr\/2023\/\",\"name\":\"18e Universit\u00e9 d&#039;Hiver de la Formation Professionnelle\",\"description\":\"Comp\u00e9tences 2030 : r\u00e9ussir ensemble les transitions ! - Du 25 au 27 janvier 2023, \u00e0 Cannes\",\"publisher\":{\"@id\":\"https:\/\/uhfp.centre-inffo.fr\/2023\/#organization\"},\"potentialAction\":[{\"@type\":\"SearchAction\",\"target\":{\"@type\":\"EntryPoint\",\"urlTemplate\":\"https:\/\/uhfp.centre-inffo.fr\/2023\/?s={search_term_string}\"},\"query-input\":\"required name=search_term_string\"}],\"inLanguage\":\"fr-FR\"},{\"@type\":\"Organization\",\"@id\":\"https:\/\/uhfp.centre-inffo.fr\/2023\/#organization\",\"name\":\"Centre Inffo\",\"url\":\"https:\/\/uhfp.centre-inffo.fr\/2023\/\",\"logo\":{\"@type\":\"ImageObject\",\"inLanguage\":\"fr-FR\",\"@id\":\"https:\/\/uhfp.centre-inffo.fr\/2023\/#\/schema\/logo\/image\/\",\"url\":\"\",\"contentUrl\":\"\",\"caption\":\"Centre Inffo\"},\"image\":{\"@id\":\"https:\/\/uhfp.centre-inffo.fr\/2023\/#\/schema\/logo\/image\/\"},\"sameAs\":[\"https:\/\/www.facebook.com\/centreinffo\",\"https:\/\/twitter.com\/centreinffo\",\"https:\/\/www.linkedin.com\/company\/centre-inffo\/\",\"https:\/\/www.youtube.com\/user\/centreinffo\"]}]}<\/script>\n<!-- \/ Yoast SEO plugin. -->","yoast_head_json":{"title":"Rigol\u00e9 - 18e Universit\u00e9 d&#039;Hiver de la Formation Professionnelle","robots":{"index":"index","follow":"follow","max-snippet":"max-snippet:-1","max-image-preview":"max-image-preview:large","max-video-preview":"max-video-preview:-1"},"canonical":"https:\/\/uhfp.centre-inffo.fr\/2023\/rigole\/","og_locale":"fr_FR","og_type":"article","og_title":"Rigol\u00e9 - 18e Universit\u00e9 d&#039;Hiver de la Formation Professionnelle","og_description":"Cofondateur et Directeur G\u00e9n\u00e9ral d\u2019Actinuum, organisme de (trans)formation. Actinuum est le fruit de la maturation entre formation initiale au Management par Projets au Canada (DESS\/MASTER PRO), exp\u00e9riences de projets \u00e0 &hellip;","og_url":"https:\/\/uhfp.centre-inffo.fr\/2023\/rigole\/","og_site_name":"18e Universit\u00e9 d&#039;Hiver de la Formation Professionnelle","article_publisher":"https:\/\/www.facebook.com\/centreinffo","article_modified_time":"2023-01-04T12:27:33+00:00","og_image":[{"width":800,"height":800,"url":"https:\/\/uhfp.centre-inffo.fr\/2023\/wp-content\/uploads\/2023\/01\/rigole.jpg","type":"image\/jpeg"}],"twitter_card":"summary_large_image","twitter_site":"@centreinffo","twitter_misc":{"Dur\u00e9e de lecture estim\u00e9e":"3 minutes"},"schema":{"@context":"https:\/\/schema.org","@graph":[{"@type":"WebPage","@id":"https:\/\/uhfp.centre-inffo.fr\/2023\/rigole\/","url":"https:\/\/uhfp.centre-inffo.fr\/2023\/rigole\/","name":"Rigol\u00e9 - 18e Universit\u00e9 d&#039;Hiver de la Formation Professionnelle","isPartOf":{"@id":"https:\/\/uhfp.centre-inffo.fr\/2023\/#website"},"datePublished":"2022-11-29T14:00:46+00:00","dateModified":"2023-01-04T12:27:33+00:00","breadcrumb":{"@id":"https:\/\/uhfp.centre-inffo.fr\/2023\/rigole\/#breadcrumb"},"inLanguage":"fr-FR","potentialAction":[{"@type":"ReadAction","target":["https:\/\/uhfp.centre-inffo.fr\/2023\/rigole\/"]}]},{"@type":"BreadcrumbList","@id":"https:\/\/uhfp.centre-inffo.fr\/2023\/rigole\/#breadcrumb","itemListElement":[{"@type":"ListItem","position":1,"name":"Accueil","item":"https:\/\/uhfp.centre-inffo.fr\/2023\/"},{"@type":"ListItem","position":2,"name":"Intervenants","item":"https:\/\/uhfp.centre-inffo.fr\/2023\/rubrique\/intervenants\/"},{"@type":"ListItem","position":3,"name":"Rigol\u00e9"}]},{"@type":"WebSite","@id":"https:\/\/uhfp.centre-inffo.fr\/2023\/#website","url":"https:\/\/uhfp.centre-inffo.fr\/2023\/","name":"18e Universit\u00e9 d&#039;Hiver de la Formation Professionnelle","description":"Comp\u00e9tences 2030 : r\u00e9ussir ensemble les transitions ! - Du 25 au 27 janvier 2023, \u00e0 Cannes","publisher":{"@id":"https:\/\/uhfp.centre-inffo.fr\/2023\/#organization"},"potentialAction":[{"@type":"SearchAction","target":{"@type":"EntryPoint","urlTemplate":"https:\/\/uhfp.centre-inffo.fr\/2023\/?s={search_term_string}"},"query-input":"required name=search_term_string"}],"inLanguage":"fr-FR"},{"@type":"Organization","@id":"https:\/\/uhfp.centre-inffo.fr\/2023\/#organization","name":"Centre Inffo","url":"https:\/\/uhfp.centre-inffo.fr\/2023\/","logo":{"@type":"ImageObject","inLanguage":"fr-FR","@id":"https:\/\/uhfp.centre-inffo.fr\/2023\/#\/schema\/logo\/image\/","url":"","contentUrl":"","caption":"Centre Inffo"},"image":{"@id":"https:\/\/uhfp.centre-inffo.fr\/2023\/#\/schema\/logo\/image\/"},"sameAs":["https:\/\/www.facebook.com\/centreinffo","https:\/\/twitter.com\/centreinffo","https:\/\/www.linkedin.com\/company\/centre-inffo\/","https:\/\/www.youtube.com\/user\/centreinffo"]}]}},"_links":{"self":[{"href":"https:\/\/uhfp.centre-inffo.fr\/2023\/wp-json\/wp\/v2\/pages\/4211"}],"collection":[{"href":"https:\/\/uhfp.centre-inffo.fr\/2023\/wp-json\/wp\/v2\/pages"}],"about":[{"href":"https:\/\/uhfp.centre-inffo.fr\/2023\/wp-json\/wp\/v2\/types\/page"}],"author":[{"embeddable":true,"href":"https:\/\/uhfp.centre-inffo.fr\/2023\/wp-json\/wp\/v2\/users\/1"}],"replies":[{"embeddable":true,"href":"https:\/\/uhfp.centre-inffo.fr\/2023\/wp-json\/wp\/v2\/comments?post=4211"}],"version-history":[{"count":7,"href":"https:\/\/uhfp.centre-inffo.fr\/2023\/wp-json\/wp\/v2\/pages\/4211\/revisions"}],"predecessor-version":[{"id":4222,"href":"https:\/\/uhfp.centre-inffo.fr\/2023\/wp-json\/wp\/v2\/pages\/4211\/revisions\/4222"}],"wp:featuredmedia":[{"embeddable":true,"href":"https:\/\/uhfp.centre-inffo.fr\/2023\/wp-json\/wp\/v2\/media\/4221"}],"wp:attachment":[{"href":"https:\/\/uhfp.centre-inffo.fr\/2023\/wp-json\/wp\/v2\/media?parent=4211"}],"wp:term":[{"taxonomy":"category","embeddable":true,"href":"https:\/\/uhfp.centre-inffo.fr\/2023\/wp-json\/wp\/v2\/categories?post=4211"},{"taxonomy":"post_tag","embeddable":true,"href":"https:\/\/uhfp.centre-inffo.fr\/2023\/wp-json\/wp\/v2\/tags?post=4211"},{"taxonomy":"wf_page_folders","embeddable":true,"href":"https:\/\/uhfp.centre-inffo.fr\/2023\/wp-json\/wp\/v2\/wf_page_folders?post=4211"}],"curies":[{"name":"wp","href":"https:\/\/api.w.org\/{rel}","templated":true}]}}