{"id":4265,"date":"2023-01-04T14:58:11","date_gmt":"2023-01-04T13:58:11","guid":{"rendered":"https:\/\/uhfp.centre-inffo.fr\/2023\/?page_id=4265"},"modified":"2023-02-06T15:42:46","modified_gmt":"2023-02-06T14:42:46","slug":"a3-5-at-comment-la-banque-des-territoires-investit-dans-la-formation-professionnelle-a-impact","status":"publish","type":"page","link":"https:\/\/uhfp.centre-inffo.fr\/2023\/a3-5-at-comment-la-banque-des-territoires-investit-dans-la-formation-professionnelle-a-impact\/","title":{"rendered":"A3.5 AT &#8211; Comment la Banque des Territoires investit dans la formation professionnelle \u00e0 impact"},"content":{"rendered":"\n<div class=\"wp-block-buttons is-content-justification-center is-layout-flex wp-container-1\">\n<div class=\"wp-block-button\"><a class=\"wp-block-button__link wp-element-button\" href=\"\/2023\/wp-content\/uploads\/2023\/02\/A3.5-AT.pdf\">T\u00e9l\u00e9charger la pr\u00e9sentation (.pdf)<\/a><\/div>\n<\/div>\n\n\n\n<hr class=\"wp-block-separator has-alpha-channel-opacity\"\/>\n\n\n<p><span data-contrast=\"auto\">Comment la Banque des territoires investit dans la formation professionnelle \u00e0 impact ?<\/span><span data-ccp-props=\"{}\">\u00a0<\/span><\/p>\n<p><span data-contrast=\"auto\">Etape fondamentale du cycle de vie d&rsquo;une entreprise sociale, le changement d&rsquo;\u00e9chelle permet d&rsquo;abord de d\u00e9velopper son activit\u00e9 afin d&rsquo;augmenter et maximiser son impact sur le long terme.<\/span><span data-ccp-props=\"{}\">\u00a0<\/span><\/p>\n<p><span data-contrast=\"auto\">La Banque des territoires, en tant qu&rsquo;investisseur \u00e0 impact social et tiers de confiance, accompagne sur toute la cha\u00eene de valeur, les acteurs de la formation professionnelle pour d\u00e9velopper, p\u00e9renniser et assurer la viabilit\u00e9 de leur activit\u00e9.<\/span><span data-ccp-props=\"{}\">\u00a0<\/span><\/p>\n<p><span data-ccp-props=\"{}\">\u00a0<\/span><span data-contrast=\"auto\">Cet atelier pr\u00e9sentera les grandes \u00e9tapes du changement d&rsquo;\u00e9chelle et ses objectifs en trois temps :<\/span><span data-ccp-props=\"{}\">\u00a0<\/span><\/p>\n<ul>\n<li><span data-contrast=\"auto\"> Comment d\u00e9finir l&rsquo;impact ?<\/span><\/li>\n<li>Comprendre ce que signifie le changement d&rsquo;\u00e9chelle ?<\/li>\n<li>Etre capable de lever des fonds en creusant les solutions d\u2019investissement de la BDT<\/li>\n<\/ul>\n<h3>Pilote<\/h3>\n<ul>\n<li><a href=\"\/2023\/senechal\/\">Beno\u00eet S\u00e9n\u00e9chal<\/a> &#8211; Responsable du P\u00f4le Formation &#8211; Investissements directs et programmes PIA-PIC, Caisse des d\u00e9p\u00f4ts\/Banque des territoires<\/li>\n<\/ul>\n<h3>Intervenants<\/h3>\n<ul>\n<li><a href=\"\/2023\/meziani\/\">Adim Meziani<\/a> &#8211; Charg\u00e9 d&rsquo;investissements, Caisse des d\u00e9p\u00f4ts\/Banque des territoires<\/li>\n<li><a href=\"\/2023\/pauty\/\">Roxanne Pauty<\/a> &#8211; Charg\u00e9e d&rsquo;investissement et de partenariat, Caisse des d\u00e9p\u00f4ts\/Banque des territoires<\/li>\n<li><a href=\"\/2023\/sahraoui\/\">Yanis Sahraoui<\/a> &#8211; Caisse des d\u00e9p\u00f4ts\/Banque des territoires<\/li>\n<\/ul>","protected":false},"excerpt":{"rendered":"<p>Comment la Banque des territoires investit dans la formation professionnelle \u00e0 impact ?\u00a0 Etape fondamentale du cycle de vie d&rsquo;une entreprise sociale, le changement d&rsquo;\u00e9chelle permet d&rsquo;abord de d\u00e9velopper son &hellip; <\/p>\n","protected":false},"author":1,"featured_media":0,"parent":0,"menu_order":0,"comment_status":"closed","ping_status":"closed","template":"","meta":[],"categories":[40,38],"tags":[],"wf_page_folders":[87],"acf":[],"yoast_head":"<!-- This site is optimized with the Yoast SEO plugin v20.3 - https:\/\/yoast.com\/wordpress\/plugins\/seo\/ -->\n<title>A3.5 AT - Comment la Banque des Territoires investit dans la formation professionnelle \u00e0 impact - 18e Universit\u00e9 d&#039;Hiver de la Formation Professionnelle<\/title>\n<meta name=\"robots\" content=\"index, follow, max-snippet:-1, max-image-preview:large, max-video-preview:-1\" \/>\n<link rel=\"canonical\" href=\"https:\/\/uhfp.centre-inffo.fr\/2023\/a3-5-at-comment-la-banque-des-territoires-investit-dans-la-formation-professionnelle-a-impact\/\" \/>\n<meta property=\"og:locale\" content=\"fr_FR\" \/>\n<meta property=\"og:type\" content=\"article\" \/>\n<meta property=\"og:title\" content=\"A3.5 AT - Comment la Banque des Territoires investit dans la formation professionnelle \u00e0 impact - 18e Universit\u00e9 d&#039;Hiver de la Formation Professionnelle\" \/>\n<meta property=\"og:description\" content=\"Comment la Banque des territoires investit dans la formation professionnelle \u00e0 impact ?\u00a0 Etape fondamentale du cycle de vie d&rsquo;une entreprise sociale, le changement d&rsquo;\u00e9chelle permet d&rsquo;abord de d\u00e9velopper son &hellip;\" \/>\n<meta property=\"og:url\" content=\"https:\/\/uhfp.centre-inffo.fr\/2023\/a3-5-at-comment-la-banque-des-territoires-investit-dans-la-formation-professionnelle-a-impact\/\" \/>\n<meta property=\"og:site_name\" content=\"18e Universit\u00e9 d&#039;Hiver de la Formation Professionnelle\" \/>\n<meta property=\"article:publisher\" content=\"https:\/\/www.facebook.com\/centreinffo\" \/>\n<meta property=\"article:modified_time\" content=\"2023-02-06T14:42:46+00:00\" \/>\n<meta name=\"twitter:card\" content=\"summary_large_image\" \/>\n<meta name=\"twitter:site\" content=\"@centreinffo\" \/>\n<meta name=\"twitter:label1\" content=\"Dur\u00e9e de lecture estim\u00e9e\" \/>\n\t<meta name=\"twitter:data1\" content=\"1 minute\" \/>\n<script type=\"application\/ld+json\" class=\"yoast-schema-graph\">{\"@context\":\"https:\/\/schema.org\",\"@graph\":[{\"@type\":\"WebPage\",\"@id\":\"https:\/\/uhfp.centre-inffo.fr\/2023\/a3-5-at-comment-la-banque-des-territoires-investit-dans-la-formation-professionnelle-a-impact\/\",\"url\":\"https:\/\/uhfp.centre-inffo.fr\/2023\/a3-5-at-comment-la-banque-des-territoires-investit-dans-la-formation-professionnelle-a-impact\/\",\"name\":\"A3.5 AT - Comment la Banque des Territoires investit dans la formation professionnelle \u00e0 impact - 18e Universit\u00e9 d&#039;Hiver de la Formation Professionnelle\",\"isPartOf\":{\"@id\":\"https:\/\/uhfp.centre-inffo.fr\/2023\/#website\"},\"datePublished\":\"2023-01-04T13:58:11+00:00\",\"dateModified\":\"2023-02-06T14:42:46+00:00\",\"breadcrumb\":{\"@id\":\"https:\/\/uhfp.centre-inffo.fr\/2023\/a3-5-at-comment-la-banque-des-territoires-investit-dans-la-formation-professionnelle-a-impact\/#breadcrumb\"},\"inLanguage\":\"fr-FR\",\"potentialAction\":[{\"@type\":\"ReadAction\",\"target\":[\"https:\/\/uhfp.centre-inffo.fr\/2023\/a3-5-at-comment-la-banque-des-territoires-investit-dans-la-formation-professionnelle-a-impact\/\"]}]},{\"@type\":\"BreadcrumbList\",\"@id\":\"https:\/\/uhfp.centre-inffo.fr\/2023\/a3-5-at-comment-la-banque-des-territoires-investit-dans-la-formation-professionnelle-a-impact\/#breadcrumb\",\"itemListElement\":[{\"@type\":\"ListItem\",\"position\":1,\"name\":\"Accueil\",\"item\":\"https:\/\/uhfp.centre-inffo.fr\/2023\/\"},{\"@type\":\"ListItem\",\"position\":2,\"name\":\"Programme\",\"item\":\"https:\/\/uhfp.centre-inffo.fr\/2023\/rubrique\/programme\/\"},{\"@type\":\"ListItem\",\"position\":3,\"name\":\"Jeudi 26 janvier\",\"item\":\"https:\/\/uhfp.centre-inffo.fr\/2023\/rubrique\/programme\/jeudi-26-janvier\/\"},{\"@type\":\"ListItem\",\"position\":4,\"name\":\"A3.5 AT &#8211; Comment la Banque des Territoires investit dans la formation professionnelle \u00e0 impact\"}]},{\"@type\":\"WebSite\",\"@id\":\"https:\/\/uhfp.centre-inffo.fr\/2023\/#website\",\"url\":\"https:\/\/uhfp.centre-inffo.fr\/2023\/\",\"name\":\"18e Universit\u00e9 d&#039;Hiver de la Formation Professionnelle\",\"description\":\"Comp\u00e9tences 2030 : r\u00e9ussir ensemble les transitions ! - Du 25 au 27 janvier 2023, \u00e0 Cannes\",\"publisher\":{\"@id\":\"https:\/\/uhfp.centre-inffo.fr\/2023\/#organization\"},\"potentialAction\":[{\"@type\":\"SearchAction\",\"target\":{\"@type\":\"EntryPoint\",\"urlTemplate\":\"https:\/\/uhfp.centre-inffo.fr\/2023\/?s={search_term_string}\"},\"query-input\":\"required name=search_term_string\"}],\"inLanguage\":\"fr-FR\"},{\"@type\":\"Organization\",\"@id\":\"https:\/\/uhfp.centre-inffo.fr\/2023\/#organization\",\"name\":\"Centre Inffo\",\"url\":\"https:\/\/uhfp.centre-inffo.fr\/2023\/\",\"logo\":{\"@type\":\"ImageObject\",\"inLanguage\":\"fr-FR\",\"@id\":\"https:\/\/uhfp.centre-inffo.fr\/2023\/#\/schema\/logo\/image\/\",\"url\":\"\",\"contentUrl\":\"\",\"caption\":\"Centre Inffo\"},\"image\":{\"@id\":\"https:\/\/uhfp.centre-inffo.fr\/2023\/#\/schema\/logo\/image\/\"},\"sameAs\":[\"https:\/\/www.facebook.com\/centreinffo\",\"https:\/\/twitter.com\/centreinffo\",\"https:\/\/www.linkedin.com\/company\/centre-inffo\/\",\"https:\/\/www.youtube.com\/user\/centreinffo\"]}]}<\/script>\n<!-- \/ Yoast SEO plugin. -->","yoast_head_json":{"title":"A3.5 AT - Comment la Banque des Territoires investit dans la formation professionnelle \u00e0 impact - 18e Universit\u00e9 d&#039;Hiver de la Formation Professionnelle","robots":{"index":"index","follow":"follow","max-snippet":"max-snippet:-1","max-image-preview":"max-image-preview:large","max-video-preview":"max-video-preview:-1"},"canonical":"https:\/\/uhfp.centre-inffo.fr\/2023\/a3-5-at-comment-la-banque-des-territoires-investit-dans-la-formation-professionnelle-a-impact\/","og_locale":"fr_FR","og_type":"article","og_title":"A3.5 AT - Comment la Banque des Territoires investit dans la formation professionnelle \u00e0 impact - 18e Universit\u00e9 d&#039;Hiver de la Formation Professionnelle","og_description":"Comment la Banque des territoires investit dans la formation professionnelle \u00e0 impact ?\u00a0 Etape fondamentale du cycle de vie d&rsquo;une entreprise sociale, le changement d&rsquo;\u00e9chelle permet d&rsquo;abord de d\u00e9velopper son &hellip;","og_url":"https:\/\/uhfp.centre-inffo.fr\/2023\/a3-5-at-comment-la-banque-des-territoires-investit-dans-la-formation-professionnelle-a-impact\/","og_site_name":"18e Universit\u00e9 d&#039;Hiver de la Formation Professionnelle","article_publisher":"https:\/\/www.facebook.com\/centreinffo","article_modified_time":"2023-02-06T14:42:46+00:00","twitter_card":"summary_large_image","twitter_site":"@centreinffo","twitter_misc":{"Dur\u00e9e de lecture estim\u00e9e":"1 minute"},"schema":{"@context":"https:\/\/schema.org","@graph":[{"@type":"WebPage","@id":"https:\/\/uhfp.centre-inffo.fr\/2023\/a3-5-at-comment-la-banque-des-territoires-investit-dans-la-formation-professionnelle-a-impact\/","url":"https:\/\/uhfp.centre-inffo.fr\/2023\/a3-5-at-comment-la-banque-des-territoires-investit-dans-la-formation-professionnelle-a-impact\/","name":"A3.5 AT - Comment la Banque des Territoires investit dans la formation professionnelle \u00e0 impact - 18e Universit\u00e9 d&#039;Hiver de la Formation Professionnelle","isPartOf":{"@id":"https:\/\/uhfp.centre-inffo.fr\/2023\/#website"},"datePublished":"2023-01-04T13:58:11+00:00","dateModified":"2023-02-06T14:42:46+00:00","breadcrumb":{"@id":"https:\/\/uhfp.centre-inffo.fr\/2023\/a3-5-at-comment-la-banque-des-territoires-investit-dans-la-formation-professionnelle-a-impact\/#breadcrumb"},"inLanguage":"fr-FR","potentialAction":[{"@type":"ReadAction","target":["https:\/\/uhfp.centre-inffo.fr\/2023\/a3-5-at-comment-la-banque-des-territoires-investit-dans-la-formation-professionnelle-a-impact\/"]}]},{"@type":"BreadcrumbList","@id":"https:\/\/uhfp.centre-inffo.fr\/2023\/a3-5-at-comment-la-banque-des-territoires-investit-dans-la-formation-professionnelle-a-impact\/#breadcrumb","itemListElement":[{"@type":"ListItem","position":1,"name":"Accueil","item":"https:\/\/uhfp.centre-inffo.fr\/2023\/"},{"@type":"ListItem","position":2,"name":"Programme","item":"https:\/\/uhfp.centre-inffo.fr\/2023\/rubrique\/programme\/"},{"@type":"ListItem","position":3,"name":"Jeudi 26 janvier","item":"https:\/\/uhfp.centre-inffo.fr\/2023\/rubrique\/programme\/jeudi-26-janvier\/"},{"@type":"ListItem","position":4,"name":"A3.5 AT &#8211; Comment la Banque des Territoires investit dans la formation professionnelle \u00e0 impact"}]},{"@type":"WebSite","@id":"https:\/\/uhfp.centre-inffo.fr\/2023\/#website","url":"https:\/\/uhfp.centre-inffo.fr\/2023\/","name":"18e Universit\u00e9 d&#039;Hiver de la Formation Professionnelle","description":"Comp\u00e9tences 2030 : r\u00e9ussir ensemble les transitions ! - Du 25 au 27 janvier 2023, \u00e0 Cannes","publisher":{"@id":"https:\/\/uhfp.centre-inffo.fr\/2023\/#organization"},"potentialAction":[{"@type":"SearchAction","target":{"@type":"EntryPoint","urlTemplate":"https:\/\/uhfp.centre-inffo.fr\/2023\/?s={search_term_string}"},"query-input":"required name=search_term_string"}],"inLanguage":"fr-FR"},{"@type":"Organization","@id":"https:\/\/uhfp.centre-inffo.fr\/2023\/#organization","name":"Centre Inffo","url":"https:\/\/uhfp.centre-inffo.fr\/2023\/","logo":{"@type":"ImageObject","inLanguage":"fr-FR","@id":"https:\/\/uhfp.centre-inffo.fr\/2023\/#\/schema\/logo\/image\/","url":"","contentUrl":"","caption":"Centre Inffo"},"image":{"@id":"https:\/\/uhfp.centre-inffo.fr\/2023\/#\/schema\/logo\/image\/"},"sameAs":["https:\/\/www.facebook.com\/centreinffo","https:\/\/twitter.com\/centreinffo","https:\/\/www.linkedin.com\/company\/centre-inffo\/","https:\/\/www.youtube.com\/user\/centreinffo"]}]}},"_links":{"self":[{"href":"https:\/\/uhfp.centre-inffo.fr\/2023\/wp-json\/wp\/v2\/pages\/4265"}],"collection":[{"href":"https:\/\/uhfp.centre-inffo.fr\/2023\/wp-json\/wp\/v2\/pages"}],"about":[{"href":"https:\/\/uhfp.centre-inffo.fr\/2023\/wp-json\/wp\/v2\/types\/page"}],"author":[{"embeddable":true,"href":"https:\/\/uhfp.centre-inffo.fr\/2023\/wp-json\/wp\/v2\/users\/1"}],"replies":[{"embeddable":true,"href":"https:\/\/uhfp.centre-inffo.fr\/2023\/wp-json\/wp\/v2\/comments?post=4265"}],"version-history":[{"count":10,"href":"https:\/\/uhfp.centre-inffo.fr\/2023\/wp-json\/wp\/v2\/pages\/4265\/revisions"}],"predecessor-version":[{"id":5982,"href":"https:\/\/uhfp.centre-inffo.fr\/2023\/wp-json\/wp\/v2\/pages\/4265\/revisions\/5982"}],"wp:attachment":[{"href":"https:\/\/uhfp.centre-inffo.fr\/2023\/wp-json\/wp\/v2\/media?parent=4265"}],"wp:term":[{"taxonomy":"category","embeddable":true,"href":"https:\/\/uhfp.centre-inffo.fr\/2023\/wp-json\/wp\/v2\/categories?post=4265"},{"taxonomy":"post_tag","embeddable":true,"href":"https:\/\/uhfp.centre-inffo.fr\/2023\/wp-json\/wp\/v2\/tags?post=4265"},{"taxonomy":"wf_page_folders","embeddable":true,"href":"https:\/\/uhfp.centre-inffo.fr\/2023\/wp-json\/wp\/v2\/wf_page_folders?post=4265"}],"curies":[{"name":"wp","href":"https:\/\/api.w.org\/{rel}","templated":true}]}}