{"id":4282,"date":"2023-01-04T15:17:29","date_gmt":"2023-01-04T14:17:29","guid":{"rendered":"https:\/\/uhfp.centre-inffo.fr\/2023\/?page_id=4282"},"modified":"2023-02-06T15:48:45","modified_gmt":"2023-02-06T14:48:45","slug":"b2-19-transitions-le-role-de-la-formation-professionnelle-dans-la-reindustralisation-des-territoires","status":"publish","type":"page","link":"https:\/\/uhfp.centre-inffo.fr\/2023\/b2-19-transitions-le-role-de-la-formation-professionnelle-dans-la-reindustralisation-des-territoires\/","title":{"rendered":"B2.19 &#8211; Transitions\u202f: le r\u00f4le de la formation professionnelle dans la r\u00e9industralisation des territoires"},"content":{"rendered":"\n<div class=\"wp-block-buttons is-content-justification-center is-layout-flex wp-container-1\">\n<div class=\"wp-block-button\"><a class=\"wp-block-button__link wp-element-button\" href=\"\/2023\/wp-content\/uploads\/2023\/02\/B2.19AT.pdf\">T\u00e9l\u00e9charger la pr\u00e9sentation (.pdf)<\/a><\/div>\n<\/div>\n\n\n\n<hr class=\"wp-block-separator has-alpha-channel-opacity\"\/>\n\n\n<h3>Objectifs p\u00e9dagogiques<\/h3>\n<ul>\n<li style=\"margin-bottom: 20px;\"><strong>Cerner les caract\u00e9ristiques d&rsquo;un processus de r\u00e9industrialisation sur un territoire<\/strong><br \/>Rapide panorama des diff\u00e9rentes perceptions de la r\u00e9industrialisation (mythes et r\u00e9alit\u00e9s), chiffres cl\u00e9s, histoire et g\u00e9ographie fran\u00e7aise de la r\u00e9industrialisation, enjeu de r\u00e9industrialisation embarquant toutes les transitions, de l&rsquo;attractivit\u00e9 au financement : les leviers de la r\u00e9industrialisation, sondage express de l&rsquo;atelier et \u00e9change avec les participants.<\/li>\n<li style=\"margin-bottom: 20px;\"><strong>Anticiper avec la formation professionnelle pour cr\u00e9er les conditions d&rsquo;un processus de r\u00e9industrialisation sur un territoire<\/strong><br \/>Les incubateurs comme gage de r\u00e9ussite de l&rsquo;anticipation d&rsquo;un processus de r\u00e9industrialisation, \u00e9tudes prospectives, recherche et d\u00e9veloppement, implication des entreprises, des institutionnels, des financeurs et des territoires dans le processus de l&rsquo;incubation, organisation de la gouvernance d&rsquo;un incubateur et pilotage, exemples d&rsquo;incubateurs r\u00e9ussis et\/ou \u00e0 fort enjeu avec notamment les projets strat\u00e9giques li\u00e9s \u00e0 l&rsquo;hydrog\u00e8ne.<\/li>\n<li><strong>Comprendre les interactions entre formation professionnelle et r\u00e9industrialisation sur un territoire \u00e0 travers l&rsquo;exemple d&rsquo;un acteur\/entrepreneur (Gazelle Tech)<\/strong><br \/>Modalit\u00e9s d&rsquo;ancrage sur un territoire, les difficult\u00e9s rencontr\u00e9es et les r\u00e9ponses structurelles, l&rsquo;action avec les acteur du territoire en lien avec les modalit\u00e9s \u00ab\u00a0assemblier\u00a0\u00bb propres \u00e0 la formation professionnelle es solutions formation professionnelle, les d\u00e9fis \u00e0 relever : les comp\u00e9tences \u00e0 chaque \u00e9tape du projet, pour le porteur de projet, pour les acteurs du projet.<\/li>\n<\/ul>\n<p><em>Un open badge d\u00e9di\u00e9 et cr\u00e9\u00e9 pour l&rsquo;atelier sera remis aux participants \u00e0 l&rsquo;issue des trois interventions<\/em><\/p>\n<h3>Intervenants<\/h3>\n<ul>\n<li>Gael Lavaud &#8211; Ffondateur et CEO de Gazelle Tech<\/li>\n<li>Magali Sirerols &#8211; Directrice de l&rsquo;ing\u00e9nierie Afpa Provence Alpes C\u00f4te d&rsquo;Azur et pilote d&rsquo;incubateurs<\/li>\n<li><a href=\"\/2023\/yeghiayan\/\">Fabrice Yeghiayan<\/a> &#8211; Directeur national du d\u00e9veloppement, Afpa<\/li>\n<\/ul>","protected":false},"excerpt":{"rendered":"<p>Objectifs p\u00e9dagogiques Cerner les caract\u00e9ristiques d&rsquo;un processus de r\u00e9industrialisation sur un territoireRapide panorama des diff\u00e9rentes perceptions de la r\u00e9industrialisation (mythes et r\u00e9alit\u00e9s), chiffres cl\u00e9s, histoire et g\u00e9ographie fran\u00e7aise de la &hellip; <\/p>\n","protected":false},"author":1,"featured_media":0,"parent":0,"menu_order":0,"comment_status":"closed","ping_status":"closed","template":"","meta":[],"categories":[40,38],"tags":[],"wf_page_folders":[87],"acf":[],"yoast_head":"<!-- This site is optimized with the Yoast SEO plugin v20.3 - https:\/\/yoast.com\/wordpress\/plugins\/seo\/ -->\n<title>B2.19 - Transitions\u202f: le r\u00f4le de la formation professionnelle dans la r\u00e9industralisation des territoires - 18e Universit\u00e9 d&#039;Hiver de la Formation Professionnelle<\/title>\n<meta name=\"robots\" content=\"index, follow, max-snippet:-1, max-image-preview:large, max-video-preview:-1\" \/>\n<link rel=\"canonical\" href=\"https:\/\/uhfp.centre-inffo.fr\/2023\/b2-19-transitions-le-role-de-la-formation-professionnelle-dans-la-reindustralisation-des-territoires\/\" \/>\n<meta property=\"og:locale\" content=\"fr_FR\" \/>\n<meta property=\"og:type\" content=\"article\" \/>\n<meta property=\"og:title\" content=\"B2.19 - Transitions\u202f: le r\u00f4le de la formation professionnelle dans la r\u00e9industralisation des territoires - 18e Universit\u00e9 d&#039;Hiver de la Formation Professionnelle\" \/>\n<meta property=\"og:description\" content=\"Objectifs p\u00e9dagogiques Cerner les caract\u00e9ristiques d&rsquo;un processus de r\u00e9industrialisation sur un territoireRapide panorama des diff\u00e9rentes perceptions de la r\u00e9industrialisation (mythes et r\u00e9alit\u00e9s), chiffres cl\u00e9s, histoire et g\u00e9ographie fran\u00e7aise de la &hellip;\" \/>\n<meta property=\"og:url\" content=\"https:\/\/uhfp.centre-inffo.fr\/2023\/b2-19-transitions-le-role-de-la-formation-professionnelle-dans-la-reindustralisation-des-territoires\/\" \/>\n<meta property=\"og:site_name\" content=\"18e Universit\u00e9 d&#039;Hiver de la Formation Professionnelle\" \/>\n<meta property=\"article:publisher\" content=\"https:\/\/www.facebook.com\/centreinffo\" \/>\n<meta property=\"article:modified_time\" content=\"2023-02-06T14:48:45+00:00\" \/>\n<meta name=\"twitter:card\" content=\"summary_large_image\" \/>\n<meta name=\"twitter:site\" content=\"@centreinffo\" \/>\n<meta name=\"twitter:label1\" content=\"Dur\u00e9e de lecture estim\u00e9e\" \/>\n\t<meta name=\"twitter:data1\" content=\"2 minutes\" \/>\n<script type=\"application\/ld+json\" class=\"yoast-schema-graph\">{\"@context\":\"https:\/\/schema.org\",\"@graph\":[{\"@type\":\"WebPage\",\"@id\":\"https:\/\/uhfp.centre-inffo.fr\/2023\/b2-19-transitions-le-role-de-la-formation-professionnelle-dans-la-reindustralisation-des-territoires\/\",\"url\":\"https:\/\/uhfp.centre-inffo.fr\/2023\/b2-19-transitions-le-role-de-la-formation-professionnelle-dans-la-reindustralisation-des-territoires\/\",\"name\":\"B2.19 - Transitions\u202f: le r\u00f4le de la formation professionnelle dans la r\u00e9industralisation des territoires - 18e Universit\u00e9 d&#039;Hiver de la Formation Professionnelle\",\"isPartOf\":{\"@id\":\"https:\/\/uhfp.centre-inffo.fr\/2023\/#website\"},\"datePublished\":\"2023-01-04T14:17:29+00:00\",\"dateModified\":\"2023-02-06T14:48:45+00:00\",\"breadcrumb\":{\"@id\":\"https:\/\/uhfp.centre-inffo.fr\/2023\/b2-19-transitions-le-role-de-la-formation-professionnelle-dans-la-reindustralisation-des-territoires\/#breadcrumb\"},\"inLanguage\":\"fr-FR\",\"potentialAction\":[{\"@type\":\"ReadAction\",\"target\":[\"https:\/\/uhfp.centre-inffo.fr\/2023\/b2-19-transitions-le-role-de-la-formation-professionnelle-dans-la-reindustralisation-des-territoires\/\"]}]},{\"@type\":\"BreadcrumbList\",\"@id\":\"https:\/\/uhfp.centre-inffo.fr\/2023\/b2-19-transitions-le-role-de-la-formation-professionnelle-dans-la-reindustralisation-des-territoires\/#breadcrumb\",\"itemListElement\":[{\"@type\":\"ListItem\",\"position\":1,\"name\":\"Accueil\",\"item\":\"https:\/\/uhfp.centre-inffo.fr\/2023\/\"},{\"@type\":\"ListItem\",\"position\":2,\"name\":\"Programme\",\"item\":\"https:\/\/uhfp.centre-inffo.fr\/2023\/rubrique\/programme\/\"},{\"@type\":\"ListItem\",\"position\":3,\"name\":\"Jeudi 26 janvier\",\"item\":\"https:\/\/uhfp.centre-inffo.fr\/2023\/rubrique\/programme\/jeudi-26-janvier\/\"},{\"@type\":\"ListItem\",\"position\":4,\"name\":\"B2.19 &#8211; Transitions\u202f: le r\u00f4le de la formation professionnelle dans la r\u00e9industralisation des territoires\"}]},{\"@type\":\"WebSite\",\"@id\":\"https:\/\/uhfp.centre-inffo.fr\/2023\/#website\",\"url\":\"https:\/\/uhfp.centre-inffo.fr\/2023\/\",\"name\":\"18e Universit\u00e9 d&#039;Hiver de la Formation Professionnelle\",\"description\":\"Comp\u00e9tences 2030 : r\u00e9ussir ensemble les transitions ! - Du 25 au 27 janvier 2023, \u00e0 Cannes\",\"publisher\":{\"@id\":\"https:\/\/uhfp.centre-inffo.fr\/2023\/#organization\"},\"potentialAction\":[{\"@type\":\"SearchAction\",\"target\":{\"@type\":\"EntryPoint\",\"urlTemplate\":\"https:\/\/uhfp.centre-inffo.fr\/2023\/?s={search_term_string}\"},\"query-input\":\"required name=search_term_string\"}],\"inLanguage\":\"fr-FR\"},{\"@type\":\"Organization\",\"@id\":\"https:\/\/uhfp.centre-inffo.fr\/2023\/#organization\",\"name\":\"Centre Inffo\",\"url\":\"https:\/\/uhfp.centre-inffo.fr\/2023\/\",\"logo\":{\"@type\":\"ImageObject\",\"inLanguage\":\"fr-FR\",\"@id\":\"https:\/\/uhfp.centre-inffo.fr\/2023\/#\/schema\/logo\/image\/\",\"url\":\"\",\"contentUrl\":\"\",\"caption\":\"Centre Inffo\"},\"image\":{\"@id\":\"https:\/\/uhfp.centre-inffo.fr\/2023\/#\/schema\/logo\/image\/\"},\"sameAs\":[\"https:\/\/www.facebook.com\/centreinffo\",\"https:\/\/twitter.com\/centreinffo\",\"https:\/\/www.linkedin.com\/company\/centre-inffo\/\",\"https:\/\/www.youtube.com\/user\/centreinffo\"]}]}<\/script>\n<!-- \/ Yoast SEO plugin. -->","yoast_head_json":{"title":"B2.19 - Transitions\u202f: le r\u00f4le de la formation professionnelle dans la r\u00e9industralisation des territoires - 18e Universit\u00e9 d&#039;Hiver de la Formation Professionnelle","robots":{"index":"index","follow":"follow","max-snippet":"max-snippet:-1","max-image-preview":"max-image-preview:large","max-video-preview":"max-video-preview:-1"},"canonical":"https:\/\/uhfp.centre-inffo.fr\/2023\/b2-19-transitions-le-role-de-la-formation-professionnelle-dans-la-reindustralisation-des-territoires\/","og_locale":"fr_FR","og_type":"article","og_title":"B2.19 - Transitions\u202f: le r\u00f4le de la formation professionnelle dans la r\u00e9industralisation des territoires - 18e Universit\u00e9 d&#039;Hiver de la Formation Professionnelle","og_description":"Objectifs p\u00e9dagogiques Cerner les caract\u00e9ristiques d&rsquo;un processus de r\u00e9industrialisation sur un territoireRapide panorama des diff\u00e9rentes perceptions de la r\u00e9industrialisation (mythes et r\u00e9alit\u00e9s), chiffres cl\u00e9s, histoire et g\u00e9ographie fran\u00e7aise de la &hellip;","og_url":"https:\/\/uhfp.centre-inffo.fr\/2023\/b2-19-transitions-le-role-de-la-formation-professionnelle-dans-la-reindustralisation-des-territoires\/","og_site_name":"18e Universit\u00e9 d&#039;Hiver de la Formation Professionnelle","article_publisher":"https:\/\/www.facebook.com\/centreinffo","article_modified_time":"2023-02-06T14:48:45+00:00","twitter_card":"summary_large_image","twitter_site":"@centreinffo","twitter_misc":{"Dur\u00e9e de lecture estim\u00e9e":"2 minutes"},"schema":{"@context":"https:\/\/schema.org","@graph":[{"@type":"WebPage","@id":"https:\/\/uhfp.centre-inffo.fr\/2023\/b2-19-transitions-le-role-de-la-formation-professionnelle-dans-la-reindustralisation-des-territoires\/","url":"https:\/\/uhfp.centre-inffo.fr\/2023\/b2-19-transitions-le-role-de-la-formation-professionnelle-dans-la-reindustralisation-des-territoires\/","name":"B2.19 - Transitions\u202f: le r\u00f4le de la formation professionnelle dans la r\u00e9industralisation des territoires - 18e Universit\u00e9 d&#039;Hiver de la Formation Professionnelle","isPartOf":{"@id":"https:\/\/uhfp.centre-inffo.fr\/2023\/#website"},"datePublished":"2023-01-04T14:17:29+00:00","dateModified":"2023-02-06T14:48:45+00:00","breadcrumb":{"@id":"https:\/\/uhfp.centre-inffo.fr\/2023\/b2-19-transitions-le-role-de-la-formation-professionnelle-dans-la-reindustralisation-des-territoires\/#breadcrumb"},"inLanguage":"fr-FR","potentialAction":[{"@type":"ReadAction","target":["https:\/\/uhfp.centre-inffo.fr\/2023\/b2-19-transitions-le-role-de-la-formation-professionnelle-dans-la-reindustralisation-des-territoires\/"]}]},{"@type":"BreadcrumbList","@id":"https:\/\/uhfp.centre-inffo.fr\/2023\/b2-19-transitions-le-role-de-la-formation-professionnelle-dans-la-reindustralisation-des-territoires\/#breadcrumb","itemListElement":[{"@type":"ListItem","position":1,"name":"Accueil","item":"https:\/\/uhfp.centre-inffo.fr\/2023\/"},{"@type":"ListItem","position":2,"name":"Programme","item":"https:\/\/uhfp.centre-inffo.fr\/2023\/rubrique\/programme\/"},{"@type":"ListItem","position":3,"name":"Jeudi 26 janvier","item":"https:\/\/uhfp.centre-inffo.fr\/2023\/rubrique\/programme\/jeudi-26-janvier\/"},{"@type":"ListItem","position":4,"name":"B2.19 &#8211; Transitions\u202f: le r\u00f4le de la formation professionnelle dans la r\u00e9industralisation des territoires"}]},{"@type":"WebSite","@id":"https:\/\/uhfp.centre-inffo.fr\/2023\/#website","url":"https:\/\/uhfp.centre-inffo.fr\/2023\/","name":"18e Universit\u00e9 d&#039;Hiver de la Formation Professionnelle","description":"Comp\u00e9tences 2030 : r\u00e9ussir ensemble les transitions ! - Du 25 au 27 janvier 2023, \u00e0 Cannes","publisher":{"@id":"https:\/\/uhfp.centre-inffo.fr\/2023\/#organization"},"potentialAction":[{"@type":"SearchAction","target":{"@type":"EntryPoint","urlTemplate":"https:\/\/uhfp.centre-inffo.fr\/2023\/?s={search_term_string}"},"query-input":"required name=search_term_string"}],"inLanguage":"fr-FR"},{"@type":"Organization","@id":"https:\/\/uhfp.centre-inffo.fr\/2023\/#organization","name":"Centre Inffo","url":"https:\/\/uhfp.centre-inffo.fr\/2023\/","logo":{"@type":"ImageObject","inLanguage":"fr-FR","@id":"https:\/\/uhfp.centre-inffo.fr\/2023\/#\/schema\/logo\/image\/","url":"","contentUrl":"","caption":"Centre Inffo"},"image":{"@id":"https:\/\/uhfp.centre-inffo.fr\/2023\/#\/schema\/logo\/image\/"},"sameAs":["https:\/\/www.facebook.com\/centreinffo","https:\/\/twitter.com\/centreinffo","https:\/\/www.linkedin.com\/company\/centre-inffo\/","https:\/\/www.youtube.com\/user\/centreinffo"]}]}},"_links":{"self":[{"href":"https:\/\/uhfp.centre-inffo.fr\/2023\/wp-json\/wp\/v2\/pages\/4282"}],"collection":[{"href":"https:\/\/uhfp.centre-inffo.fr\/2023\/wp-json\/wp\/v2\/pages"}],"about":[{"href":"https:\/\/uhfp.centre-inffo.fr\/2023\/wp-json\/wp\/v2\/types\/page"}],"author":[{"embeddable":true,"href":"https:\/\/uhfp.centre-inffo.fr\/2023\/wp-json\/wp\/v2\/users\/1"}],"replies":[{"embeddable":true,"href":"https:\/\/uhfp.centre-inffo.fr\/2023\/wp-json\/wp\/v2\/comments?post=4282"}],"version-history":[{"count":11,"href":"https:\/\/uhfp.centre-inffo.fr\/2023\/wp-json\/wp\/v2\/pages\/4282\/revisions"}],"predecessor-version":[{"id":5986,"href":"https:\/\/uhfp.centre-inffo.fr\/2023\/wp-json\/wp\/v2\/pages\/4282\/revisions\/5986"}],"wp:attachment":[{"href":"https:\/\/uhfp.centre-inffo.fr\/2023\/wp-json\/wp\/v2\/media?parent=4282"}],"wp:term":[{"taxonomy":"category","embeddable":true,"href":"https:\/\/uhfp.centre-inffo.fr\/2023\/wp-json\/wp\/v2\/categories?post=4282"},{"taxonomy":"post_tag","embeddable":true,"href":"https:\/\/uhfp.centre-inffo.fr\/2023\/wp-json\/wp\/v2\/tags?post=4282"},{"taxonomy":"wf_page_folders","embeddable":true,"href":"https:\/\/uhfp.centre-inffo.fr\/2023\/wp-json\/wp\/v2\/wf_page_folders?post=4282"}],"curies":[{"name":"wp","href":"https:\/\/api.w.org\/{rel}","templated":true}]}}