{"id":4365,"date":"2023-01-05T13:52:41","date_gmt":"2023-01-05T12:52:41","guid":{"rendered":"https:\/\/uhfp.centre-inffo.fr\/2023\/?page_id=4365"},"modified":"2023-02-24T10:14:19","modified_gmt":"2023-02-24T09:14:19","slug":"europe-formation-transitions","status":"publish","type":"page","link":"https:\/\/uhfp.centre-inffo.fr\/2023\/europe-formation-transitions\/","title":{"rendered":"A2.12 AT &#8211; L\u2019Europe de la formation au c\u0153ur des transitions"},"content":{"rendered":"\n<div class=\"wp-block-buttons is-content-justification-center is-layout-flex wp-container-1\">\n<div class=\"wp-block-button\"><a class=\"wp-block-button__link wp-element-button\" href=\"2023\/wp-content\/uploads\/2023\/02\/A2.12-AT.pdf\">T\u00e9l\u00e9charger la pr\u00e9sentation (.pdf)<\/a><\/div>\n<\/div>\n\n\n\n<hr class=\"wp-block-separator has-alpha-channel-opacity\"\/>\n\n\n<p>L\u2019Europe de la formation se construit, autour d\u2019objectifs communs qui ont \u00e9t\u00e9 fortement \u00ab&nbsp;muscl\u00e9s&nbsp;\u00bb depuis 2020.<\/p>\n<p>Un ambitieux agenda europ\u00e9en vise ainsi \u00e0 renforcer les capacit\u00e9s des syst\u00e8mes nationaux de formation \u00e0 r\u00e9pondre aux enjeux des transitions, en particulier \u00e9cologique et num\u00e9rique. Avec des niveaux d\u2019engagement financiers in\u00e9dits, le plan de Relance pour l\u2019Europe abonde les financements publics d\u00e9di\u00e9s aux investissements de moyen et long terme.<\/p>\n<p>A l\u2019\u00e9chelle nationale, la \u00ab&nbsp;part europ\u00e9enne&nbsp;\u00bb dans les politiques publiques d\u00e9velopp\u00e9es n\u2019est pourtant pas toujours ais\u00e9ment perceptible\u2026<\/p>\n<p>Comment s\u2019articulent objectifs europ\u00e9ens et politiques nationales pour la formation professionnelle&nbsp;? Peut-on d\u00e9gager quelques grandes tendances dans les \u00e9volutions vis\u00e9es, afin de r\u00e9pondre aux d\u00e9fis pr\u00e9sents et futurs&nbsp;? Comment s\u2019inscrivent dans l\u2019activit\u00e9 des acteurs nationaux ces outils et financements europ\u00e9ens, en termes tout \u00e0 la fois d\u2019opportunit\u00e9s et d\u2019exigences&nbsp;?<\/p>\n<h3>Objectifs p\u00e9dagogiques<\/h3>\n<ul>\n<li>Identifier les objectifs europ\u00e9ens pour la formation et les strat\u00e9gies d\u00e9velopp\u00e9es pour r\u00e9pondre aux enjeux des transitions<\/li>\n<li>Rep\u00e9rer les \u00e9volutions susceptibles d\u2019influer sur l\u2019environnement de ses activit\u00e9s<\/li>\n<li>Appr\u00e9hender le fonctionnement de quelques outils et instruments de financement europ\u00e9ens, dans leur impl\u00e9mentation au niveau national<\/li>\n<\/ul>\n<h3>Animation<\/h3>\n<ul>\n<li><a href=\"\/2023\/joseph\/\">Vincent Joseph<\/a> &#8211; Charg\u00e9 de mission Europe international \u00e0 Centre Inffo, membre ex\u00e9cutif du r\u00e9seau ReferNet, et membre d\u2019Euroguidance et du groupe d\u2019experts AEFA pour l\u2019agence Erasmus+ France<\/li>\n<\/ul>\n<h3>Intervenants<\/h3>\n<ul type=\"disc\">\n<li><a href=\"\/2023\/maquet\/\">Isabelle Maquet<\/a> &#8211; Conseill\u00e8re \u00e9conomique, Repr\u00e9sentation de la Commission Europ\u00e9enne en France<\/li>\n<li><a href=\"\/2023\/sgarzi\/\">Matt\u00e9o Sgarzi<\/a> &#8211; Chef de mission, C\u00e9req, pour le Cedefop<\/li>\n<\/ul>","protected":false},"excerpt":{"rendered":"<p>L\u2019Europe de la formation se construit, autour d\u2019objectifs communs qui ont \u00e9t\u00e9 fortement \u00ab&nbsp;muscl\u00e9s&nbsp;\u00bb depuis 2020. Un ambitieux agenda europ\u00e9en vise ainsi \u00e0 renforcer les capacit\u00e9s des syst\u00e8mes nationaux de &hellip; <\/p>\n","protected":false},"author":1,"featured_media":0,"parent":0,"menu_order":0,"comment_status":"closed","ping_status":"closed","template":"","meta":[],"categories":[40,38],"tags":[],"wf_page_folders":[87],"acf":[],"yoast_head":"<!-- This site is optimized with the Yoast SEO plugin v20.3 - https:\/\/yoast.com\/wordpress\/plugins\/seo\/ -->\n<title>A2.12 AT - L\u2019Europe de la formation au c\u0153ur des transitions - 18e Universit\u00e9 d&#039;Hiver de la Formation Professionnelle<\/title>\n<meta name=\"robots\" content=\"index, follow, max-snippet:-1, max-image-preview:large, max-video-preview:-1\" \/>\n<link rel=\"canonical\" href=\"https:\/\/uhfp.centre-inffo.fr\/2023\/europe-formation-transitions\/\" \/>\n<meta property=\"og:locale\" content=\"fr_FR\" \/>\n<meta property=\"og:type\" content=\"article\" \/>\n<meta property=\"og:title\" content=\"A2.12 AT - L\u2019Europe de la formation au c\u0153ur des transitions - 18e Universit\u00e9 d&#039;Hiver de la Formation Professionnelle\" \/>\n<meta property=\"og:description\" content=\"L\u2019Europe de la formation se construit, autour d\u2019objectifs communs qui ont \u00e9t\u00e9 fortement \u00ab&nbsp;muscl\u00e9s&nbsp;\u00bb depuis 2020. Un ambitieux agenda europ\u00e9en vise ainsi \u00e0 renforcer les capacit\u00e9s des syst\u00e8mes nationaux de &hellip;\" \/>\n<meta property=\"og:url\" content=\"https:\/\/uhfp.centre-inffo.fr\/2023\/europe-formation-transitions\/\" \/>\n<meta property=\"og:site_name\" content=\"18e Universit\u00e9 d&#039;Hiver de la Formation Professionnelle\" \/>\n<meta property=\"article:publisher\" content=\"https:\/\/www.facebook.com\/centreinffo\" \/>\n<meta property=\"article:modified_time\" content=\"2023-02-24T09:14:19+00:00\" \/>\n<meta name=\"twitter:card\" content=\"summary_large_image\" \/>\n<meta name=\"twitter:site\" content=\"@centreinffo\" \/>\n<meta name=\"twitter:label1\" content=\"Dur\u00e9e de lecture estim\u00e9e\" \/>\n\t<meta name=\"twitter:data1\" content=\"2 minutes\" \/>\n<script type=\"application\/ld+json\" class=\"yoast-schema-graph\">{\"@context\":\"https:\/\/schema.org\",\"@graph\":[{\"@type\":\"WebPage\",\"@id\":\"https:\/\/uhfp.centre-inffo.fr\/2023\/europe-formation-transitions\/\",\"url\":\"https:\/\/uhfp.centre-inffo.fr\/2023\/europe-formation-transitions\/\",\"name\":\"A2.12 AT - L\u2019Europe de la formation au c\u0153ur des transitions - 18e Universit\u00e9 d&#039;Hiver de la Formation Professionnelle\",\"isPartOf\":{\"@id\":\"https:\/\/uhfp.centre-inffo.fr\/2023\/#website\"},\"datePublished\":\"2023-01-05T12:52:41+00:00\",\"dateModified\":\"2023-02-24T09:14:19+00:00\",\"breadcrumb\":{\"@id\":\"https:\/\/uhfp.centre-inffo.fr\/2023\/europe-formation-transitions\/#breadcrumb\"},\"inLanguage\":\"fr-FR\",\"potentialAction\":[{\"@type\":\"ReadAction\",\"target\":[\"https:\/\/uhfp.centre-inffo.fr\/2023\/europe-formation-transitions\/\"]}]},{\"@type\":\"BreadcrumbList\",\"@id\":\"https:\/\/uhfp.centre-inffo.fr\/2023\/europe-formation-transitions\/#breadcrumb\",\"itemListElement\":[{\"@type\":\"ListItem\",\"position\":1,\"name\":\"Accueil\",\"item\":\"https:\/\/uhfp.centre-inffo.fr\/2023\/\"},{\"@type\":\"ListItem\",\"position\":2,\"name\":\"Programme\",\"item\":\"https:\/\/uhfp.centre-inffo.fr\/2023\/rubrique\/programme\/\"},{\"@type\":\"ListItem\",\"position\":3,\"name\":\"Jeudi 26 janvier\",\"item\":\"https:\/\/uhfp.centre-inffo.fr\/2023\/rubrique\/programme\/jeudi-26-janvier\/\"},{\"@type\":\"ListItem\",\"position\":4,\"name\":\"A2.12 AT &#8211; L\u2019Europe de la formation au c\u0153ur des transitions\"}]},{\"@type\":\"WebSite\",\"@id\":\"https:\/\/uhfp.centre-inffo.fr\/2023\/#website\",\"url\":\"https:\/\/uhfp.centre-inffo.fr\/2023\/\",\"name\":\"18e Universit\u00e9 d&#039;Hiver de la Formation Professionnelle\",\"description\":\"Comp\u00e9tences 2030 : r\u00e9ussir ensemble les transitions ! - Du 25 au 27 janvier 2023, \u00e0 Cannes\",\"publisher\":{\"@id\":\"https:\/\/uhfp.centre-inffo.fr\/2023\/#organization\"},\"potentialAction\":[{\"@type\":\"SearchAction\",\"target\":{\"@type\":\"EntryPoint\",\"urlTemplate\":\"https:\/\/uhfp.centre-inffo.fr\/2023\/?s={search_term_string}\"},\"query-input\":\"required name=search_term_string\"}],\"inLanguage\":\"fr-FR\"},{\"@type\":\"Organization\",\"@id\":\"https:\/\/uhfp.centre-inffo.fr\/2023\/#organization\",\"name\":\"Centre Inffo\",\"url\":\"https:\/\/uhfp.centre-inffo.fr\/2023\/\",\"logo\":{\"@type\":\"ImageObject\",\"inLanguage\":\"fr-FR\",\"@id\":\"https:\/\/uhfp.centre-inffo.fr\/2023\/#\/schema\/logo\/image\/\",\"url\":\"\",\"contentUrl\":\"\",\"caption\":\"Centre Inffo\"},\"image\":{\"@id\":\"https:\/\/uhfp.centre-inffo.fr\/2023\/#\/schema\/logo\/image\/\"},\"sameAs\":[\"https:\/\/www.facebook.com\/centreinffo\",\"https:\/\/twitter.com\/centreinffo\",\"https:\/\/www.linkedin.com\/company\/centre-inffo\/\",\"https:\/\/www.youtube.com\/user\/centreinffo\"]}]}<\/script>\n<!-- \/ Yoast SEO plugin. -->","yoast_head_json":{"title":"A2.12 AT - L\u2019Europe de la formation au c\u0153ur des transitions - 18e Universit\u00e9 d&#039;Hiver de la Formation Professionnelle","robots":{"index":"index","follow":"follow","max-snippet":"max-snippet:-1","max-image-preview":"max-image-preview:large","max-video-preview":"max-video-preview:-1"},"canonical":"https:\/\/uhfp.centre-inffo.fr\/2023\/europe-formation-transitions\/","og_locale":"fr_FR","og_type":"article","og_title":"A2.12 AT - L\u2019Europe de la formation au c\u0153ur des transitions - 18e Universit\u00e9 d&#039;Hiver de la Formation Professionnelle","og_description":"L\u2019Europe de la formation se construit, autour d\u2019objectifs communs qui ont \u00e9t\u00e9 fortement \u00ab&nbsp;muscl\u00e9s&nbsp;\u00bb depuis 2020. Un ambitieux agenda europ\u00e9en vise ainsi \u00e0 renforcer les capacit\u00e9s des syst\u00e8mes nationaux de &hellip;","og_url":"https:\/\/uhfp.centre-inffo.fr\/2023\/europe-formation-transitions\/","og_site_name":"18e Universit\u00e9 d&#039;Hiver de la Formation Professionnelle","article_publisher":"https:\/\/www.facebook.com\/centreinffo","article_modified_time":"2023-02-24T09:14:19+00:00","twitter_card":"summary_large_image","twitter_site":"@centreinffo","twitter_misc":{"Dur\u00e9e de lecture estim\u00e9e":"2 minutes"},"schema":{"@context":"https:\/\/schema.org","@graph":[{"@type":"WebPage","@id":"https:\/\/uhfp.centre-inffo.fr\/2023\/europe-formation-transitions\/","url":"https:\/\/uhfp.centre-inffo.fr\/2023\/europe-formation-transitions\/","name":"A2.12 AT - L\u2019Europe de la formation au c\u0153ur des transitions - 18e Universit\u00e9 d&#039;Hiver de la Formation Professionnelle","isPartOf":{"@id":"https:\/\/uhfp.centre-inffo.fr\/2023\/#website"},"datePublished":"2023-01-05T12:52:41+00:00","dateModified":"2023-02-24T09:14:19+00:00","breadcrumb":{"@id":"https:\/\/uhfp.centre-inffo.fr\/2023\/europe-formation-transitions\/#breadcrumb"},"inLanguage":"fr-FR","potentialAction":[{"@type":"ReadAction","target":["https:\/\/uhfp.centre-inffo.fr\/2023\/europe-formation-transitions\/"]}]},{"@type":"BreadcrumbList","@id":"https:\/\/uhfp.centre-inffo.fr\/2023\/europe-formation-transitions\/#breadcrumb","itemListElement":[{"@type":"ListItem","position":1,"name":"Accueil","item":"https:\/\/uhfp.centre-inffo.fr\/2023\/"},{"@type":"ListItem","position":2,"name":"Programme","item":"https:\/\/uhfp.centre-inffo.fr\/2023\/rubrique\/programme\/"},{"@type":"ListItem","position":3,"name":"Jeudi 26 janvier","item":"https:\/\/uhfp.centre-inffo.fr\/2023\/rubrique\/programme\/jeudi-26-janvier\/"},{"@type":"ListItem","position":4,"name":"A2.12 AT &#8211; L\u2019Europe de la formation au c\u0153ur des transitions"}]},{"@type":"WebSite","@id":"https:\/\/uhfp.centre-inffo.fr\/2023\/#website","url":"https:\/\/uhfp.centre-inffo.fr\/2023\/","name":"18e Universit\u00e9 d&#039;Hiver de la Formation Professionnelle","description":"Comp\u00e9tences 2030 : r\u00e9ussir ensemble les transitions ! - Du 25 au 27 janvier 2023, \u00e0 Cannes","publisher":{"@id":"https:\/\/uhfp.centre-inffo.fr\/2023\/#organization"},"potentialAction":[{"@type":"SearchAction","target":{"@type":"EntryPoint","urlTemplate":"https:\/\/uhfp.centre-inffo.fr\/2023\/?s={search_term_string}"},"query-input":"required name=search_term_string"}],"inLanguage":"fr-FR"},{"@type":"Organization","@id":"https:\/\/uhfp.centre-inffo.fr\/2023\/#organization","name":"Centre Inffo","url":"https:\/\/uhfp.centre-inffo.fr\/2023\/","logo":{"@type":"ImageObject","inLanguage":"fr-FR","@id":"https:\/\/uhfp.centre-inffo.fr\/2023\/#\/schema\/logo\/image\/","url":"","contentUrl":"","caption":"Centre Inffo"},"image":{"@id":"https:\/\/uhfp.centre-inffo.fr\/2023\/#\/schema\/logo\/image\/"},"sameAs":["https:\/\/www.facebook.com\/centreinffo","https:\/\/twitter.com\/centreinffo","https:\/\/www.linkedin.com\/company\/centre-inffo\/","https:\/\/www.youtube.com\/user\/centreinffo"]}]}},"_links":{"self":[{"href":"https:\/\/uhfp.centre-inffo.fr\/2023\/wp-json\/wp\/v2\/pages\/4365"}],"collection":[{"href":"https:\/\/uhfp.centre-inffo.fr\/2023\/wp-json\/wp\/v2\/pages"}],"about":[{"href":"https:\/\/uhfp.centre-inffo.fr\/2023\/wp-json\/wp\/v2\/types\/page"}],"author":[{"embeddable":true,"href":"https:\/\/uhfp.centre-inffo.fr\/2023\/wp-json\/wp\/v2\/users\/1"}],"replies":[{"embeddable":true,"href":"https:\/\/uhfp.centre-inffo.fr\/2023\/wp-json\/wp\/v2\/comments?post=4365"}],"version-history":[{"count":16,"href":"https:\/\/uhfp.centre-inffo.fr\/2023\/wp-json\/wp\/v2\/pages\/4365\/revisions"}],"predecessor-version":[{"id":6175,"href":"https:\/\/uhfp.centre-inffo.fr\/2023\/wp-json\/wp\/v2\/pages\/4365\/revisions\/6175"}],"wp:attachment":[{"href":"https:\/\/uhfp.centre-inffo.fr\/2023\/wp-json\/wp\/v2\/media?parent=4365"}],"wp:term":[{"taxonomy":"category","embeddable":true,"href":"https:\/\/uhfp.centre-inffo.fr\/2023\/wp-json\/wp\/v2\/categories?post=4365"},{"taxonomy":"post_tag","embeddable":true,"href":"https:\/\/uhfp.centre-inffo.fr\/2023\/wp-json\/wp\/v2\/tags?post=4365"},{"taxonomy":"wf_page_folders","embeddable":true,"href":"https:\/\/uhfp.centre-inffo.fr\/2023\/wp-json\/wp\/v2\/wf_page_folders?post=4365"}],"curies":[{"name":"wp","href":"https:\/\/api.w.org\/{rel}","templated":true}]}}