{"id":4465,"date":"2023-01-06T12:12:04","date_gmt":"2023-01-06T11:12:04","guid":{"rendered":"https:\/\/uhfp.centre-inffo.fr\/2023\/?page_id=4465"},"modified":"2023-01-23T10:32:15","modified_gmt":"2023-01-23T09:32:15","slug":"c1-28-tr-le-travail-pierre-angulaire-des-transitions","status":"publish","type":"page","link":"https:\/\/uhfp.centre-inffo.fr\/2023\/c1-28-tr-le-travail-pierre-angulaire-des-transitions\/","title":{"rendered":"C1.28 TR &#8211; Le travail : pierre angulaire des transitions ?"},"content":{"rendered":"<div>\n<p class=\"xmsonormal\">Les transitions, les mutations, les transformations qui concernent le travail, c\u2019est le sujet de cet atelier. Ces termes peuvent d\u00e9signer des situations tr\u00e8s diff\u00e9rentes : entre une PME qui implante un nouvel outil num\u00e9rique, un m\u00e9tier en tension qui appelle des n\u00e9gociations de branche, une politique publique volontariste qui impacte toute un secteur qui voit \u00e9voluer ses normes de production etc.<\/p>\n<\/div>\n<div>\n<p class=\"xmsonormal\">Ici il s\u2019agira pour nous de mettre la focale sur le travail &#8211; les organisations et les conditions de travail, le dialogue social &#8211; pour traiter ensemble des leviers d\u2019action qu\u2019il s\u2019agit aujourd\u2019hui de d\u00e9velopper pour embrasser les d\u00e9fis que renvoient aux acteurs ces situations, pour des transitions justes au sens de l\u2019OIT. Ce sont des capacit\u00e9s collectives qu\u2019il s\u2019agit de d\u00e9velopper, l\u2019\u00e9volution des emplois et des m\u00e9tiers appellent l\u2019action pour le d\u00e9veloppement de syst\u00e8mes de travail soutenables, nous illustrerons cela avec les invit\u00e9s de cet atelier.<\/p>\n<h3>Objectifs p\u00e9dagogiques<\/h3>\n<div>\n<ul>\n<li class=\"xmsonormal\">Partager des \u00e9l\u00e9ments de contexte et des approches des transitions et des transformations mobilisant les enjeux du travail<\/li>\n<li class=\"xmsonormal\">S\u2019appuyer sur des situations concr\u00e8tes ou situations types illustratives pour enrichir la compr\u00e9hension des enjeux pour les acteurs de l\u2019entreprise \/ et ou des branches \/fili\u00e8res, territoires<\/li>\n<li class=\"xmsonormal\">Prendre connaissance de modes d\u2019action existants pouvant \u00eatre mobilis\u00e9s dans le cadre de formation inter ou intra<\/li>\n<\/ul>\n<\/div>\n<\/div>\n<h3>Animation<\/h3>\n<ul>\n<li>Nicolas Lagrange &#8211; Journaliste, AEF<\/li>\n<\/ul>\n<h3>Intervention<\/h3>\n<ul>\n<li class=\"p1\">C. Andr\u00e9 &#8211; Fibre Excellence Provence<\/li>\n<li class=\"p1\">E. Chev\u00e9e &#8211; CPME<\/li>\n<li class=\"p1\">JF. Foucard &#8211; CFE-CGC<\/li>\n<li><a href=\"\/2023\/pavageau\/\">Matthieu Pavageau<\/a> &#8211; Directeur technique et scientifique, Anact<\/li>\n<\/ul>\n","protected":false},"excerpt":{"rendered":"<p>Les transitions, les mutations, les transformations qui concernent le travail, c\u2019est le sujet de cet atelier. Ces termes peuvent d\u00e9signer des situations tr\u00e8s diff\u00e9rentes : entre une PME qui implante &hellip; <\/p>\n","protected":false},"author":1,"featured_media":0,"parent":0,"menu_order":0,"comment_status":"closed","ping_status":"closed","template":"","meta":[],"categories":[40,38],"tags":[],"wf_page_folders":[87],"acf":[],"yoast_head":"<!-- This site is optimized with the Yoast SEO plugin v20.3 - https:\/\/yoast.com\/wordpress\/plugins\/seo\/ -->\n<title>C1.28 TR - Le travail : pierre angulaire des transitions ? - 18e Universit\u00e9 d&#039;Hiver de la Formation Professionnelle<\/title>\n<meta name=\"robots\" content=\"index, follow, max-snippet:-1, max-image-preview:large, max-video-preview:-1\" \/>\n<link rel=\"canonical\" href=\"https:\/\/uhfp.centre-inffo.fr\/2023\/c1-28-tr-le-travail-pierre-angulaire-des-transitions\/\" \/>\n<meta property=\"og:locale\" content=\"fr_FR\" \/>\n<meta property=\"og:type\" content=\"article\" \/>\n<meta property=\"og:title\" content=\"C1.28 TR - Le travail : pierre angulaire des transitions ? - 18e Universit\u00e9 d&#039;Hiver de la Formation Professionnelle\" \/>\n<meta property=\"og:description\" content=\"Les transitions, les mutations, les transformations qui concernent le travail, c\u2019est le sujet de cet atelier. Ces termes peuvent d\u00e9signer des situations tr\u00e8s diff\u00e9rentes : entre une PME qui implante &hellip;\" \/>\n<meta property=\"og:url\" content=\"https:\/\/uhfp.centre-inffo.fr\/2023\/c1-28-tr-le-travail-pierre-angulaire-des-transitions\/\" \/>\n<meta property=\"og:site_name\" content=\"18e Universit\u00e9 d&#039;Hiver de la Formation Professionnelle\" \/>\n<meta property=\"article:publisher\" content=\"https:\/\/www.facebook.com\/centreinffo\" \/>\n<meta property=\"article:modified_time\" content=\"2023-01-23T09:32:15+00:00\" \/>\n<meta name=\"twitter:card\" content=\"summary_large_image\" \/>\n<meta name=\"twitter:site\" content=\"@centreinffo\" \/>\n<meta name=\"twitter:label1\" content=\"Dur\u00e9e de lecture estim\u00e9e\" \/>\n\t<meta name=\"twitter:data1\" content=\"2 minutes\" \/>\n<script type=\"application\/ld+json\" class=\"yoast-schema-graph\">{\"@context\":\"https:\/\/schema.org\",\"@graph\":[{\"@type\":\"WebPage\",\"@id\":\"https:\/\/uhfp.centre-inffo.fr\/2023\/c1-28-tr-le-travail-pierre-angulaire-des-transitions\/\",\"url\":\"https:\/\/uhfp.centre-inffo.fr\/2023\/c1-28-tr-le-travail-pierre-angulaire-des-transitions\/\",\"name\":\"C1.28 TR - Le travail : pierre angulaire des transitions ? - 18e Universit\u00e9 d&#039;Hiver de la Formation Professionnelle\",\"isPartOf\":{\"@id\":\"https:\/\/uhfp.centre-inffo.fr\/2023\/#website\"},\"datePublished\":\"2023-01-06T11:12:04+00:00\",\"dateModified\":\"2023-01-23T09:32:15+00:00\",\"breadcrumb\":{\"@id\":\"https:\/\/uhfp.centre-inffo.fr\/2023\/c1-28-tr-le-travail-pierre-angulaire-des-transitions\/#breadcrumb\"},\"inLanguage\":\"fr-FR\",\"potentialAction\":[{\"@type\":\"ReadAction\",\"target\":[\"https:\/\/uhfp.centre-inffo.fr\/2023\/c1-28-tr-le-travail-pierre-angulaire-des-transitions\/\"]}]},{\"@type\":\"BreadcrumbList\",\"@id\":\"https:\/\/uhfp.centre-inffo.fr\/2023\/c1-28-tr-le-travail-pierre-angulaire-des-transitions\/#breadcrumb\",\"itemListElement\":[{\"@type\":\"ListItem\",\"position\":1,\"name\":\"Accueil\",\"item\":\"https:\/\/uhfp.centre-inffo.fr\/2023\/\"},{\"@type\":\"ListItem\",\"position\":2,\"name\":\"Programme\",\"item\":\"https:\/\/uhfp.centre-inffo.fr\/2023\/rubrique\/programme\/\"},{\"@type\":\"ListItem\",\"position\":3,\"name\":\"Jeudi 26 janvier\",\"item\":\"https:\/\/uhfp.centre-inffo.fr\/2023\/rubrique\/programme\/jeudi-26-janvier\/\"},{\"@type\":\"ListItem\",\"position\":4,\"name\":\"C1.28 TR &#8211; Le travail : pierre angulaire des transitions ?\"}]},{\"@type\":\"WebSite\",\"@id\":\"https:\/\/uhfp.centre-inffo.fr\/2023\/#website\",\"url\":\"https:\/\/uhfp.centre-inffo.fr\/2023\/\",\"name\":\"18e Universit\u00e9 d&#039;Hiver de la Formation Professionnelle\",\"description\":\"Comp\u00e9tences 2030 : r\u00e9ussir ensemble les transitions ! - Du 25 au 27 janvier 2023, \u00e0 Cannes\",\"publisher\":{\"@id\":\"https:\/\/uhfp.centre-inffo.fr\/2023\/#organization\"},\"potentialAction\":[{\"@type\":\"SearchAction\",\"target\":{\"@type\":\"EntryPoint\",\"urlTemplate\":\"https:\/\/uhfp.centre-inffo.fr\/2023\/?s={search_term_string}\"},\"query-input\":\"required name=search_term_string\"}],\"inLanguage\":\"fr-FR\"},{\"@type\":\"Organization\",\"@id\":\"https:\/\/uhfp.centre-inffo.fr\/2023\/#organization\",\"name\":\"Centre Inffo\",\"url\":\"https:\/\/uhfp.centre-inffo.fr\/2023\/\",\"logo\":{\"@type\":\"ImageObject\",\"inLanguage\":\"fr-FR\",\"@id\":\"https:\/\/uhfp.centre-inffo.fr\/2023\/#\/schema\/logo\/image\/\",\"url\":\"\",\"contentUrl\":\"\",\"caption\":\"Centre Inffo\"},\"image\":{\"@id\":\"https:\/\/uhfp.centre-inffo.fr\/2023\/#\/schema\/logo\/image\/\"},\"sameAs\":[\"https:\/\/www.facebook.com\/centreinffo\",\"https:\/\/twitter.com\/centreinffo\",\"https:\/\/www.linkedin.com\/company\/centre-inffo\/\",\"https:\/\/www.youtube.com\/user\/centreinffo\"]}]}<\/script>\n<!-- \/ Yoast SEO plugin. -->","yoast_head_json":{"title":"C1.28 TR - Le travail : pierre angulaire des transitions ? - 18e Universit\u00e9 d&#039;Hiver de la Formation Professionnelle","robots":{"index":"index","follow":"follow","max-snippet":"max-snippet:-1","max-image-preview":"max-image-preview:large","max-video-preview":"max-video-preview:-1"},"canonical":"https:\/\/uhfp.centre-inffo.fr\/2023\/c1-28-tr-le-travail-pierre-angulaire-des-transitions\/","og_locale":"fr_FR","og_type":"article","og_title":"C1.28 TR - Le travail : pierre angulaire des transitions ? - 18e Universit\u00e9 d&#039;Hiver de la Formation Professionnelle","og_description":"Les transitions, les mutations, les transformations qui concernent le travail, c\u2019est le sujet de cet atelier. Ces termes peuvent d\u00e9signer des situations tr\u00e8s diff\u00e9rentes : entre une PME qui implante &hellip;","og_url":"https:\/\/uhfp.centre-inffo.fr\/2023\/c1-28-tr-le-travail-pierre-angulaire-des-transitions\/","og_site_name":"18e Universit\u00e9 d&#039;Hiver de la Formation Professionnelle","article_publisher":"https:\/\/www.facebook.com\/centreinffo","article_modified_time":"2023-01-23T09:32:15+00:00","twitter_card":"summary_large_image","twitter_site":"@centreinffo","twitter_misc":{"Dur\u00e9e de lecture estim\u00e9e":"2 minutes"},"schema":{"@context":"https:\/\/schema.org","@graph":[{"@type":"WebPage","@id":"https:\/\/uhfp.centre-inffo.fr\/2023\/c1-28-tr-le-travail-pierre-angulaire-des-transitions\/","url":"https:\/\/uhfp.centre-inffo.fr\/2023\/c1-28-tr-le-travail-pierre-angulaire-des-transitions\/","name":"C1.28 TR - Le travail : pierre angulaire des transitions ? - 18e Universit\u00e9 d&#039;Hiver de la Formation Professionnelle","isPartOf":{"@id":"https:\/\/uhfp.centre-inffo.fr\/2023\/#website"},"datePublished":"2023-01-06T11:12:04+00:00","dateModified":"2023-01-23T09:32:15+00:00","breadcrumb":{"@id":"https:\/\/uhfp.centre-inffo.fr\/2023\/c1-28-tr-le-travail-pierre-angulaire-des-transitions\/#breadcrumb"},"inLanguage":"fr-FR","potentialAction":[{"@type":"ReadAction","target":["https:\/\/uhfp.centre-inffo.fr\/2023\/c1-28-tr-le-travail-pierre-angulaire-des-transitions\/"]}]},{"@type":"BreadcrumbList","@id":"https:\/\/uhfp.centre-inffo.fr\/2023\/c1-28-tr-le-travail-pierre-angulaire-des-transitions\/#breadcrumb","itemListElement":[{"@type":"ListItem","position":1,"name":"Accueil","item":"https:\/\/uhfp.centre-inffo.fr\/2023\/"},{"@type":"ListItem","position":2,"name":"Programme","item":"https:\/\/uhfp.centre-inffo.fr\/2023\/rubrique\/programme\/"},{"@type":"ListItem","position":3,"name":"Jeudi 26 janvier","item":"https:\/\/uhfp.centre-inffo.fr\/2023\/rubrique\/programme\/jeudi-26-janvier\/"},{"@type":"ListItem","position":4,"name":"C1.28 TR &#8211; Le travail : pierre angulaire des transitions ?"}]},{"@type":"WebSite","@id":"https:\/\/uhfp.centre-inffo.fr\/2023\/#website","url":"https:\/\/uhfp.centre-inffo.fr\/2023\/","name":"18e Universit\u00e9 d&#039;Hiver de la Formation Professionnelle","description":"Comp\u00e9tences 2030 : r\u00e9ussir ensemble les transitions ! - Du 25 au 27 janvier 2023, \u00e0 Cannes","publisher":{"@id":"https:\/\/uhfp.centre-inffo.fr\/2023\/#organization"},"potentialAction":[{"@type":"SearchAction","target":{"@type":"EntryPoint","urlTemplate":"https:\/\/uhfp.centre-inffo.fr\/2023\/?s={search_term_string}"},"query-input":"required name=search_term_string"}],"inLanguage":"fr-FR"},{"@type":"Organization","@id":"https:\/\/uhfp.centre-inffo.fr\/2023\/#organization","name":"Centre Inffo","url":"https:\/\/uhfp.centre-inffo.fr\/2023\/","logo":{"@type":"ImageObject","inLanguage":"fr-FR","@id":"https:\/\/uhfp.centre-inffo.fr\/2023\/#\/schema\/logo\/image\/","url":"","contentUrl":"","caption":"Centre Inffo"},"image":{"@id":"https:\/\/uhfp.centre-inffo.fr\/2023\/#\/schema\/logo\/image\/"},"sameAs":["https:\/\/www.facebook.com\/centreinffo","https:\/\/twitter.com\/centreinffo","https:\/\/www.linkedin.com\/company\/centre-inffo\/","https:\/\/www.youtube.com\/user\/centreinffo"]}]}},"_links":{"self":[{"href":"https:\/\/uhfp.centre-inffo.fr\/2023\/wp-json\/wp\/v2\/pages\/4465"}],"collection":[{"href":"https:\/\/uhfp.centre-inffo.fr\/2023\/wp-json\/wp\/v2\/pages"}],"about":[{"href":"https:\/\/uhfp.centre-inffo.fr\/2023\/wp-json\/wp\/v2\/types\/page"}],"author":[{"embeddable":true,"href":"https:\/\/uhfp.centre-inffo.fr\/2023\/wp-json\/wp\/v2\/users\/1"}],"replies":[{"embeddable":true,"href":"https:\/\/uhfp.centre-inffo.fr\/2023\/wp-json\/wp\/v2\/comments?post=4465"}],"version-history":[{"count":9,"href":"https:\/\/uhfp.centre-inffo.fr\/2023\/wp-json\/wp\/v2\/pages\/4465\/revisions"}],"predecessor-version":[{"id":5225,"href":"https:\/\/uhfp.centre-inffo.fr\/2023\/wp-json\/wp\/v2\/pages\/4465\/revisions\/5225"}],"wp:attachment":[{"href":"https:\/\/uhfp.centre-inffo.fr\/2023\/wp-json\/wp\/v2\/media?parent=4465"}],"wp:term":[{"taxonomy":"category","embeddable":true,"href":"https:\/\/uhfp.centre-inffo.fr\/2023\/wp-json\/wp\/v2\/categories?post=4465"},{"taxonomy":"post_tag","embeddable":true,"href":"https:\/\/uhfp.centre-inffo.fr\/2023\/wp-json\/wp\/v2\/tags?post=4465"},{"taxonomy":"wf_page_folders","embeddable":true,"href":"https:\/\/uhfp.centre-inffo.fr\/2023\/wp-json\/wp\/v2\/wf_page_folders?post=4465"}],"curies":[{"name":"wp","href":"https:\/\/api.w.org\/{rel}","templated":true}]}}