{"id":4470,"date":"2023-01-06T12:15:23","date_gmt":"2023-01-06T11:15:23","guid":{"rendered":"https:\/\/uhfp.centre-inffo.fr\/2023\/?page_id=4470"},"modified":"2023-02-06T15:58:33","modified_gmt":"2023-02-06T14:58:33","slug":"c4-29-at-hybridaction-un-cadre-national-pour-soutenir-et-accompagner-lhybridation-de-la-formation","status":"publish","type":"page","link":"https:\/\/uhfp.centre-inffo.fr\/2023\/c4-29-at-hybridaction-un-cadre-national-pour-soutenir-et-accompagner-lhybridation-de-la-formation\/","title":{"rendered":"C4.29 AT &#8211; Hybrid&rsquo;Action : un cadre national pour soutenir et accompagner l\u2019hybridation de la formation"},"content":{"rendered":"\n<div class=\"wp-block-columns is-layout-flex wp-container-5\">\n<div class=\"wp-block-column is-layout-flow\">\n<div class=\"wp-block-buttons is-content-justification-right is-layout-flex wp-container-1\">\n<div class=\"wp-block-button\"><a class=\"wp-block-button__link wp-element-button\" href=\"\/2023\/wp-content\/uploads\/2023\/02\/C4.29-AT.pdf\">T\u00e9l\u00e9charger la pr\u00e9sentation (.pdf)<\/a><\/div>\n<\/div>\n<\/div>\n\n\n\n<div class=\"wp-block-column is-layout-flow\">\n<div class=\"wp-block-buttons is-layout-flex\">\n<div class=\"wp-block-button\"><a class=\"wp-block-button__link wp-element-button\" href=\"\/2023\/wp-content\/uploads\/2023\/02\/C4.29-AT-Retour.pdf\">T\u00e9l\u00e9charger le retour sur atelier (.pdf)<\/a><\/div>\n<\/div>\n<\/div>\n<\/div>\n\n\n\n<hr class=\"wp-block-separator has-alpha-channel-opacity\"\/>\n\n\n<p class=\"x_MsoNormal\">L&rsquo;heure n&rsquo;est plus \u00e0 s&rsquo;interroger sur le \u00ab\u00a0pourquoi\u00a0\u00bb de l&rsquo;hybridation et de la digitalisation de la formation, la question du \u00ab\u00a0comment\u00a0\u00bb est d\u00e9sormais omnipr\u00e9sente, tant dans les structures de formation que chez les financeurs de cette transformation.<\/p>\n<p class=\"x_MsoNormal\">Quelles actions mener alors pour faciliter l&rsquo;hybridation de la formation ?<br \/>Le FFFOD vous propose de participer \u00e0 un atelier d&rsquo;intelligence collective au cours duquel nous produirons 20 actions concr\u00e8tes facilitant l&rsquo;hybridation de la formation.<\/p>\n<p class=\"x_MsoNormal\">L&rsquo;atelier sera cl\u00f4tur\u00e9 par une d\u00e9monstration d&rsquo;Hybrid&rsquo;Action, le cadre national de r\u00e9f\u00e9rence pour accompagner l\u2019hybridation de la formation<br \/>Hybrid&rsquo;Action a \u00e9t\u00e9 con\u00e7u en \u00e9troite concertation avec les acteurs repr\u00e9sentatifs de l\u2019\u00e9cosyst\u00e8me (financeurs publics, OPCO, OF, CFA, branches professionnelles\u2026 ). Ensemble, ils ont d\u00e9fini les \u00e9tapes constitutives d\u2019une d\u00e9marche de transformation et d\u2019hybridation de la formation et construit une bo\u00eete \u00e0 outils pour accompagner chaque \u00e9tape.<br \/>Par ailleurs, des retours d\u2019exp\u00e9rience, un glossaire, un guide de lecture\u00a0 viennent apporter des \u00e9clairages crois\u00e9s et compl\u00e9mentaires pour favoriser l\u2019appropriation par chacun de la d\u00e9marche de transformation.<\/p>\n<p class=\"x_MsoNormal\">A l&rsquo;issue de l&rsquo;atelier, les actions co-produites et toutes les informations sur Hybrid&rsquo;Action vous seront adress\u00e9es.<\/p>\n<h3>Intervenants<\/h3>\n<ul>\n<li><a href=\"\/2023\/bolle\/\">Aur\u00e9lia Boll\u00e9<\/a> &#8211; D\u00e9l\u00e9gu\u00e9e g\u00e9n\u00e9rale, FFFOD<\/li>\n<li><a href=\"\/2023\/peuvrier\/\">Jean-Luc Peuvrier<\/a> &#8211; Pr\u00e9sident, Stratice<\/li>\n<li><a href=\"\/2023\/ruiz\/\">Jo\u00ebl Ruiz<\/a> &#8211; Pr\u00e9sident, FFFOD<\/li>\n<\/ul>","protected":false},"excerpt":{"rendered":"<p>L&rsquo;heure n&rsquo;est plus \u00e0 s&rsquo;interroger sur le \u00ab\u00a0pourquoi\u00a0\u00bb de l&rsquo;hybridation et de la digitalisation de la formation, la question du \u00ab\u00a0comment\u00a0\u00bb est d\u00e9sormais omnipr\u00e9sente, tant dans les structures de formation &hellip; <\/p>\n","protected":false},"author":1,"featured_media":0,"parent":0,"menu_order":0,"comment_status":"closed","ping_status":"closed","template":"","meta":[],"categories":[40,38],"tags":[],"wf_page_folders":[87],"acf":[],"yoast_head":"<!-- This site is optimized with the Yoast SEO plugin v20.3 - https:\/\/yoast.com\/wordpress\/plugins\/seo\/ -->\n<title>C4.29 AT - Hybrid&#039;Action : un cadre national pour soutenir et accompagner l\u2019hybridation de la formation - 18e Universit\u00e9 d&#039;Hiver de la Formation Professionnelle<\/title>\n<meta name=\"robots\" content=\"index, follow, max-snippet:-1, max-image-preview:large, max-video-preview:-1\" \/>\n<link rel=\"canonical\" href=\"https:\/\/uhfp.centre-inffo.fr\/2023\/c4-29-at-hybridaction-un-cadre-national-pour-soutenir-et-accompagner-lhybridation-de-la-formation\/\" \/>\n<meta property=\"og:locale\" content=\"fr_FR\" \/>\n<meta property=\"og:type\" content=\"article\" \/>\n<meta property=\"og:title\" content=\"C4.29 AT - Hybrid&#039;Action : un cadre national pour soutenir et accompagner l\u2019hybridation de la formation - 18e Universit\u00e9 d&#039;Hiver de la Formation Professionnelle\" \/>\n<meta property=\"og:description\" content=\"L&rsquo;heure n&rsquo;est plus \u00e0 s&rsquo;interroger sur le \u00ab\u00a0pourquoi\u00a0\u00bb de l&rsquo;hybridation et de la digitalisation de la formation, la question du \u00ab\u00a0comment\u00a0\u00bb est d\u00e9sormais omnipr\u00e9sente, tant dans les structures de formation &hellip;\" \/>\n<meta property=\"og:url\" content=\"https:\/\/uhfp.centre-inffo.fr\/2023\/c4-29-at-hybridaction-un-cadre-national-pour-soutenir-et-accompagner-lhybridation-de-la-formation\/\" \/>\n<meta property=\"og:site_name\" content=\"18e Universit\u00e9 d&#039;Hiver de la Formation Professionnelle\" \/>\n<meta property=\"article:publisher\" content=\"https:\/\/www.facebook.com\/centreinffo\" \/>\n<meta property=\"article:modified_time\" content=\"2023-02-06T14:58:33+00:00\" \/>\n<meta name=\"twitter:card\" content=\"summary_large_image\" \/>\n<meta name=\"twitter:site\" content=\"@centreinffo\" \/>\n<meta name=\"twitter:label1\" content=\"Dur\u00e9e de lecture estim\u00e9e\" \/>\n\t<meta name=\"twitter:data1\" content=\"2 minutes\" \/>\n<script type=\"application\/ld+json\" class=\"yoast-schema-graph\">{\"@context\":\"https:\/\/schema.org\",\"@graph\":[{\"@type\":\"WebPage\",\"@id\":\"https:\/\/uhfp.centre-inffo.fr\/2023\/c4-29-at-hybridaction-un-cadre-national-pour-soutenir-et-accompagner-lhybridation-de-la-formation\/\",\"url\":\"https:\/\/uhfp.centre-inffo.fr\/2023\/c4-29-at-hybridaction-un-cadre-national-pour-soutenir-et-accompagner-lhybridation-de-la-formation\/\",\"name\":\"C4.29 AT - Hybrid'Action : un cadre national pour soutenir et accompagner l\u2019hybridation de la formation - 18e Universit\u00e9 d&#039;Hiver de la Formation Professionnelle\",\"isPartOf\":{\"@id\":\"https:\/\/uhfp.centre-inffo.fr\/2023\/#website\"},\"datePublished\":\"2023-01-06T11:15:23+00:00\",\"dateModified\":\"2023-02-06T14:58:33+00:00\",\"breadcrumb\":{\"@id\":\"https:\/\/uhfp.centre-inffo.fr\/2023\/c4-29-at-hybridaction-un-cadre-national-pour-soutenir-et-accompagner-lhybridation-de-la-formation\/#breadcrumb\"},\"inLanguage\":\"fr-FR\",\"potentialAction\":[{\"@type\":\"ReadAction\",\"target\":[\"https:\/\/uhfp.centre-inffo.fr\/2023\/c4-29-at-hybridaction-un-cadre-national-pour-soutenir-et-accompagner-lhybridation-de-la-formation\/\"]}]},{\"@type\":\"BreadcrumbList\",\"@id\":\"https:\/\/uhfp.centre-inffo.fr\/2023\/c4-29-at-hybridaction-un-cadre-national-pour-soutenir-et-accompagner-lhybridation-de-la-formation\/#breadcrumb\",\"itemListElement\":[{\"@type\":\"ListItem\",\"position\":1,\"name\":\"Accueil\",\"item\":\"https:\/\/uhfp.centre-inffo.fr\/2023\/\"},{\"@type\":\"ListItem\",\"position\":2,\"name\":\"Programme\",\"item\":\"https:\/\/uhfp.centre-inffo.fr\/2023\/rubrique\/programme\/\"},{\"@type\":\"ListItem\",\"position\":3,\"name\":\"Jeudi 26 janvier\",\"item\":\"https:\/\/uhfp.centre-inffo.fr\/2023\/rubrique\/programme\/jeudi-26-janvier\/\"},{\"@type\":\"ListItem\",\"position\":4,\"name\":\"C4.29 AT &#8211; Hybrid&rsquo;Action : un cadre national pour soutenir et accompagner l\u2019hybridation de la formation\"}]},{\"@type\":\"WebSite\",\"@id\":\"https:\/\/uhfp.centre-inffo.fr\/2023\/#website\",\"url\":\"https:\/\/uhfp.centre-inffo.fr\/2023\/\",\"name\":\"18e Universit\u00e9 d&#039;Hiver de la Formation Professionnelle\",\"description\":\"Comp\u00e9tences 2030 : r\u00e9ussir ensemble les transitions ! - Du 25 au 27 janvier 2023, \u00e0 Cannes\",\"publisher\":{\"@id\":\"https:\/\/uhfp.centre-inffo.fr\/2023\/#organization\"},\"potentialAction\":[{\"@type\":\"SearchAction\",\"target\":{\"@type\":\"EntryPoint\",\"urlTemplate\":\"https:\/\/uhfp.centre-inffo.fr\/2023\/?s={search_term_string}\"},\"query-input\":\"required name=search_term_string\"}],\"inLanguage\":\"fr-FR\"},{\"@type\":\"Organization\",\"@id\":\"https:\/\/uhfp.centre-inffo.fr\/2023\/#organization\",\"name\":\"Centre Inffo\",\"url\":\"https:\/\/uhfp.centre-inffo.fr\/2023\/\",\"logo\":{\"@type\":\"ImageObject\",\"inLanguage\":\"fr-FR\",\"@id\":\"https:\/\/uhfp.centre-inffo.fr\/2023\/#\/schema\/logo\/image\/\",\"url\":\"\",\"contentUrl\":\"\",\"caption\":\"Centre Inffo\"},\"image\":{\"@id\":\"https:\/\/uhfp.centre-inffo.fr\/2023\/#\/schema\/logo\/image\/\"},\"sameAs\":[\"https:\/\/www.facebook.com\/centreinffo\",\"https:\/\/twitter.com\/centreinffo\",\"https:\/\/www.linkedin.com\/company\/centre-inffo\/\",\"https:\/\/www.youtube.com\/user\/centreinffo\"]}]}<\/script>\n<!-- \/ Yoast SEO plugin. -->","yoast_head_json":{"title":"C4.29 AT - Hybrid'Action : un cadre national pour soutenir et accompagner l\u2019hybridation de la formation - 18e Universit\u00e9 d&#039;Hiver de la Formation Professionnelle","robots":{"index":"index","follow":"follow","max-snippet":"max-snippet:-1","max-image-preview":"max-image-preview:large","max-video-preview":"max-video-preview:-1"},"canonical":"https:\/\/uhfp.centre-inffo.fr\/2023\/c4-29-at-hybridaction-un-cadre-national-pour-soutenir-et-accompagner-lhybridation-de-la-formation\/","og_locale":"fr_FR","og_type":"article","og_title":"C4.29 AT - Hybrid'Action : un cadre national pour soutenir et accompagner l\u2019hybridation de la formation - 18e Universit\u00e9 d&#039;Hiver de la Formation Professionnelle","og_description":"L&rsquo;heure n&rsquo;est plus \u00e0 s&rsquo;interroger sur le \u00ab\u00a0pourquoi\u00a0\u00bb de l&rsquo;hybridation et de la digitalisation de la formation, la question du \u00ab\u00a0comment\u00a0\u00bb est d\u00e9sormais omnipr\u00e9sente, tant dans les structures de formation &hellip;","og_url":"https:\/\/uhfp.centre-inffo.fr\/2023\/c4-29-at-hybridaction-un-cadre-national-pour-soutenir-et-accompagner-lhybridation-de-la-formation\/","og_site_name":"18e Universit\u00e9 d&#039;Hiver de la Formation Professionnelle","article_publisher":"https:\/\/www.facebook.com\/centreinffo","article_modified_time":"2023-02-06T14:58:33+00:00","twitter_card":"summary_large_image","twitter_site":"@centreinffo","twitter_misc":{"Dur\u00e9e de lecture estim\u00e9e":"2 minutes"},"schema":{"@context":"https:\/\/schema.org","@graph":[{"@type":"WebPage","@id":"https:\/\/uhfp.centre-inffo.fr\/2023\/c4-29-at-hybridaction-un-cadre-national-pour-soutenir-et-accompagner-lhybridation-de-la-formation\/","url":"https:\/\/uhfp.centre-inffo.fr\/2023\/c4-29-at-hybridaction-un-cadre-national-pour-soutenir-et-accompagner-lhybridation-de-la-formation\/","name":"C4.29 AT - Hybrid'Action : un cadre national pour soutenir et accompagner l\u2019hybridation de la formation - 18e Universit\u00e9 d&#039;Hiver de la Formation Professionnelle","isPartOf":{"@id":"https:\/\/uhfp.centre-inffo.fr\/2023\/#website"},"datePublished":"2023-01-06T11:15:23+00:00","dateModified":"2023-02-06T14:58:33+00:00","breadcrumb":{"@id":"https:\/\/uhfp.centre-inffo.fr\/2023\/c4-29-at-hybridaction-un-cadre-national-pour-soutenir-et-accompagner-lhybridation-de-la-formation\/#breadcrumb"},"inLanguage":"fr-FR","potentialAction":[{"@type":"ReadAction","target":["https:\/\/uhfp.centre-inffo.fr\/2023\/c4-29-at-hybridaction-un-cadre-national-pour-soutenir-et-accompagner-lhybridation-de-la-formation\/"]}]},{"@type":"BreadcrumbList","@id":"https:\/\/uhfp.centre-inffo.fr\/2023\/c4-29-at-hybridaction-un-cadre-national-pour-soutenir-et-accompagner-lhybridation-de-la-formation\/#breadcrumb","itemListElement":[{"@type":"ListItem","position":1,"name":"Accueil","item":"https:\/\/uhfp.centre-inffo.fr\/2023\/"},{"@type":"ListItem","position":2,"name":"Programme","item":"https:\/\/uhfp.centre-inffo.fr\/2023\/rubrique\/programme\/"},{"@type":"ListItem","position":3,"name":"Jeudi 26 janvier","item":"https:\/\/uhfp.centre-inffo.fr\/2023\/rubrique\/programme\/jeudi-26-janvier\/"},{"@type":"ListItem","position":4,"name":"C4.29 AT &#8211; Hybrid&rsquo;Action : un cadre national pour soutenir et accompagner l\u2019hybridation de la formation"}]},{"@type":"WebSite","@id":"https:\/\/uhfp.centre-inffo.fr\/2023\/#website","url":"https:\/\/uhfp.centre-inffo.fr\/2023\/","name":"18e Universit\u00e9 d&#039;Hiver de la Formation Professionnelle","description":"Comp\u00e9tences 2030 : r\u00e9ussir ensemble les transitions ! - Du 25 au 27 janvier 2023, \u00e0 Cannes","publisher":{"@id":"https:\/\/uhfp.centre-inffo.fr\/2023\/#organization"},"potentialAction":[{"@type":"SearchAction","target":{"@type":"EntryPoint","urlTemplate":"https:\/\/uhfp.centre-inffo.fr\/2023\/?s={search_term_string}"},"query-input":"required name=search_term_string"}],"inLanguage":"fr-FR"},{"@type":"Organization","@id":"https:\/\/uhfp.centre-inffo.fr\/2023\/#organization","name":"Centre Inffo","url":"https:\/\/uhfp.centre-inffo.fr\/2023\/","logo":{"@type":"ImageObject","inLanguage":"fr-FR","@id":"https:\/\/uhfp.centre-inffo.fr\/2023\/#\/schema\/logo\/image\/","url":"","contentUrl":"","caption":"Centre Inffo"},"image":{"@id":"https:\/\/uhfp.centre-inffo.fr\/2023\/#\/schema\/logo\/image\/"},"sameAs":["https:\/\/www.facebook.com\/centreinffo","https:\/\/twitter.com\/centreinffo","https:\/\/www.linkedin.com\/company\/centre-inffo\/","https:\/\/www.youtube.com\/user\/centreinffo"]}]}},"_links":{"self":[{"href":"https:\/\/uhfp.centre-inffo.fr\/2023\/wp-json\/wp\/v2\/pages\/4470"}],"collection":[{"href":"https:\/\/uhfp.centre-inffo.fr\/2023\/wp-json\/wp\/v2\/pages"}],"about":[{"href":"https:\/\/uhfp.centre-inffo.fr\/2023\/wp-json\/wp\/v2\/types\/page"}],"author":[{"embeddable":true,"href":"https:\/\/uhfp.centre-inffo.fr\/2023\/wp-json\/wp\/v2\/users\/1"}],"replies":[{"embeddable":true,"href":"https:\/\/uhfp.centre-inffo.fr\/2023\/wp-json\/wp\/v2\/comments?post=4470"}],"version-history":[{"count":8,"href":"https:\/\/uhfp.centre-inffo.fr\/2023\/wp-json\/wp\/v2\/pages\/4470\/revisions"}],"predecessor-version":[{"id":5994,"href":"https:\/\/uhfp.centre-inffo.fr\/2023\/wp-json\/wp\/v2\/pages\/4470\/revisions\/5994"}],"wp:attachment":[{"href":"https:\/\/uhfp.centre-inffo.fr\/2023\/wp-json\/wp\/v2\/media?parent=4470"}],"wp:term":[{"taxonomy":"category","embeddable":true,"href":"https:\/\/uhfp.centre-inffo.fr\/2023\/wp-json\/wp\/v2\/categories?post=4470"},{"taxonomy":"post_tag","embeddable":true,"href":"https:\/\/uhfp.centre-inffo.fr\/2023\/wp-json\/wp\/v2\/tags?post=4470"},{"taxonomy":"wf_page_folders","embeddable":true,"href":"https:\/\/uhfp.centre-inffo.fr\/2023\/wp-json\/wp\/v2\/wf_page_folders?post=4470"}],"curies":[{"name":"wp","href":"https:\/\/api.w.org\/{rel}","templated":true}]}}