{"version":"1.0","provider_name":"19e Universit\u00e9 d&#039;Hiver de la Formation Professionnelle","provider_url":"https:\/\/uhfp.centre-inffo.fr\/2025","author_name":"Centre Inffo","author_url":"https:\/\/uhfp.centre-inffo.fr\/2025\/author\/e-patrick\/","title":"Aur\u00e9lia Boll\u00e9 - 19e Universit\u00e9 d&#039;Hiver de la Formation Professionnelle","type":"rich","width":600,"height":338,"html":"<blockquote class=\"wp-embedded-content\" data-secret=\"QyhL8Ctzmu\"><a href=\"https:\/\/uhfp.centre-inffo.fr\/2025\/aurelia-bolle\/\">Aur\u00e9lia Boll\u00e9<\/a><\/blockquote><iframe sandbox=\"allow-scripts\" security=\"restricted\" src=\"https:\/\/uhfp.centre-inffo.fr\/2025\/aurelia-bolle\/embed\/#?secret=QyhL8Ctzmu\" width=\"600\" height=\"338\" title=\"\u00ab\u00a0Aur\u00e9lia Boll\u00e9\u00a0\u00bb &#8212; 19e Universit\u00e9 d&#039;Hiver de la Formation Professionnelle\" data-secret=\"QyhL8Ctzmu\" frameborder=\"0\" marginwidth=\"0\" marginheight=\"0\" scrolling=\"no\" class=\"wp-embedded-content\"><\/iframe><script>\n\/*! This file is auto-generated *\/\n!function(d,l){\"use strict\";l.querySelector&&d.addEventListener&&\"undefined\"!=typeof URL&&(d.wp=d.wp||{},d.wp.receiveEmbedMessage||(d.wp.receiveEmbedMessage=function(e){var t=e.data;if((t||t.secret||t.message||t.value)&&!\/[^a-zA-Z0-9]\/.test(t.secret)){for(var s,r,n,a=l.querySelectorAll('iframe[data-secret=\"'+t.secret+'\"]'),o=l.querySelectorAll('blockquote[data-secret=\"'+t.secret+'\"]'),c=new RegExp(\"^https?:$\",\"i\"),i=0;i<o.length;i++)o[i].style.display=\"none\";for(i=0;i<a.length;i++)s=a[i],e.source===s.contentWindow&&(s.removeAttribute(\"style\"),\"height\"===t.message?(1e3<(r=parseInt(t.value,10))?r=1e3:~~r<200&&(r=200),s.height=r):\"link\"===t.message&&(r=new URL(s.getAttribute(\"src\")),n=new URL(t.value),c.test(n.protocol))&&n.host===r.host&&l.activeElement===s&&(d.top.location.href=t.value))}},d.addEventListener(\"message\",d.wp.receiveEmbedMessage,!1),l.addEventListener(\"DOMContentLoaded\",function(){for(var e,t,s=l.querySelectorAll(\"iframe.wp-embedded-content\"),r=0;r<s.length;r++)(t=(e=s[r]).getAttribute(\"data-secret\"))||(t=Math.random().toString(36).substring(2,12),e.src+=\"#?secret=\"+t,e.setAttribute(\"data-secret\",t)),e.contentWindow.postMessage({message:\"ready\",secret:t},\"*\")},!1)))}(window,document);\n<\/script>\n","thumbnail_url":"https:\/\/uhfp.centre-inffo.fr\/2025\/wp-content\/uploads\/2025\/01\/bolle.jpg","thumbnail_width":600,"thumbnail_height":600,"description":"D\u00e9l\u00e9gu\u00e9e g\u00e9n\u00e9rale d&rsquo;AINOA (ex FFFOD) depuis 2017, j&rsquo;anime un collectif de plus de 200 repr\u00e9sentants du monde de la formation (prestataires de formation, financeurs, prescripteurs, organisations professionnelles, conseils, \u00e9diteurs de logiciels \u2026) tous impliqu\u00e9s dans le d\u00e9veloppement du num\u00e9rique au service de la formation et de l&rsquo;innovation p\u00e9dagogique. Interventions"}