{"id":7382,"date":"2023-01-18T10:01:00","date_gmt":"2023-01-18T09:01:00","guid":{"rendered":"https:\/\/uhfp.centre-inffo.fr\/2025\/?page_id=7382"},"modified":"2025-01-07T10:09:38","modified_gmt":"2025-01-07T09:09:38","slug":"gwenola-martin","status":"publish","type":"page","link":"https:\/\/uhfp.centre-inffo.fr\/2025\/gwenola-martin\/","title":{"rendered":"Gwenola\u00a0Martin"},"content":{"rendered":"\n<hr class=\"wp-block-separator has-alpha-channel-opacity\"\/>\n\n\n\n<p>Gwenola Martin-Gonzalez est dipl\u00f4m\u00e9e de Sciences-Po Rennes et de l\u2019Institut National des \u00c9tudes Territoriales. Administratrice territoriale, elle a exerc\u00e9 pendant pr\u00e8s de 15 ans dans des collectivit\u00e9s en \u00cele-de-France, dans le Finist\u00e8re et \u00e0 Toulouse, o\u00f9 elle a occup\u00e9 des postes de direction et direction g\u00e9n\u00e9rale, notamment au Conseil d\u00e9partemental du Finist\u00e8re et \u00e0 la M\u00e9tropole de Toulouse.<\/p>\n\n\n\n<p>En 2015, elle rejoint la Caisse des D\u00e9p\u00f4ts pour d\u00e9velopper une offre d\u2019ing\u00e9nierie territoriale \u00e0 la Banque des Territoires, avant d\u2019\u00eatre nomm\u00e9e sous-directrice des ressources humaines du Groupe en 2019. Depuis d\u00e9cembre 2023, elle dirige la formation professionnelle et les comp\u00e9tences, pilotant des mandats d\u2019\u00c9tat cl\u00e9s : Mon Compte Formation, le Compte Engagement Citoyen, le Compte \u00c9lus, la plateforme Agora pour l\u2019\u00e9change de donn\u00e9es entre financeurs, l\u2019outil SOLT\u00e9A pour la r\u00e9partition de la taxe d\u2019apprentissage, ainsi que le passeport de comp\u00e9tences et le passeport de pr\u00e9vention.<\/p>\n\n\n\n<h2 class=\"wp-block-heading\">Intervention<\/h2>\n\n\n\n<ul>\n<li><strong><em>E53.3TR<\/em><\/strong><br><a href=\"https:\/\/uhfp.centre-inffo.fr\/2025\/qualite-de-la-formation-10-ans-apres-ou-en-est-on\/\">Qualit\u00e9 de la formation : 10 ans apr\u00e8s, o\u00f9 en est-on ?<\/a><\/li>\n<\/ul>\n","protected":false},"excerpt":{"rendered":"<p>Gwenola Martin-Gonzalez est dipl\u00f4m\u00e9e de Sciences-Po Rennes et de l\u2019Institut National des \u00c9tudes Territoriales. Administratrice territoriale, elle a exerc\u00e9 pendant pr\u00e8s de 15 ans dans des collectivit\u00e9s en \u00cele-de-France, dans le Finist\u00e8re et \u00e0 Toulouse, o\u00f9 elle a occup\u00e9 des postes de direction et direction g\u00e9n\u00e9rale, notamment au Conseil d\u00e9partemental du Finist\u00e8re et \u00e0 la &#8230; <a title=\"Gwenola\u00a0Martin\" class=\"read-more\" href=\"https:\/\/uhfp.centre-inffo.fr\/2025\/gwenola-martin\/\" aria-label=\"Read more about Gwenola\u00a0Martin\">Lire la suite<\/a><\/p>\n","protected":false},"author":2,"featured_media":7384,"parent":0,"menu_order":0,"comment_status":"closed","ping_status":"closed","template":"","meta":{"_acf_changed":false,"footnotes":""},"categories":[9],"tags":[],"acf":[],"yoast_head":"<!-- This site is optimized with the Yoast SEO plugin v22.4 - https:\/\/yoast.com\/wordpress\/plugins\/seo\/ -->\n<title>Gwenola\u00a0Martin - 19e Universit\u00e9 d&#039;Hiver de la Formation Professionnelle<\/title>\n<meta name=\"robots\" content=\"index, follow, max-snippet:-1, max-image-preview:large, max-video-preview:-1\" \/>\n<link rel=\"canonical\" href=\"https:\/\/uhfp.centre-inffo.fr\/2025\/gwenola-martin\/\" \/>\n<meta property=\"og:locale\" content=\"fr_FR\" \/>\n<meta property=\"og:type\" content=\"article\" \/>\n<meta property=\"og:title\" content=\"Gwenola\u00a0Martin - 19e Universit\u00e9 d&#039;Hiver de la Formation Professionnelle\" \/>\n<meta property=\"og:description\" content=\"Gwenola Martin-Gonzalez est dipl\u00f4m\u00e9e de Sciences-Po Rennes et de l\u2019Institut National des \u00c9tudes Territoriales. Administratrice territoriale, elle a exerc\u00e9 pendant pr\u00e8s de 15 ans dans des collectivit\u00e9s en \u00cele-de-France, dans le Finist\u00e8re et \u00e0 Toulouse, o\u00f9 elle a occup\u00e9 des postes de direction et direction g\u00e9n\u00e9rale, notamment au Conseil d\u00e9partemental du Finist\u00e8re et \u00e0 la ... Lire la suite\" \/>\n<meta property=\"og:url\" content=\"https:\/\/uhfp.centre-inffo.fr\/2025\/gwenola-martin\/\" \/>\n<meta property=\"og:site_name\" content=\"19e Universit\u00e9 d&#039;Hiver de la Formation Professionnelle\" \/>\n<meta property=\"article:publisher\" content=\"https:\/\/www.facebook.com\/centreinffo\" \/>\n<meta property=\"article:modified_time\" content=\"2025-01-07T09:09:38+00:00\" \/>\n<meta property=\"og:image\" content=\"https:\/\/uhfp.centre-inffo.fr\/2025\/wp-content\/uploads\/2025\/01\/martin.jpg\" \/>\n\t<meta property=\"og:image:width\" content=\"600\" \/>\n\t<meta property=\"og:image:height\" content=\"600\" \/>\n\t<meta property=\"og:image:type\" content=\"image\/jpeg\" \/>\n<meta name=\"twitter:card\" content=\"summary_large_image\" \/>\n<meta name=\"twitter:site\" content=\"@centreinffo\" \/>\n<meta name=\"twitter:label1\" content=\"Dur\u00e9e de lecture estim\u00e9e\" \/>\n\t<meta name=\"twitter:data1\" content=\"1 minute\" \/>\n<script type=\"application\/ld+json\" class=\"yoast-schema-graph\">{\"@context\":\"https:\/\/schema.org\",\"@graph\":[{\"@type\":\"WebPage\",\"@id\":\"https:\/\/uhfp.centre-inffo.fr\/2025\/gwenola-martin\/\",\"url\":\"https:\/\/uhfp.centre-inffo.fr\/2025\/gwenola-martin\/\",\"name\":\"Gwenola\u00a0Martin - 19e Universit\u00e9 d&#039;Hiver de la Formation Professionnelle\",\"isPartOf\":{\"@id\":\"https:\/\/uhfp.centre-inffo.fr\/2025\/#website\"},\"primaryImageOfPage\":{\"@id\":\"https:\/\/uhfp.centre-inffo.fr\/2025\/gwenola-martin\/#primaryimage\"},\"image\":{\"@id\":\"https:\/\/uhfp.centre-inffo.fr\/2025\/gwenola-martin\/#primaryimage\"},\"thumbnailUrl\":\"https:\/\/uhfp.centre-inffo.fr\/2025\/wp-content\/uploads\/2025\/01\/martin.jpg\",\"datePublished\":\"2023-01-18T09:01:00+00:00\",\"dateModified\":\"2025-01-07T09:09:38+00:00\",\"breadcrumb\":{\"@id\":\"https:\/\/uhfp.centre-inffo.fr\/2025\/gwenola-martin\/#breadcrumb\"},\"inLanguage\":\"fr-FR\",\"potentialAction\":[{\"@type\":\"ReadAction\",\"target\":[\"https:\/\/uhfp.centre-inffo.fr\/2025\/gwenola-martin\/\"]}]},{\"@type\":\"ImageObject\",\"inLanguage\":\"fr-FR\",\"@id\":\"https:\/\/uhfp.centre-inffo.fr\/2025\/gwenola-martin\/#primaryimage\",\"url\":\"https:\/\/uhfp.centre-inffo.fr\/2025\/wp-content\/uploads\/2025\/01\/martin.jpg\",\"contentUrl\":\"https:\/\/uhfp.centre-inffo.fr\/2025\/wp-content\/uploads\/2025\/01\/martin.jpg\",\"width\":600,\"height\":600},{\"@type\":\"BreadcrumbList\",\"@id\":\"https:\/\/uhfp.centre-inffo.fr\/2025\/gwenola-martin\/#breadcrumb\",\"itemListElement\":[{\"@type\":\"ListItem\",\"position\":1,\"name\":\"Accueil\",\"item\":\"https:\/\/uhfp.centre-inffo.fr\/2025\/\"},{\"@type\":\"ListItem\",\"position\":2,\"name\":\"Intervenants\",\"item\":\"https:\/\/uhfp.centre-inffo.fr\/2025\/rubrique\/intervenants\/\"},{\"@type\":\"ListItem\",\"position\":3,\"name\":\"Gwenola\u00a0Martin\"}]},{\"@type\":\"WebSite\",\"@id\":\"https:\/\/uhfp.centre-inffo.fr\/2025\/#website\",\"url\":\"https:\/\/uhfp.centre-inffo.fr\/2025\/\",\"name\":\"19e Universit\u00e9 d'Hiver de la Formation Professionnelle\",\"description\":\"Du 22 au 24 janvier 2025, au Palais des Festivals de Cannes\",\"publisher\":{\"@id\":\"https:\/\/uhfp.centre-inffo.fr\/2025\/#organization\"},\"alternateName\":\"19e UHFP\",\"potentialAction\":[{\"@type\":\"SearchAction\",\"target\":{\"@type\":\"EntryPoint\",\"urlTemplate\":\"https:\/\/uhfp.centre-inffo.fr\/2025\/?s={search_term_string}\"},\"query-input\":\"required name=search_term_string\"}],\"inLanguage\":\"fr-FR\"},{\"@type\":\"Organization\",\"@id\":\"https:\/\/uhfp.centre-inffo.fr\/2025\/#organization\",\"name\":\"Centre Inffo\",\"url\":\"https:\/\/uhfp.centre-inffo.fr\/2025\/\",\"logo\":{\"@type\":\"ImageObject\",\"inLanguage\":\"fr-FR\",\"@id\":\"https:\/\/uhfp.centre-inffo.fr\/2025\/#\/schema\/logo\/image\/\",\"url\":\"https:\/\/uhfp.centre-inffo.fr\/2025\/wp-content\/uploads\/2024\/02\/logo-19e-uhfp.png\",\"contentUrl\":\"https:\/\/uhfp.centre-inffo.fr\/2025\/wp-content\/uploads\/2024\/02\/logo-19e-uhfp.png\",\"width\":842,\"height\":595,\"caption\":\"Centre Inffo\"},\"image\":{\"@id\":\"https:\/\/uhfp.centre-inffo.fr\/2025\/#\/schema\/logo\/image\/\"},\"sameAs\":[\"https:\/\/www.facebook.com\/centreinffo\",\"https:\/\/twitter.com\/centreinffo\",\"https:\/\/www.linkedin.com\/company\/centre-inffo\/\",\"https:\/\/www.youtube.com\/user\/centreinffo\"]}]}<\/script>\n<!-- \/ Yoast SEO plugin. -->","yoast_head_json":{"title":"Gwenola\u00a0Martin - 19e Universit\u00e9 d&#039;Hiver de la Formation Professionnelle","robots":{"index":"index","follow":"follow","max-snippet":"max-snippet:-1","max-image-preview":"max-image-preview:large","max-video-preview":"max-video-preview:-1"},"canonical":"https:\/\/uhfp.centre-inffo.fr\/2025\/gwenola-martin\/","og_locale":"fr_FR","og_type":"article","og_title":"Gwenola\u00a0Martin - 19e Universit\u00e9 d&#039;Hiver de la Formation Professionnelle","og_description":"Gwenola Martin-Gonzalez est dipl\u00f4m\u00e9e de Sciences-Po Rennes et de l\u2019Institut National des \u00c9tudes Territoriales. Administratrice territoriale, elle a exerc\u00e9 pendant pr\u00e8s de 15 ans dans des collectivit\u00e9s en \u00cele-de-France, dans le Finist\u00e8re et \u00e0 Toulouse, o\u00f9 elle a occup\u00e9 des postes de direction et direction g\u00e9n\u00e9rale, notamment au Conseil d\u00e9partemental du Finist\u00e8re et \u00e0 la ... Lire la suite","og_url":"https:\/\/uhfp.centre-inffo.fr\/2025\/gwenola-martin\/","og_site_name":"19e Universit\u00e9 d&#039;Hiver de la Formation Professionnelle","article_publisher":"https:\/\/www.facebook.com\/centreinffo","article_modified_time":"2025-01-07T09:09:38+00:00","og_image":[{"width":600,"height":600,"url":"https:\/\/uhfp.centre-inffo.fr\/2025\/wp-content\/uploads\/2025\/01\/martin.jpg","type":"image\/jpeg"}],"twitter_card":"summary_large_image","twitter_site":"@centreinffo","twitter_misc":{"Dur\u00e9e de lecture estim\u00e9e":"1 minute"},"schema":{"@context":"https:\/\/schema.org","@graph":[{"@type":"WebPage","@id":"https:\/\/uhfp.centre-inffo.fr\/2025\/gwenola-martin\/","url":"https:\/\/uhfp.centre-inffo.fr\/2025\/gwenola-martin\/","name":"Gwenola\u00a0Martin - 19e Universit\u00e9 d&#039;Hiver de la Formation Professionnelle","isPartOf":{"@id":"https:\/\/uhfp.centre-inffo.fr\/2025\/#website"},"primaryImageOfPage":{"@id":"https:\/\/uhfp.centre-inffo.fr\/2025\/gwenola-martin\/#primaryimage"},"image":{"@id":"https:\/\/uhfp.centre-inffo.fr\/2025\/gwenola-martin\/#primaryimage"},"thumbnailUrl":"https:\/\/uhfp.centre-inffo.fr\/2025\/wp-content\/uploads\/2025\/01\/martin.jpg","datePublished":"2023-01-18T09:01:00+00:00","dateModified":"2025-01-07T09:09:38+00:00","breadcrumb":{"@id":"https:\/\/uhfp.centre-inffo.fr\/2025\/gwenola-martin\/#breadcrumb"},"inLanguage":"fr-FR","potentialAction":[{"@type":"ReadAction","target":["https:\/\/uhfp.centre-inffo.fr\/2025\/gwenola-martin\/"]}]},{"@type":"ImageObject","inLanguage":"fr-FR","@id":"https:\/\/uhfp.centre-inffo.fr\/2025\/gwenola-martin\/#primaryimage","url":"https:\/\/uhfp.centre-inffo.fr\/2025\/wp-content\/uploads\/2025\/01\/martin.jpg","contentUrl":"https:\/\/uhfp.centre-inffo.fr\/2025\/wp-content\/uploads\/2025\/01\/martin.jpg","width":600,"height":600},{"@type":"BreadcrumbList","@id":"https:\/\/uhfp.centre-inffo.fr\/2025\/gwenola-martin\/#breadcrumb","itemListElement":[{"@type":"ListItem","position":1,"name":"Accueil","item":"https:\/\/uhfp.centre-inffo.fr\/2025\/"},{"@type":"ListItem","position":2,"name":"Intervenants","item":"https:\/\/uhfp.centre-inffo.fr\/2025\/rubrique\/intervenants\/"},{"@type":"ListItem","position":3,"name":"Gwenola\u00a0Martin"}]},{"@type":"WebSite","@id":"https:\/\/uhfp.centre-inffo.fr\/2025\/#website","url":"https:\/\/uhfp.centre-inffo.fr\/2025\/","name":"19e Universit\u00e9 d'Hiver de la Formation Professionnelle","description":"Du 22 au 24 janvier 2025, au Palais des Festivals de Cannes","publisher":{"@id":"https:\/\/uhfp.centre-inffo.fr\/2025\/#organization"},"alternateName":"19e UHFP","potentialAction":[{"@type":"SearchAction","target":{"@type":"EntryPoint","urlTemplate":"https:\/\/uhfp.centre-inffo.fr\/2025\/?s={search_term_string}"},"query-input":"required name=search_term_string"}],"inLanguage":"fr-FR"},{"@type":"Organization","@id":"https:\/\/uhfp.centre-inffo.fr\/2025\/#organization","name":"Centre Inffo","url":"https:\/\/uhfp.centre-inffo.fr\/2025\/","logo":{"@type":"ImageObject","inLanguage":"fr-FR","@id":"https:\/\/uhfp.centre-inffo.fr\/2025\/#\/schema\/logo\/image\/","url":"https:\/\/uhfp.centre-inffo.fr\/2025\/wp-content\/uploads\/2024\/02\/logo-19e-uhfp.png","contentUrl":"https:\/\/uhfp.centre-inffo.fr\/2025\/wp-content\/uploads\/2024\/02\/logo-19e-uhfp.png","width":842,"height":595,"caption":"Centre Inffo"},"image":{"@id":"https:\/\/uhfp.centre-inffo.fr\/2025\/#\/schema\/logo\/image\/"},"sameAs":["https:\/\/www.facebook.com\/centreinffo","https:\/\/twitter.com\/centreinffo","https:\/\/www.linkedin.com\/company\/centre-inffo\/","https:\/\/www.youtube.com\/user\/centreinffo"]}]}},"_links":{"self":[{"href":"https:\/\/uhfp.centre-inffo.fr\/2025\/wp-json\/wp\/v2\/pages\/7382"}],"collection":[{"href":"https:\/\/uhfp.centre-inffo.fr\/2025\/wp-json\/wp\/v2\/pages"}],"about":[{"href":"https:\/\/uhfp.centre-inffo.fr\/2025\/wp-json\/wp\/v2\/types\/page"}],"author":[{"embeddable":true,"href":"https:\/\/uhfp.centre-inffo.fr\/2025\/wp-json\/wp\/v2\/users\/2"}],"replies":[{"embeddable":true,"href":"https:\/\/uhfp.centre-inffo.fr\/2025\/wp-json\/wp\/v2\/comments?post=7382"}],"version-history":[{"count":1,"href":"https:\/\/uhfp.centre-inffo.fr\/2025\/wp-json\/wp\/v2\/pages\/7382\/revisions"}],"predecessor-version":[{"id":7383,"href":"https:\/\/uhfp.centre-inffo.fr\/2025\/wp-json\/wp\/v2\/pages\/7382\/revisions\/7383"}],"wp:featuredmedia":[{"embeddable":true,"href":"https:\/\/uhfp.centre-inffo.fr\/2025\/wp-json\/wp\/v2\/media\/7384"}],"wp:attachment":[{"href":"https:\/\/uhfp.centre-inffo.fr\/2025\/wp-json\/wp\/v2\/media?parent=7382"}],"wp:term":[{"taxonomy":"category","embeddable":true,"href":"https:\/\/uhfp.centre-inffo.fr\/2025\/wp-json\/wp\/v2\/categories?post=7382"},{"taxonomy":"post_tag","embeddable":true,"href":"https:\/\/uhfp.centre-inffo.fr\/2025\/wp-json\/wp\/v2\/tags?post=7382"}],"curies":[{"name":"wp","href":"https:\/\/api.w.org\/{rel}","templated":true}]}}